{"id":20090,"date":"2024-11-28T12:40:16","date_gmt":"2024-11-28T11:40:16","guid":{"rendered":"https:\/\/www.fcapa-valencia.org\/?page_id=20090"},"modified":"2025-03-03T15:10:19","modified_gmt":"2025-03-03T14:10:19","slug":"formacion-2024-2025","status":"publish","type":"page","link":"https:\/\/www.fcapa-valencia.org\/ca\/formacion-2024-2025\/","title":{"rendered":"Formaci\u00f3n 2024-2025"},"content":{"rendered":"<div id='av_section_1'  class='avia-section av-fu1zdz-9944a014b53b03616029cfbab47d9c76 main_color avia-section-default avia-no-border-styling  avia-builder-el-0  el_before_av_section  avia-builder-el-first  avia-bg-style-scroll container_wrap fullsize'  ><div class='container av-section-cont-open' ><main  role=\"main\" itemprop=\"mainContentOfPage\"  class='template-page content  av-content-full alpha units'><div class='post-entry post-entry-type-page post-entry-20090'><div class='entry-content-wrapper clearfix'>\n\n<style type=\"text\/css\" data-created_by=\"avia_inline_auto\" id=\"style-css-av-4cwg4lz-a1ec852997c51a0d2ada29680f540646\">\n#top .hr.hr-invisible.av-4cwg4lz-a1ec852997c51a0d2ada29680f540646{\nheight:10px;\n}\n<\/style>\n<div  class='hr av-4cwg4lz-a1ec852997c51a0d2ada29680f540646 hr-invisible  avia-builder-el-1  el_before_av_heading  avia-builder-el-first  av-desktop-hide av-medium-hide'><span class='hr-inner'><span class=\"hr-inner-style\"><\/span><\/span><\/div>\n\n<style type=\"text\/css\" data-created_by=\"avia_inline_auto\" id=\"style-css-av-4a77edj-611ee89adbbfb05cc62bc5e245203a6c\">\n#top .av-special-heading.av-4a77edj-611ee89adbbfb05cc62bc5e245203a6c{\npadding-bottom:10px;\n}\nbody .av-special-heading.av-4a77edj-611ee89adbbfb05cc62bc5e245203a6c .av-special-heading-tag .heading-char{\nfont-size:25px;\n}\n.av-special-heading.av-4a77edj-611ee89adbbfb05cc62bc5e245203a6c .av-subheading{\nfont-size:15px;\n}\n<\/style>\n<div  class='av-special-heading av-4a77edj-611ee89adbbfb05cc62bc5e245203a6c av-special-heading-h1 blockquote modern-quote modern-centered  avia-builder-el-2  el_after_av_hr  el_before_av_hr'><h1 class='av-special-heading-tag'  itemprop=\"headline\"  >Cursos i xarrades de formaci\u00f3 <\/h1><div class=\"special-heading-border\"><div class=\"special-heading-inner-border\"><\/div><\/div><\/div>\n\n<style type=\"text\/css\" data-created_by=\"avia_inline_auto\" id=\"style-css-av-49hy6w7-a9b97abc5d564e599d52794956b443af\">\n#top .hr.av-49hy6w7-a9b97abc5d564e599d52794956b443af{\nmargin-top:30px;\nmargin-bottom:30px;\n}\n.hr.av-49hy6w7-a9b97abc5d564e599d52794956b443af .hr-inner{\nwidth:50px;\nborder-color:#83a846;\n}\n<\/style>\n<div  class='hr av-49hy6w7-a9b97abc5d564e599d52794956b443af hr-custom  avia-builder-el-3  el_after_av_heading  el_before_av_one_fourth  hr-center hr-icon-no'><span class='hr-inner inner-border-av-border-fat'><span class=\"hr-inner-style\"><\/span><\/span><\/div>\n<div  class='flex_column av-46yo853-f776b14740a56d8f32a15c4d4c91cef8 av_one_fourth  avia-builder-el-4  el_after_av_hr  el_before_av_one_half  first flex_column_div'     ><\/div><div  class='flex_column av-f1ke3b-abd9c21a759ecc54fe337403a510e370 av_one_half  avia-builder-el-5  el_after_av_one_fourth  el_before_av_one_fourth  flex_column_div av-animated-generic bottom-to-top'     ><p>\n<style type=\"text\/css\" data-created_by=\"avia_inline_auto\" id=\"style-css-av-43qcron-f9f9a32651c628bdd246ad815f48639c\">\n#top .av-special-heading.av-43qcron-f9f9a32651c628bdd246ad815f48639c{\npadding-bottom:10px;\n}\nbody .av-special-heading.av-43qcron-f9f9a32651c628bdd246ad815f48639c .av-special-heading-tag .heading-char{\nfont-size:25px;\n}\n.av-special-heading.av-43qcron-f9f9a32651c628bdd246ad815f48639c .av-subheading{\nfont-size:15px;\n}\n<\/style>\n<div  class='av-special-heading av-43qcron-f9f9a32651c628bdd246ad815f48639c av-special-heading-h3 blockquote modern-quote modern-centered  avia-builder-el-6  el_before_av_toggle_container  avia-builder-el-first'><h3 class='av-special-heading-tag'  itemprop=\"headline\"  >FOMENT I MILLORA DE LA LECTURA<\/h3><div class=\"special-heading-border\"><div class=\"special-heading-inner-border\"><\/div><\/div><\/div><br \/>\n\n<style type=\"text\/css\" data-created_by=\"avia_inline_auto\" id=\"style-css-av-42k4a13-f0503f77084b36357774fc3f92875bb2\">\n#top .togglecontainer.av-42k4a13-f0503f77084b36357774fc3f92875bb2 p.toggler{\ncolor:#898989;\nbackground-color:#ffffff;\nborder-color:#ffffff;\n}\n#top .togglecontainer.av-42k4a13-f0503f77084b36357774fc3f92875bb2 p.toggler .toggle_icon{\ncolor:#ffffff;\nborder-color:#ffffff;\n}\n#top .togglecontainer.av-42k4a13-f0503f77084b36357774fc3f92875bb2 p.toggler .toggle_icon > span{\ncolor:#ffffff;\nborder-color:#ffffff;\n}\n#top .togglecontainer.av-42k4a13-f0503f77084b36357774fc3f92875bb2 .toggle_wrap .toggle_content{\ncolor:#898989;\nbackground-color:#ffffff;\nborder-color:#ffffff;\n}\n<\/style>\n<div  class='togglecontainer av-42k4a13-f0503f77084b36357774fc3f92875bb2  avia-builder-el-7  el_after_av_heading  el_before_av_hr  toggle_close_all' >\n<section class='av_toggle_section av-40tkh7r-a22c78c297758348418e552c10bf88c0'  itemscope=\"itemscope\" itemtype=\"https:\/\/schema.org\/CreativeWork\" ><div role=\"tablist\" class=\"single_toggle\" data-tags=\"{All} {1} \"  ><p data-fake-id='#toggle-id-1' class='toggler   av-inherit-border-color'  itemprop=\"headline\"  role='tab' tabindex='0' aria-controls='toggle-id-1'><strong>Com ajudar els nostres fills a trobar i mantindre la motivaci\u00f3 (v\u00eddeo en castell\u00e0)<\/strong><img src=\"https:\/\/www.fcapa-valencia.org\/wp-content\/uploads\/2023\/05\/loguito2.png\"  \/> <span class=\"toggle_icon\"><span class=\"vert_icon\"><\/span><span class=\"hor_icon\"><\/span><\/span><\/p><div id='toggle-id-1' class='toggle_wrap'  ><div class='toggle_content invers-color av-inherit-border-color'  itemprop=\"text\" ><p><em>Contingut<\/em><\/p>\n<ol>\n<li>La motivaci\u00f3:\n<ol>\n<li>Qu\u00e8 \u00e9s?,Qu\u00e8 ens motiva i per qu\u00e8?, Com es motiva?<\/li>\n<\/ol>\n<\/li>\n<li>Els principals trets de personalitat.<\/li>\n<li>Difer\u00e8ncies b\u00e0siques segons edats.<\/li>\n<li>Motivaci\u00f3 personalitzada:\n<ol>\n<li>Compet\u00e8ncies a desenrotllar per a motivar.<\/li>\n<li>Com motivar a cada fill?<\/li>\n<\/ol>\n<\/li>\n<li>Ferramentes educatives per a motivar.<\/li>\n<\/ol>\n<div class='avia-iframe-wrap'><iframe loading=\"lazy\" title=\"Com ajudar els nostres fills a trobar i mantindre la motivaci\u00f3 (v\u00eddeo en castell\u00e0)\" width=\"1500\" height=\"844\" src=\"https:\/\/www.youtube.com\/embed\/jtwIdS9mLkI?feature=oembed\" frameborder=\"0\" allow=\"accelerometer; autoplay; clipboard-write; encrypted-media; gyroscope; picture-in-picture; web-share\" referrerpolicy=\"strict-origin-when-cross-origin\" allowfullscreen><\/iframe><\/div>\n<\/div><\/div><\/div><\/section>\n<section class='av_toggle_section av-3xv8oaf-e5929e37aa5a2ad244c60b33b2f26b8c'  itemscope=\"itemscope\" itemtype=\"https:\/\/schema.org\/CreativeWork\" ><div role=\"tablist\" class=\"single_toggle\" data-tags=\"{All} \"  ><p data-fake-id='#toggle-id-2' class='toggler   av-inherit-border-color'  itemprop=\"headline\"  role='tab' tabindex='0' aria-controls='toggle-id-2'><strong>La parla en la inf\u00e0ncia i la lectura falda<\/strong><span class=\"toggle_icon\"><span class=\"vert_icon\"><\/span><span class=\"hor_icon\"><\/span><\/span><\/p><div id='toggle-id-2' class='toggle_wrap'  ><div class='toggle_content invers-color av-inherit-border-color'  itemprop=\"text\" ><\/div><\/div><\/div><\/section>\n<section class='av_toggle_section av-3w1erxj-05399ef6bf8acb9060e93862d2dc2a4a'  itemscope=\"itemscope\" itemtype=\"https:\/\/schema.org\/CreativeWork\" ><div role=\"tablist\" class=\"single_toggle\" data-tags=\"{All} \"  ><p data-fake-id='#toggle-id-3' class='toggler   av-inherit-border-color'  itemprop=\"headline\"  role='tab' tabindex='0' aria-controls='toggle-id-3'><strong>La import\u00e0ncia de la lectura en el desenrotllament del xiquet<\/strong><span class=\"toggle_icon\"><span class=\"vert_icon\"><\/span><span class=\"hor_icon\"><\/span><\/span><\/p><div id='toggle-id-3' class='toggle_wrap'  ><div class='toggle_content invers-color av-inherit-border-color'  itemprop=\"text\" ><p><em>Contingut <\/em><\/p>\n<ol>\n<li>El cervell en desenrotllament (0-18 anys):\n<ol>\n<li>Canvis cerebrals en xiquets normals versus xiquets lectors.<\/li>\n<\/ol>\n<\/li>\n<li>Tipus de lectura:\n<ol>\n<li>Compartida, oral, subvocal, r\u00e0pida, seq\u00fcencial, \u2026.<\/li>\n<\/ol>\n<\/li>\n<li>Beneficis de la lectura.<\/li>\n<li>Fomentar l'inter\u00e9s de la lectura en xiquets a trav\u00e9s de pel\u00b7l\u00edcules:\n<ol>\n<li>Clau: entendre + identificar-se amb el protagonista + vehicle per a viure hist\u00f2ries incre\u00efbles.<\/li>\n<li>Pel\u00b7l\u00edcules que fomenten la lectura.<\/li>\n<\/ol>\n<\/li>\n<\/ol>\n<\/div><\/div><\/div><\/section>\n<section class='av_toggle_section av-3ub9jt3-d052aa150b47cbf438a2dc455a4ca4b2'  itemscope=\"itemscope\" itemtype=\"https:\/\/schema.org\/CreativeWork\" ><div role=\"tablist\" class=\"single_toggle\" data-tags=\"{All} \"  ><p data-fake-id='#toggle-id-4' class='toggler   av-inherit-border-color'  itemprop=\"headline\"  role='tab' tabindex='0' aria-controls='toggle-id-4'><strong>Mejora de las habilidades lectoras en ni\u00f1os con trastornos del leguaje y del habla<\/strong><span class=\"toggle_icon\"><span class=\"vert_icon\"><\/span><span class=\"hor_icon\"><\/span><\/span><\/p><div id='toggle-id-4' class='toggle_wrap'  ><div class='toggle_content invers-color av-inherit-border-color'  itemprop=\"text\" ><p><em>Contingut<\/em><\/p>\n<ol>\n<li>Establecer marco conceptual de las dificultades de lectura. Cabe diferenciar entre las dificultades en la adquisici\u00f3n de la lectura y la dislexia.<\/li>\n<li>Establecer marco conceptual de los trastornos de habla y lenguaje.<\/li>\n<li>Relacionar los trastornos del habla y del lenguaje con las dificultades en la adquisici\u00f3n de la lectura. De manera que se evidencie que muchas de las dificultades en la adquisici\u00f3n de la lectoescritura tienen como base un trastorno en la adquisici\u00f3n del lenguaje<\/li>\n<li>Mejorar en proceso lector a trav\u00e9s de la intervenci\u00f3n en las dificultades de habla y de lenguaje. Dotar al docente de diferentes estrategias metodol\u00f3gicas y herramientas tecnol\u00f3gicas.<\/li>\n<\/ol>\n<\/div><\/div><\/div><\/section>\n<section class='av_toggle_section av-3ry7s1j-26bd7bb1931b98d48853e4b487092356'  itemscope=\"itemscope\" itemtype=\"https:\/\/schema.org\/CreativeWork\" ><div role=\"tablist\" class=\"single_toggle\" data-tags=\"{All} \"  ><p data-fake-id='#toggle-id-5' class='toggler   av-inherit-border-color'  itemprop=\"headline\"  role='tab' tabindex='0' aria-controls='toggle-id-5'><strong>El meu fill no llig, qu\u00e8 puc fer? (v\u00eddeo en castell\u00e0)<\/strong><img src=\"https:\/\/www.fcapa-valencia.org\/wp-content\/uploads\/2023\/05\/loguito2.png\"  \/> <span class=\"toggle_icon\"><span class=\"vert_icon\"><\/span><span class=\"hor_icon\"><\/span><\/span><\/p><div id='toggle-id-5' class='toggle_wrap'  ><div class='toggle_content invers-color av-inherit-border-color'  itemprop=\"text\" ><p><em>Contingut<\/em>:<\/p>\n<ol>\n<li>Els beneficis pr\u00e0ctics de la lectura.<\/li>\n<li>Consells pr\u00e0ctics per a motivar a la lectura per edats (des de 0 a 18 anys).<\/li>\n<li>Consells pr\u00e0ctics generals per a aconseguir una fam\u00edlia aficionada a la lectura.<\/li>\n<li>Ebook, comics o llibre en paper?<\/li>\n<li>Llibres amb valors versus llibres t\u00f2xics.<\/li>\n<li>Com trobar llibres alineats amb els valors que vols educar?<\/li>\n<\/ol>\n<div class='avia-iframe-wrap'><iframe loading=\"lazy\" title=\"El meu fill no llig, qu\u00e8 puc fer? (v\u00eddeo en castell\u00e0)\" width=\"1500\" height=\"844\" src=\"https:\/\/www.youtube.com\/embed\/RK0H4-2YWrw?feature=oembed\" frameborder=\"0\" allow=\"accelerometer; autoplay; clipboard-write; encrypted-media; gyroscope; picture-in-picture; web-share\" referrerpolicy=\"strict-origin-when-cross-origin\" allowfullscreen><\/iframe><\/div>\n<p style=\"text-align: center;\">\n<\/div><\/div><\/div><\/section>\n<\/div><br \/>\n\n<style type=\"text\/css\" data-created_by=\"avia_inline_auto\" id=\"style-css-av-2t70wtz-2c0a74bd8149f220dbff54c80783be94\">\n#top .hr.hr-invisible.av-2t70wtz-2c0a74bd8149f220dbff54c80783be94{\nheight:25px;\n}\n<\/style>\n<div  class='hr av-2t70wtz-2c0a74bd8149f220dbff54c80783be94 hr-invisible  avia-builder-el-8  el_after_av_toggle_container  avia-builder-el-last'><span class='hr-inner'><span class=\"hr-inner-style\"><\/span><\/span><\/div><\/p><\/div><div  class='flex_column av-3qo0yxj-d8057b2ce2de69f941fe57044dd464dc av_one_fourth  avia-builder-el-9  el_after_av_one_half  el_before_av_one_fourth  flex_column_div'     ><\/div><div  class='flex_column av-3ptgsg7-ec3e49a48076422bb6c6372dc389377a av_one_fourth  avia-builder-el-10  el_after_av_one_fourth  el_before_av_one_half  first flex_column_div  column-top-margin'     ><\/div><div  class='flex_column av-24xzq7r-cde11b49eb4c30275c45ee056f3c1f54 av_one_half  avia-builder-el-11  el_after_av_one_fourth  el_before_av_one_fourth  flex_column_div av-animated-generic fade-in  column-top-margin'     ><p>\n<style type=\"text\/css\" data-created_by=\"avia_inline_auto\" id=\"style-css-av-23i7vg7-9b4d556a7a3e747d4ca8bae9632a1a67\">\n#top .av-special-heading.av-23i7vg7-9b4d556a7a3e747d4ca8bae9632a1a67{\npadding-bottom:10px;\n}\nbody .av-special-heading.av-23i7vg7-9b4d556a7a3e747d4ca8bae9632a1a67 .av-special-heading-tag .heading-char{\nfont-size:25px;\n}\n.av-special-heading.av-23i7vg7-9b4d556a7a3e747d4ca8bae9632a1a67 .av-subheading{\nfont-size:15px;\n}\n<\/style>\n<div  class='av-special-heading av-23i7vg7-9b4d556a7a3e747d4ca8bae9632a1a67 av-special-heading-h3 blockquote modern-quote modern-centered  avia-builder-el-12  el_before_av_toggle_container  avia-builder-el-first'><h3 class='av-special-heading-tag'  itemprop=\"headline\"  >PARTICIPACI\u00d3 I COL\u00b7LABORACI\u00d3 FAM\u00cdLIA \u2013 ESCOLA<\/h3><div class=\"special-heading-border\"><div class=\"special-heading-inner-border\"><\/div><\/div><\/div><br \/>\n\n<style type=\"text\/css\" data-created_by=\"avia_inline_auto\" id=\"style-css-av-21bafs7-34147ad4d7c262bbc8c9e9633874d8ca\">\n#top .togglecontainer.av-21bafs7-34147ad4d7c262bbc8c9e9633874d8ca p.toggler{\ncolor:#898989;\nbackground-color:#ffffff;\nborder-color:#ffffff;\n}\n#top .togglecontainer.av-21bafs7-34147ad4d7c262bbc8c9e9633874d8ca p.toggler .toggle_icon{\ncolor:#ffffff;\nborder-color:#ffffff;\n}\n#top .togglecontainer.av-21bafs7-34147ad4d7c262bbc8c9e9633874d8ca p.toggler .toggle_icon > span{\ncolor:#ffffff;\nborder-color:#ffffff;\n}\n#top .togglecontainer.av-21bafs7-34147ad4d7c262bbc8c9e9633874d8ca .toggle_wrap .toggle_content{\ncolor:#898989;\nbackground-color:#ffffff;\nborder-color:#ffffff;\n}\n<\/style>\n<div  class='togglecontainer av-21bafs7-34147ad4d7c262bbc8c9e9633874d8ca  avia-builder-el-13  el_after_av_heading  el_before_av_hr  toggle_close_all' >\n<section class='av_toggle_section av-1vrtkzb-082903201b61339c0335f74f976a5e20'  itemscope=\"itemscope\" itemtype=\"https:\/\/schema.org\/CreativeWork\" ><div role=\"tablist\" class=\"single_toggle\" data-tags=\"{All} \"  ><p data-fake-id='#toggle-id-6' class='toggler   av-inherit-border-color'  itemprop=\"headline\"  role='tab' tabindex='0' aria-controls='toggle-id-6'><strong>Bases per a una correcta alimentaci\u00f3 i prevenci\u00f3 de trastorns de conducta aliment\u00e0ria<\/strong><span class=\"toggle_icon\"><span class=\"vert_icon\"><\/span><span class=\"hor_icon\"><\/span><\/span><\/p><div id='toggle-id-6' class='toggle_wrap'  ><div class='toggle_content invers-color av-inherit-border-color'  itemprop=\"text\" ><p><em>Contingut<\/em><\/p>\n<ul>\n<li>Concepte d'alimentaci\u00f3 saludable en el Segle XXI com econ\u00f2micament possible, necess\u00e0ria per a la salut i sostenible amb el medi ambient: argumentat amb evid\u00e8ncia cient\u00edfica i estudis.<\/li>\n<li>Recomanacions per a una alimentaci\u00f3 sana adaptada a les circumst\u00e0ncies personals: racions, caracter\u00edstiques dels aliments, freq\u00fc\u00e8ncia de consum, t\u00e8cniques culin\u00e0ries\u2026<\/li>\n<li>Recomanacions per a una vida activa saludable<\/li>\n<li>Detecci\u00f3 i maneig de la fam emocional<\/li>\n<li>Prevenci\u00f3 de trastorns de la conducta aliment\u00e0ria: per qu\u00e8 poden oc\u00f3rrer? com puc detectar-los? com parlar amb la fam\u00edlia? com previndre'ls? on podem derivar?<\/li>\n<\/ul>\n<\/div><\/div><\/div><\/section>\n<section class='av_toggle_section av-209dc9j-b214fefe4a09703049968c65ee2cedfc'  itemscope=\"itemscope\" itemtype=\"https:\/\/schema.org\/CreativeWork\" ><div role=\"tablist\" class=\"single_toggle\" data-tags=\"{All} \"  ><p data-fake-id='#toggle-id-7' class='toggler   av-inherit-border-color'  itemprop=\"headline\"  role='tab' tabindex='0' aria-controls='toggle-id-7'><strong>Com ajudar als nostres fills en els seus estudis<\/strong><span class=\"toggle_icon\"><span class=\"vert_icon\"><\/span><span class=\"hor_icon\"><\/span><\/span><\/p><div id='toggle-id-7' class='toggle_wrap'  ><div class='toggle_content invers-color av-inherit-border-color'  itemprop=\"text\" ><p><em>Contingut <\/em><\/p>\n<ol>\n<li>Qu\u00e8 s'ent\u00e9n per \u00e8xit escolar?<\/li>\n<li>El valor de l'estudi<\/li>\n<li>Coneixement dels nostres fills a nivell psicol\u00f2gic-emocional: El cervell. Psicologia evolutiva (inf\u00e0ncia i adolesc\u00e8ncia)<\/li>\n<li>H\u00e0bits d'estudi<\/li>\n<li>Estrat\u00e8gies per a treballar amb els nostres fills:\n<ol>\n<li>Horari<\/li>\n<li>Descans<\/li>\n<li>Alimentaci\u00f3<\/li>\n<li>Lloc d'estudi<\/li>\n<li>Rep\u00e0s<\/li>\n<\/ol>\n<\/li>\n<\/ol>\n<p style=\"text-align: center;\">\n<\/div><\/div><\/div><\/section>\n<section class='av_toggle_section av-1yr5lx3-fb85546d664e7e7dd6f25ee167add15b'  itemscope=\"itemscope\" itemtype=\"https:\/\/schema.org\/CreativeWork\" ><div role=\"tablist\" class=\"single_toggle\" data-tags=\"{All} \"  ><p data-fake-id='#toggle-id-8' class='toggler   av-inherit-border-color'  itemprop=\"headline\"  role='tab' tabindex='0' aria-controls='toggle-id-8'><strong>Dificultats en l'aprenentatge: la import\u00e0ncia de l'estimulaci\u00f3<\/strong><span class=\"toggle_icon\"><span class=\"vert_icon\"><\/span><span class=\"hor_icon\"><\/span><\/span><\/p><div id='toggle-id-8' class='toggle_wrap'  ><div class='toggle_content invers-color av-inherit-border-color'  itemprop=\"text\" ><p><em>Contingut<\/em><\/p>\n<ol>\n<li>Qu\u00e8 \u00e9s una dificultat d'aprenentatge?<\/li>\n<li>Quins poden ser les causes de la dificultat de l'aprenentatge?<\/li>\n<li>Caracter\u00edstiques dels xiquets amb dificultats d'aprenentatge.<\/li>\n<li>El meu fill t\u00e9 una dificultat per a aprendre qu\u00e8 faig?<\/li>\n<li>La import\u00e0ncia de l'estimulaci\u00f3 en l'aprenentatge:\n<ol>\n<li>Els l\u00edmits<\/li>\n<li>Els refor\u00e7os<\/li>\n<li>La comunicaci\u00f3 no verbal<\/li>\n<li>L'autoestima<\/li>\n<\/ol>\n<\/li>\n<\/ol>\n<\/div><\/div><\/div><\/section>\n<section class='av_toggle_section av-m3zwqo0y-deacb6f98bff4815a2f8e2469fc94d2d'  itemscope=\"itemscope\" itemtype=\"https:\/\/schema.org\/CreativeWork\" ><div role=\"tablist\" class=\"single_toggle\" data-tags=\"{All} \"  ><p data-fake-id='#toggle-id-9' class='toggler   av-inherit-border-color'  itemprop=\"headline\"  role='tab' tabindex='0' aria-controls='toggle-id-9'><strong>Educar sense temps<\/strong><span class=\"toggle_icon\"><span class=\"vert_icon\"><\/span><span class=\"hor_icon\"><\/span><\/span><\/p><div id='toggle-id-9' class='toggle_wrap'  ><div class='toggle_content invers-color av-inherit-border-color'  itemprop=\"text\" ><p><em>Contingut<\/em><\/p>\n<ol>\n<li>El m\u00e9s important de l'educaci\u00f3 als nostres fills: la seua felicitat<\/li>\n<li>Hiperpaternidad i sobreprotecci\u00f3: errors freq\u00fcents en l'educaci\u00f3 actual<\/li>\n<li>L'autonomia dels nostres fills<\/li>\n<li>L'autodomini dels nostres fills<\/li>\n<li>Educar amb alegria i pau<\/li>\n<li>Educar amb l'exemple<\/li>\n<\/ol>\n<\/div><\/div><\/div><\/section>\n<section class='av_toggle_section av-1wpoafr-c439d95635bf4ebbf082bee6985e19ed'  itemscope=\"itemscope\" itemtype=\"https:\/\/schema.org\/CreativeWork\" ><div role=\"tablist\" class=\"single_toggle\" data-tags=\"{All} \"  ><p data-fake-id='#toggle-id-10' class='toggler   av-inherit-border-color'  itemprop=\"headline\"  role='tab' tabindex='0' aria-controls='toggle-id-10'><strong>Fam\u00edlia i escola: com millorar la relaci\u00f3?<\/strong><span class=\"toggle_icon\"><span class=\"vert_icon\"><\/span><span class=\"hor_icon\"><\/span><\/span><\/p><div id='toggle-id-10' class='toggle_wrap'  ><div class='toggle_content invers-color av-inherit-border-color'  itemprop=\"text\" ><p><em>Contingut<\/em><\/p>\n<ol>\n<li>Evoluci\u00f3 de la fam\u00edlia<\/li>\n<li>Canvis socials que afecten la fam\u00edlia i les seues conseq\u00fc\u00e8ncies<\/li>\n<li>Incid\u00e8ncia de l'educaci\u00f3 familiar a l'escola<\/li>\n<li>L'educaci\u00f3 dels fills: Dret i deure dels pares<\/li>\n<li>Pares i mestres: una relaci\u00f3 de confian\u00e7a<\/li>\n<li>El principi de subsidiarietat<\/li>\n<li>La participaci\u00f3 dels pares en els centres escolars<\/li>\n<li>Mecanismes facilitadors de la participaci\u00f3 dels pares<\/li>\n<li>Relaci\u00f3 fam\u00edlia i escola: riscos i beneficis potencials<\/li>\n<\/ol>\n<\/div><\/div><\/div><\/section>\n<section class='av_toggle_section av-m3zww6w5-83c6d982d30fe1c2eeec8fdbcfdc0b2d'  itemscope=\"itemscope\" itemtype=\"https:\/\/schema.org\/CreativeWork\" ><div role=\"tablist\" class=\"single_toggle\" data-tags=\"{All} \"  ><p data-fake-id='#toggle-id-11' class='toggler   av-inherit-border-color'  itemprop=\"headline\"  role='tab' tabindex='0' aria-controls='toggle-id-11'><strong>Re_Conecta con tus hijos<\/strong><span class=\"toggle_icon\"><span class=\"vert_icon\"><\/span><span class=\"hor_icon\"><\/span><\/span><\/p><div id='toggle-id-11' class='toggle_wrap'  ><div class='toggle_content invers-color av-inherit-border-color'  itemprop=\"text\" ><p><em>Contingut<\/em><\/p>\n<ol>\n<li><strong>Generaci\u00f3n Z y contemporizaci\u00f3n:<\/strong><br \/>\no Los padres de hoy en d\u00eda deben comprender los desaf\u00edos que enfrenta la <strong>Generaci\u00f3n Z<\/strong>, especialmente en relaci\u00f3n a la tecnolog\u00eda. Esta generaci\u00f3n ha crecido en un entorno digital, donde la inmediatez de la informaci\u00f3n y la sobreexposici\u00f3n a redes sociales son la norma.<br \/>\no <strong>Contemporizaci\u00f3n:<\/strong> Ayudar a los padres a adaptarse y no rechazar de plano los intereses de sus hijos en el mundo digital, sino a buscar un equilibrio donde se fomente un uso responsable de la tecnolog\u00eda, al mismo tiempo que se mantiene una comunicaci\u00f3n abierta sobre los riesgos.<\/li>\n<li><strong>Fabricar un espacio seguro:<\/strong><br \/>\no Crear un entorno familiar que promueva el di\u00e1logo abierto es clave. Los adolescentes deben sentir que pueden hablar de cualquier tema sin temor a ser juzgados o castigados. Este espacio seguro permite que los hijos se sientan respaldados emocionalmente, facilitando conversaciones dif\u00edciles y fortaleciendo el apego familiar.<br \/>\no <strong>Prevenci\u00f3n de conductas adictivas<\/strong>: Un hogar con un fuerte sentido de apego y comunicaci\u00f3n abierta es un entorno protector que puede reducir significativamente las probabilidades de que los adolescentes desarrollen adicciones, ya sea tecnol\u00f3gicas, al consumo de sustancias o a conductas da\u00f1inas.<\/li>\n<li><strong>Aprendizaje vicario y asertividad:<\/strong><br \/>\no <strong>Aprendizaje vicario:<\/strong> Los adolescentes aprenden no solo de lo que se les dice, sino de lo que ven. Si los padres practican la asertividad, el respeto mutuo y la comunicaci\u00f3n efectiva en sus interacciones diarias, los hijos replicar\u00e1n estos comportamientos en sus propias relaciones.<br \/>\no <strong>An\u00e1lisis de medios:<\/strong> Los adolescentes est\u00e1n constantemente expuestos a la publicidad y los medios que promueven estilos de vida poco realistas o comportamientos de riesgo. Es crucial que los padres ayuden a sus hijos a desglosar y analizar estos mensajes, creando una mente cr\u00edtica ante la influencia de los medios.<\/li>\n<li><strong>Hablemos de\u2026 (Suicidio, RRSS, Pornograf\u00eda, etc.):<\/strong><br \/>\no Estos temas a menudo son evitados por los padres, pero son fundamentales en la vida de los adolescentes. Las redes sociales y la pornograf\u00eda, por ejemplo, pueden tener un impacto significativo en la percepci\u00f3n de los j\u00f3venes sobre s\u00ed mismos y sus relaciones. Los padres deben estar preparados para hablar de manera directa y comprensiva, proporcionando una base s\u00f3lida de informaci\u00f3n veraz y emocionalmente segura.<br \/>\no <strong>Prevenci\u00f3n de suicidio:<\/strong> Hablar de suicidio no debe ser un tema tab\u00fa en el hogar. Es importante que los padres est\u00e9n atentos a las se\u00f1ales de advertencia y mantengan un di\u00e1logo constante sobre la salud mental de sus hijos.<\/li>\n<li><strong>Juego de las etiquetas y asertividad:<\/strong><br \/>\no El <strong>juego de las etiquetas<\/strong> es una herramienta que permite a los adolescentes y padres trabajar juntos para identificar y comprender las etiquetas o expectativas que la sociedad, la familia o los amigos colocan sobre ellos. Este juego puede ayudar a liberar a los j\u00f3venes de las presiones externas y reforzar su sentido de identidad.<br \/>\no <strong>Concurso de asertividad:<\/strong> A trav\u00e9s de actividades interactivas, los padres pueden ense\u00f1ar a sus hijos a expresar sus necesidades y sentimientos de manera clara y sin confrontaci\u00f3n, una habilidad esencial en la prevenci\u00f3n de conflictos y problemas de comunicaci\u00f3n en el futuro.<\/li>\n<li><strong>Refuerzo del di\u00e1logo y m\u00e1s ejemplos:<\/strong><br \/>\no La comunicaci\u00f3n entre padres e hijos debe ser reforzada constantemente. Es importante ofrecer ejemplos concretos de c\u00f3mo abordar temas dif\u00edciles, as\u00ed como fomentar el di\u00e1logo continuo sobre el d\u00eda a d\u00eda de los adolescentes.<br \/>\no <strong>M\u00e1s di\u00e1logo:<\/strong> Cuanto m\u00e1s abiertos sean los canales de comunicaci\u00f3n, m\u00e1s f\u00e1cil ser\u00e1 prevenir conductas de riesgo y detectar problemas antes de que se agraven.<\/li>\n<\/ol>\n<\/div><\/div><\/div><\/section>\n<section class='av_toggle_section av-1tyxrh3-5a0bc2ccc2588112520967350510cfc6'  itemscope=\"itemscope\" itemtype=\"https:\/\/schema.org\/CreativeWork\" ><div role=\"tablist\" class=\"single_toggle\" data-tags=\"{All} \"  ><p data-fake-id='#toggle-id-12' class='toggler   av-inherit-border-color'  itemprop=\"headline\"  role='tab' tabindex='0' aria-controls='toggle-id-12'><strong>Taller d'alimentaci\u00f3 saludable: recomanacions nutricionals i planificaci\u00f3 de men\u00fas personalitzats (v\u00eddeo en castell\u00e0)<\/strong><img src=\"https:\/\/www.fcapa-valencia.org\/wp-content\/uploads\/2023\/05\/loguito2.png\"  \/> <span class=\"toggle_icon\"><span class=\"vert_icon\"><\/span><span class=\"hor_icon\"><\/span><\/span><\/p><div id='toggle-id-12' class='toggle_wrap'  ><div class='toggle_content invers-color av-inherit-border-color'  itemprop=\"text\" ><p><em>Contenidos:<\/em><\/p>\n<ul>\n<li>Recomanacions per a una alimentaci\u00f3 sana adaptada a les circumst\u00e0ncies personals: racions, caracter\u00edstiques dels aliments, freq\u00fc\u00e8ncia de consum\u2026<\/li>\n<li>Passos per a dissenyar un men\u00fa setmanal saludable adaptat a les circumst\u00e0ncies personals i\/o familiars.<\/li>\n<li>T\u00e8cniques culin\u00e0ries saludables. Cuina d'aprofitament. Batch cooking.<\/li>\n<\/ul>\n<div class='avia-iframe-wrap'><iframe loading=\"lazy\" title=\"Talleres de alimentaci\u00f3n y compra saludable\" width=\"1500\" height=\"844\" src=\"https:\/\/www.youtube.com\/embed\/91SzcNnECtg?feature=oembed\" frameborder=\"0\" allow=\"accelerometer; autoplay; clipboard-write; encrypted-media; gyroscope; picture-in-picture; web-share\" referrerpolicy=\"strict-origin-when-cross-origin\" allowfullscreen><\/iframe><\/div>\n<\/div><\/div><\/div><\/section>\n<section class='av_toggle_section av-1rs2993-653b7f0d0fb3c37fc088028f5d297898'  itemscope=\"itemscope\" itemtype=\"https:\/\/schema.org\/CreativeWork\" ><div role=\"tablist\" class=\"single_toggle\" data-tags=\"{All} \"  ><p data-fake-id='#toggle-id-13' class='toggler   av-inherit-border-color'  itemprop=\"headline\"  role='tab' tabindex='0' aria-controls='toggle-id-13'><strong>Taller de compra saludable i responsable: interpretaci\u00f3 de l'etiquetatge i protecci\u00f3 de la salut ambiental (v\u00eddeo en castell\u00e0)<\/strong><img src=\"https:\/\/www.fcapa-valencia.org\/wp-content\/uploads\/2023\/05\/loguito2.png\"  \/> <span class=\"toggle_icon\"><span class=\"vert_icon\"><\/span><span class=\"hor_icon\"><\/span><\/span><\/p><div id='toggle-id-13' class='toggle_wrap'  ><div class='toggle_content invers-color av-inherit-border-color'  itemprop=\"text\" ><p><em>Contenidos:<\/em><\/p>\n<ul>\n<li>Com fer la llista de la compra a partir del men\u00fa setmanal i no al rev\u00e9s. Compra ajustada a les necessitats reals<\/li>\n<li>Lectura i interpretaci\u00f3 d'etiquetes nutricionals<\/li>\n<li>Els edulcorants i altres additius.<\/li>\n<li>Nutrients cr\u00edtics: sucres lliures, greixos saturats, greixos trans, sal i aportaci\u00f3 cal\u00f2rica.<\/li>\n<li>Interpretaci\u00f3 de missatges nutricionals i an\u00e0lisi cr\u00edtica de la publicitat i el m\u00e0rqueting.<\/li>\n<li>El NutriScore i altres etiquetatges frontals.<\/li>\n<li>Pros i contres de les APP que analitzen l'etiquetatge.<\/li>\n<\/ul>\n<div class='avia-iframe-wrap'><iframe loading=\"lazy\" title=\"Talleres de alimentaci\u00f3n y compra saludable\" width=\"1500\" height=\"844\" src=\"https:\/\/www.youtube.com\/embed\/91SzcNnECtg?feature=oembed\" frameborder=\"0\" allow=\"accelerometer; autoplay; clipboard-write; encrypted-media; gyroscope; picture-in-picture; web-share\" referrerpolicy=\"strict-origin-when-cross-origin\" allowfullscreen><\/iframe><\/div>\n<p style=\"text-align: center;\">\n<\/div><\/div><\/div><\/section>\n<\/div><br \/>\n\n<style type=\"text\/css\" data-created_by=\"avia_inline_auto\" id=\"style-css-av-17iym4n-5901fdfaffab214c3053856062500fbb\">\n#top .hr.hr-invisible.av-17iym4n-5901fdfaffab214c3053856062500fbb{\nheight:25px;\n}\n<\/style>\n<div  class='hr av-17iym4n-5901fdfaffab214c3053856062500fbb hr-invisible  avia-builder-el-14  el_after_av_toggle_container  avia-builder-el-last'><span class='hr-inner'><span class=\"hr-inner-style\"><\/span><\/span><\/div><\/p><\/div><div  class='flex_column av-6478w7-434ae81bfdd13d2f84d3d85ffee31394 av_one_fourth  avia-builder-el-15  el_after_av_one_half  el_before_av_one_fourth  flex_column_div  column-top-margin'     ><\/div><div  class='flex_column av-3g8tbr-b50cd4474c70f53726cfd7ad171d1214 av_one_fourth  avia-builder-el-16  el_after_av_one_fourth  el_before_av_one_half  first flex_column_div  column-top-margin'     ><\/div><div  class='flex_column av-1m3h2nb-4a9c277cc0b72b1a5b71e5dde518e670 av_one_half  avia-builder-el-17  el_after_av_one_fourth  el_before_av_one_fourth  flex_column_div av-animated-generic bottom-to-top  column-top-margin'     ><p>\n<style type=\"text\/css\" data-created_by=\"avia_inline_auto\" id=\"style-css-av-1kp2qaf-0d0bbd1312a9b040a9846e78fac8c105\">\n#top .av-special-heading.av-1kp2qaf-0d0bbd1312a9b040a9846e78fac8c105{\npadding-bottom:10px;\n}\nbody .av-special-heading.av-1kp2qaf-0d0bbd1312a9b040a9846e78fac8c105 .av-special-heading-tag .heading-char{\nfont-size:25px;\n}\n.av-special-heading.av-1kp2qaf-0d0bbd1312a9b040a9846e78fac8c105 .av-subheading{\nfont-size:15px;\n}\n<\/style>\n<div  class='av-special-heading av-1kp2qaf-0d0bbd1312a9b040a9846e78fac8c105 av-special-heading-h3 blockquote modern-quote modern-centered  avia-builder-el-18  el_before_av_toggle_container  avia-builder-el-first'><h3 class='av-special-heading-tag'  itemprop=\"headline\"  >ALTRES TEM\u00c0TIQUES<\/h3><div class=\"special-heading-border\"><div class=\"special-heading-inner-border\"><\/div><\/div><\/div><br \/>\n\n<style type=\"text\/css\" data-created_by=\"avia_inline_auto\" id=\"style-css-av-1jpnnif-04940b301c8c68c7cd4f4cfd10a961a2\">\n#top .togglecontainer.av-1jpnnif-04940b301c8c68c7cd4f4cfd10a961a2 p.toggler{\ncolor:#898989;\nbackground-color:#ffffff;\nborder-color:#ffffff;\n}\n#top .togglecontainer.av-1jpnnif-04940b301c8c68c7cd4f4cfd10a961a2 p.toggler .toggle_icon{\ncolor:#ffffff;\nborder-color:#ffffff;\n}\n#top .togglecontainer.av-1jpnnif-04940b301c8c68c7cd4f4cfd10a961a2 p.toggler .toggle_icon > span{\ncolor:#ffffff;\nborder-color:#ffffff;\n}\n#top .togglecontainer.av-1jpnnif-04940b301c8c68c7cd4f4cfd10a961a2 .toggle_wrap .toggle_content{\ncolor:#898989;\nbackground-color:#ffffff;\nborder-color:#ffffff;\n}\n<\/style>\n<div  class='togglecontainer av-1jpnnif-04940b301c8c68c7cd4f4cfd10a961a2  avia-builder-el-19  el_after_av_heading  el_before_av_heading  toggle_close_all' >\n<section class='av_toggle_section av-1hs52x3-15fdc8c5eb733a92fa03cc83e0e20e09'  itemscope=\"itemscope\" itemtype=\"https:\/\/schema.org\/CreativeWork\" ><div role=\"tablist\" class=\"single_toggle\" data-tags=\"{All} \"  ><p data-fake-id='#toggle-id-14' class='toggler   av-inherit-border-color'  itemprop=\"headline\"  role='tab' tabindex='0' aria-controls='toggle-id-14'><strong>Gelosia entre germans: com ajudar-los<\/strong><img src=\"https:\/\/www.fcapa-valencia.org\/wp-content\/uploads\/2023\/05\/loguito2.png\"  \/> <span class=\"toggle_icon\"><span class=\"vert_icon\"><\/span><span class=\"hor_icon\"><\/span><\/span><\/p><div id='toggle-id-14' class='toggle_wrap'  ><div class='toggle_content invers-color av-inherit-border-color'  itemprop=\"text\" ><p><em>Contingut<\/em><\/p>\n<ol>\n<li>La fam\u00edlia.<\/li>\n<li>La vocaci\u00f3 humana:\n<ol>\n<li>La persona \u00e9s un ser relacional<\/li>\n<li>Primer nucli de socialitzaci\u00f3: La fam\u00edlia<\/li>\n<li>La fam\u00edlia com a lloc d'aprenentatge de la fraternitat universal<\/li>\n<\/ol>\n<\/li>\n<li>La crua realitat: L'arribada d'un germ\u00e0.<\/li>\n<li>Causes:\n<ol>\n<li>Relaci\u00f3 entre pares i fills<\/li>\n<li>Els germans s'influ\u00efxen entre si<\/li>\n<li>La mem\u00f2ria<\/li>\n<\/ol>\n<\/li>\n<li>Qu\u00e8 podem fer?\n<ol>\n<li>No podem for\u00e7ar situacions<\/li>\n<li>Just\u00edcia vs. Equitat<\/li>\n<li>Assegurar l'espai personal<\/li>\n<li>Cultivar la singularitat de cada un i de la fam\u00edlia<\/li>\n<li>La humilitat<\/li>\n<\/ol>\n<\/li>\n<\/ol>\n<div class='avia-iframe-wrap'><iframe loading=\"lazy\" title=\"&quot;Disciplina y autoridad: C\u00f3mo establecer l\u00edmites&quot; y otras...\" width=\"1500\" height=\"844\" src=\"https:\/\/www.youtube.com\/embed\/KZu-uqaKlKA?feature=oembed\" frameborder=\"0\" allow=\"accelerometer; autoplay; clipboard-write; encrypted-media; gyroscope; picture-in-picture; web-share\" referrerpolicy=\"strict-origin-when-cross-origin\" allowfullscreen><\/iframe><\/div>\n<\/div><\/div><\/div><\/section>\n<section class='av_toggle_section av-562w7r-ae32a57885615ee149a8d54ea562dd01'  itemscope=\"itemscope\" itemtype=\"https:\/\/schema.org\/CreativeWork\" ><div role=\"tablist\" class=\"single_toggle\" data-tags=\"{All} \"  ><p data-fake-id='#toggle-id-15' class='toggler   av-inherit-border-color'  itemprop=\"headline\"  role='tab' tabindex='0' aria-controls='toggle-id-15'><strong>Com afrontar i gestionar l'ansietat enfront del sofriment del fill<\/strong><img src=\"https:\/\/www.fcapa-valencia.org\/wp-content\/uploads\/2023\/05\/loguito2.png\"  \/> <span class=\"toggle_icon\"><span class=\"vert_icon\"><\/span><span class=\"hor_icon\"><\/span><\/span><\/p><div id='toggle-id-15' class='toggle_wrap'  ><div class='toggle_content invers-color av-inherit-border-color'  itemprop=\"text\" ><p><em>Contingut <\/em><\/p>\n<ol>\n<li>El sofriment com a realitat inherent a l'\u00e9sser hum\u00e0.<\/li>\n<li>Trobant el sentit al sofriment.<\/li>\n<li>La fam\u00edlia, la millor escola.<\/li>\n<li>Predicar amb l'exemple.<\/li>\n<li>Import\u00e0ncia de l'estabilitat afectiva.<\/li>\n<li>Aprendre a comunicar-se correctament.<\/li>\n<li>Coher\u00e8ncia entre els pares.<\/li>\n<\/ol>\n<div class='avia-iframe-wrap'><iframe loading=\"lazy\" title=\"&quot;Disciplina y autoridad: C\u00f3mo establecer l\u00edmites&quot; y otras...\" width=\"1500\" height=\"844\" src=\"https:\/\/www.youtube.com\/embed\/KZu-uqaKlKA?feature=oembed\" frameborder=\"0\" allow=\"accelerometer; autoplay; clipboard-write; encrypted-media; gyroscope; picture-in-picture; web-share\" referrerpolicy=\"strict-origin-when-cross-origin\" allowfullscreen><\/iframe><\/div>\n<\/div><\/div><\/div><\/section>\n<section class='av_toggle_section av-m3zxkhtq-0b3a2a8c43ef6bfdf70aa33cb815dc03'  itemscope=\"itemscope\" itemtype=\"https:\/\/schema.org\/CreativeWork\" ><div role=\"tablist\" class=\"single_toggle\" data-tags=\"{All} \"  ><p data-fake-id='#toggle-id-16' class='toggler   av-inherit-border-color'  itemprop=\"headline\"  role='tab' tabindex='0' aria-controls='toggle-id-16'><strong>Amb tu: amor en temps de fills<\/strong><span class=\"toggle_icon\"><span class=\"vert_icon\"><\/span><span class=\"hor_icon\"><\/span><\/span><\/p><div id='toggle-id-16' class='toggle_wrap'  ><div class='toggle_content invers-color av-inherit-border-color'  itemprop=\"text\" ><p><em>Contingut<\/em><\/p>\n<ul>\n<li>Ahir \u2013 Hui \u2013 Dem\u00e0: els temps de l'amor<\/li>\n<li>Estimar amb tota la meua persona: corporal, afectiva, intelectiva\/volitiva, espiritual<\/li>\n<li>Estimar-li a ell \/ estimar-li a ella<\/li>\n<li>Comunicaci\u00f3 de parella en temps de fills<\/li>\n<li>Aspectes que danyen \/ milloren la relaci\u00f3<\/li>\n<li>Recomanacions i idees per al dia a dia<\/li>\n<\/ul>\n<\/div><\/div><\/div><\/section>\n<section class='av_toggle_section av-1f2d28n-f66db41730640812abff79c316d6c9b7'  itemscope=\"itemscope\" itemtype=\"https:\/\/schema.org\/CreativeWork\" ><div role=\"tablist\" class=\"single_toggle\" data-tags=\"{All} \"  ><p data-fake-id='#toggle-id-17' class='toggler   av-inherit-border-color'  itemprop=\"headline\"  role='tab' tabindex='0' aria-controls='toggle-id-17'><strong>L'educaci\u00f3 afectiu-sexual en el xiquet i l'adolescent<\/strong><span class=\"toggle_icon\"><span class=\"vert_icon\"><\/span><span class=\"hor_icon\"><\/span><\/span><\/p><div id='toggle-id-17' class='toggle_wrap'  ><div class='toggle_content invers-color av-inherit-border-color'  itemprop=\"text\" ><p><em>Contingut <\/em><\/p>\n<ol>\n<li>Fonamentaci\u00f3.<\/li>\n<li>Postures enfront de la sexualitat hui dia.<\/li>\n<li>Canvis f\u00edsics i psicol\u00f2gics en l'adolescent.<\/li>\n<li>Influ\u00e8ncia dels mitjans de comunicaci\u00f3 i la publicitat.<\/li>\n<li>La comunicaci\u00f3 entre pares i fills.<\/li>\n<li>Pautes per a educar l'afectivitat.<\/li>\n<li>L'educaci\u00f3 en h\u00e0bits saludables.<\/li>\n<\/ol>\n<\/div><\/div><\/div><\/section>\n<section class='av_toggle_section av-1ddl4t3-680f9f98337708c4cbad9a423713ceca'  itemscope=\"itemscope\" itemtype=\"https:\/\/schema.org\/CreativeWork\" ><div role=\"tablist\" class=\"single_toggle\" data-tags=\"{All} \"  ><p data-fake-id='#toggle-id-18' class='toggler   av-inherit-border-color'  itemprop=\"headline\"  role='tab' tabindex='0' aria-controls='toggle-id-18'><strong>Pedagogia de l'amor: xiquets forts i feli\u00e7os (v\u00eddeo en castell\u00e0)<\/strong><img src=\"https:\/\/www.fcapa-valencia.org\/wp-content\/uploads\/2023\/05\/loguito2.png\"  \/> <span class=\"toggle_icon\"><span class=\"vert_icon\"><\/span><span class=\"hor_icon\"><\/span><\/span><\/p><div id='toggle-id-18' class='toggle_wrap'  ><div class='toggle_content invers-color av-inherit-border-color'  itemprop=\"text\" ><p><em>Contingut <\/em><\/p>\n<ul>\n<li>La pedagogia de l'amor, \u00e9s la pedagogia del B\u00e9, buscar el b\u00e9 del xiquet, no sols el que demanda, la qual cosa vol, sin\u00f3 qu\u00e8 l'ajudar\u00e0 a cr\u00e9ixer, a ser lliure en un futur.<\/li>\n<li>L'amor en el sentit ampli, com un pont per a desenrotllar la Resili\u00e8ncia.<\/li>\n<li>Con\u00e9ixer els tipus apegue, perqu\u00e8 cada pare se situe i conega \u201cdes de fora\u201d quines respostes est\u00e0 oferint al seu fill i valorar si s\u00f3n les adequades o no.<\/li>\n<li>La missi\u00f3 dels pares, quin \u00e9s?, per a qu\u00e8?, la coneixem realment? estic exercint com a pare o com a amic?<\/li>\n<li>Pautes orientatives per a resituar l'educaci\u00f3 dels pares.<\/li>\n<\/ul>\n<div class='avia-iframe-wrap'><iframe loading=\"lazy\" title=\"Pedagog\u00eda del amor: Ni\u00f1os fuertes y felices\" width=\"1500\" height=\"844\" src=\"https:\/\/www.youtube.com\/embed\/FMLIxGnpJp4?feature=oembed\" frameborder=\"0\" allow=\"accelerometer; autoplay; clipboard-write; encrypted-media; gyroscope; picture-in-picture; web-share\" referrerpolicy=\"strict-origin-when-cross-origin\" allowfullscreen><\/iframe><\/div>\n<\/div><\/div><\/div><\/section>\n<section class='av_toggle_section av-1blmr07-7d8ecfbe00297fe0574a0d1ab212a135'  itemscope=\"itemscope\" itemtype=\"https:\/\/schema.org\/CreativeWork\" ><div role=\"tablist\" class=\"single_toggle\" data-tags=\"{All} \"  ><p data-fake-id='#toggle-id-19' class='toggler   av-inherit-border-color'  itemprop=\"headline\"  role='tab' tabindex='0' aria-controls='toggle-id-19'><strong>Por-no saber: Addicci\u00f3 a la pornografia<\/strong><span class=\"toggle_icon\"><span class=\"vert_icon\"><\/span><span class=\"hor_icon\"><\/span><\/span><\/p><div id='toggle-id-19' class='toggle_wrap'  ><div class='toggle_content invers-color av-inherit-border-color'  itemprop=\"text\" ><p><em>Contingut<\/em><em>:<\/em><\/p>\n<ul>\n<li class=\"translation-block\"><strong>Conseq\u00fc\u00e8ncies devastadores<\/strong> de l'addicci\u00f3 a la pornografia a nivell personal, social i psicol\u00f2gic.<\/li>\n<li class=\"translation-block\"><strong>Dades d'impacte social<\/strong> que evidencien com la pornografia ha evolucionat d'un consum ocasional a un producte de consum habitual.<\/li>\n<li class=\"translation-block\"><strong>Modificaci\u00f3 de la percepci\u00f3 del risc<\/strong> per part dels consumidors, els qui veuen la pornografia com una cosa accessible i assequible.<\/li>\n<li class=\"translation-block\"><strong>Impacte directe en el cervell<\/strong>, modificant comportaments i perspectives de la realitat sexual i relacional.<\/li>\n<li class=\"translation-block\"><strong>Evoluci\u00f3 de la pornografia<\/strong> cap a un producte que busca fidelizar als seus consumidors, augmentant la freq\u00fc\u00e8ncia i normalitzaci\u00f3 del seu \u00fas.<\/li>\n<li class=\"translation-block\"><strong>Modificaci\u00f3 en la visi\u00f3 de l'home<\/strong>, on predominen l'individualisme, l'autosatisfacci\u00f3 i el\u00a0 relativisme, afectant negativament les relacions humanes.<\/li>\n<li class=\"translation-block\"><strong>Vinculaci\u00f3 entre trauma i inclinaci\u00f3<\/strong>, on la pornografia refor\u00e7a el cicle d'addicci\u00f3 en persones que han experimentat traumes previs.<\/li>\n<li class=\"translation-block\"><strong>Sobreestimulaci\u00f3 digital<\/strong>, on la facilitat d'acc\u00e9s i la constant exposici\u00f3 a contingut sexual augmenten el risc d'addicci\u00f3.<\/li>\n<li class=\"translation-block\"><strong>Les tres \u201cA\u201d de les addiccions tecnol\u00f2giques<\/strong>: accessibilitat (disponibilitat instant\u00e0nia), assequibilitat (cost\u00a0 redu\u00eft o gratu\u00eft) i anonimat (consum privat sense repercussions visibles).<\/li>\n<\/ul>\n<\/div><\/div><\/div><\/section>\n<section class='av_toggle_section av-m3zxoqfo-300866f502b0ddf09ee3d89acd66dd92'  itemscope=\"itemscope\" itemtype=\"https:\/\/schema.org\/CreativeWork\" ><div role=\"tablist\" class=\"single_toggle\" data-tags=\"{All} \"  ><p data-fake-id='#toggle-id-20' class='toggler   av-inherit-border-color'  itemprop=\"headline\"  role='tab' tabindex='0' aria-controls='toggle-id-20'><strong>Propuestas para disfrutar del tiempo libre en familia<\/strong><span class=\"toggle_icon\"><span class=\"vert_icon\"><\/span><span class=\"hor_icon\"><\/span><\/span><\/p><div id='toggle-id-20' class='toggle_wrap'  ><div class='toggle_content invers-color av-inherit-border-color'  itemprop=\"text\" ><p><em>Contingut<\/em><\/p>\n<ol>\n<li>La import\u00e0ncia del joc lliure<\/li>\n<li>Actividades para el ocio individual y familiar, propuestas para interior y exterior<\/li>\n<li>Herramientas y plataformas para filtrar contenido audiovisual<\/li>\n<li>Opciones gratuitas de ocio en Valencia<\/li>\n<li>Excursiones, senderismo y actividades en la naturaleza<\/li>\n<li>Entretenimiento para los viajes en coche<\/li>\n<\/ol>\n<\/div><\/div><\/div><\/section>\n<section class='av_toggle_section av-m3zxp8eb-74226d6e83d62fa806d4b1956d9f1098'  itemscope=\"itemscope\" itemtype=\"https:\/\/schema.org\/CreativeWork\" ><div role=\"tablist\" class=\"single_toggle\" data-tags=\"{All} \"  ><p data-fake-id='#toggle-id-21' class='toggler   av-inherit-border-color'  itemprop=\"headline\"  role='tab' tabindex='0' aria-controls='toggle-id-21'><strong>Quin joc li compre al meu fill<\/strong><span class=\"toggle_icon\"><span class=\"vert_icon\"><\/span><span class=\"hor_icon\"><\/span><\/span><\/p><div id='toggle-id-21' class='toggle_wrap'  ><div class='toggle_content invers-color av-inherit-border-color'  itemprop=\"text\" ><p><em>Contingut<\/em><\/p>\n<ol>\n<li>Introducci\u00f3: L'aprenentatge a trav\u00e9s del joc<\/li>\n<li>Caracter\u00edstiques b\u00e0siques dels per\u00edodes sensitius de cada edat<\/li>\n<li>Tipus de jocs<\/li>\n<li>Exemple de jocs per a desenrotllar cada capacitat<\/li>\n<\/ol>\n<\/div><\/div><\/div><\/section>\n<\/div><br \/>\n\n<style type=\"text\/css\" data-created_by=\"avia_inline_auto\" id=\"style-css-av-16koh47-e8250869893b46c5a67e689b5ebdeb5d\">\n#top .av-special-heading.av-16koh47-e8250869893b46c5a67e689b5ebdeb5d{\npadding-bottom:10px;\n}\nbody .av-special-heading.av-16koh47-e8250869893b46c5a67e689b5ebdeb5d .av-special-heading-tag .heading-char{\nfont-size:25px;\n}\n.av-special-heading.av-16koh47-e8250869893b46c5a67e689b5ebdeb5d .av-subheading{\nfont-size:15px;\n}\n<\/style>\n<div  class='av-special-heading av-16koh47-e8250869893b46c5a67e689b5ebdeb5d av-special-heading-h4 blockquote modern-quote  avia-builder-el-20  el_after_av_toggle_container  el_before_av_toggle_container'><h4 class='av-special-heading-tag'  itemprop=\"headline\"  >Prevenci\u00f3 i detecci\u00f3 de l'Ab\u00fas Sexual Infantil:<\/h4><div class=\"special-heading-border\"><div class=\"special-heading-inner-border\"><\/div><\/div><\/div><br \/>\n\n<style type=\"text\/css\" data-created_by=\"avia_inline_auto\" id=\"style-css-av-15anvrr-b24b7cd92bf2cdd879dedc7c7554778c\">\n#top .togglecontainer.av-15anvrr-b24b7cd92bf2cdd879dedc7c7554778c p.toggler{\ncolor:#898989;\nbackground-color:#ffffff;\nborder-color:#ffffff;\n}\n#top .togglecontainer.av-15anvrr-b24b7cd92bf2cdd879dedc7c7554778c p.toggler .toggle_icon{\ncolor:#ffffff;\nborder-color:#ffffff;\n}\n#top .togglecontainer.av-15anvrr-b24b7cd92bf2cdd879dedc7c7554778c p.toggler .toggle_icon > span{\ncolor:#ffffff;\nborder-color:#ffffff;\n}\n#top .togglecontainer.av-15anvrr-b24b7cd92bf2cdd879dedc7c7554778c .toggle_wrap .toggle_content{\ncolor:#898989;\nbackground-color:#ffffff;\nborder-color:#ffffff;\n}\n<\/style>\n<div  class='togglecontainer av-15anvrr-b24b7cd92bf2cdd879dedc7c7554778c  avia-builder-el-21  el_after_av_heading  el_before_av_hr  toggle_close_all' >\n<section class='av_toggle_section av-3tukhz-aa5a06e15fb8acadd6bfef0cb36fc351'  itemscope=\"itemscope\" itemtype=\"https:\/\/schema.org\/CreativeWork\" ><div role=\"tablist\" class=\"single_toggle\" data-tags=\"{All} \"  ><p data-fake-id='#toggle-id-22' class='toggler   av-inherit-border-color'  itemprop=\"headline\"  role='tab' tabindex='0' aria-controls='toggle-id-22'><strong>L'Ab\u00fas Sexual Infantil en l'actualitat<\/strong><span class=\"toggle_icon\"><span class=\"vert_icon\"><\/span><span class=\"hor_icon\"><\/span><\/span><\/p><div id='toggle-id-22' class='toggle_wrap'  ><div class='toggle_content invers-color av-inherit-border-color'  itemprop=\"text\" ><ul>\n<li>Definici\u00f3 d'ASI.<\/li>\n<li>Tipus d'abusos i maltractaments.<\/li>\n<li>Falses creences.<\/li>\n<\/ul>\n<\/div><\/div><\/div><\/section>\n<section class='av_toggle_section av-11p4dyv-c73ac86d326ac37a82507bd8902d2559'  itemscope=\"itemscope\" itemtype=\"https:\/\/schema.org\/CreativeWork\" ><div role=\"tablist\" class=\"single_toggle\" data-tags=\"{All} \"  ><p data-fake-id='#toggle-id-23' class='toggler   av-inherit-border-color'  itemprop=\"headline\"  role='tab' tabindex='0' aria-controls='toggle-id-23'><strong>Ferramentes per a previndre l'Ab\u00fas Sexual Infantil<\/strong><span class=\"toggle_icon\"><span class=\"vert_icon\"><\/span><span class=\"hor_icon\"><\/span><\/span><\/p><div id='toggle-id-23' class='toggle_wrap'  ><div class='toggle_content invers-color av-inherit-border-color'  itemprop=\"text\" ><ul>\n<li>Qu\u00e8 \u00e9s la prevenci\u00f3?<\/li>\n<li>Ferramentes per a la prevenci\u00f3.<\/li>\n<li>L'ab\u00fas sexual infantil a trav\u00e9s de les noves tecnologies.<\/li>\n<li>Com parlar amb els xiquets.<\/li>\n<\/ul>\n<\/div><\/div><\/div><\/section>\n<section class='av_toggle_section av-z82dav-36a22f971badf30b33ab02c829c4f364'  itemscope=\"itemscope\" itemtype=\"https:\/\/schema.org\/CreativeWork\" ><div role=\"tablist\" class=\"single_toggle\" data-tags=\"{All} \"  ><p data-fake-id='#toggle-id-24' class='toggler   av-inherit-border-color'  itemprop=\"headline\"  role='tab' tabindex='0' aria-controls='toggle-id-24'><strong>Impacte psicol\u00f2gic de l'Ab\u00fas Sexual Infantil<\/strong><span class=\"toggle_icon\"><span class=\"vert_icon\"><\/span><span class=\"hor_icon\"><\/span><\/span><\/p><div id='toggle-id-24' class='toggle_wrap'  ><div class='toggle_content invers-color av-inherit-border-color'  itemprop=\"text\" ><ul>\n<li>L'ab\u00fas en xiquets menors de sis anys.<\/li>\n<li>L'ab\u00fas en xiquets de sis a onze anys.<\/li>\n<li>L'ab\u00fas en xiquets de dotze a catorze anys.<\/li>\n<li>Seq\u00fceles a curt i llarg termini en v\u00edctimes d'ab\u00fas sexual.<\/li>\n<li>Com ho gestione com a pare o mare.<\/li>\n<\/ul>\n<\/div><\/div><\/div><\/section>\n<\/div><br \/>\n\n<style type=\"text\/css\" data-created_by=\"avia_inline_auto\" id=\"style-css-av-2qwivy-2cfc60ed1c19e02f1f720a3cd4315bca\">\n#top .hr.hr-invisible.av-2qwivy-2cfc60ed1c19e02f1f720a3cd4315bca{\nheight:25px;\n}\n<\/style>\n<div  class='hr av-2qwivy-2cfc60ed1c19e02f1f720a3cd4315bca hr-invisible  avia-builder-el-22  el_after_av_toggle_container  avia-builder-el-last'><span class='hr-inner'><span class=\"hr-inner-style\"><\/span><\/span><\/div><\/p><\/div><div  class='flex_column av-1q4ch9z-69b75e3e87c93e2d5b08b310c68a02d6 av_one_fourth  avia-builder-el-23  el_after_av_one_half  el_before_av_one_fourth  flex_column_div  column-top-margin'     ><\/div><div  class='flex_column av-27oj6jr-1545d0ea9b790916e8b054b646609e7a av_one_fourth  avia-builder-el-24  el_after_av_one_fourth  el_before_av_one_half  first flex_column_div  column-top-margin'     ><\/div><div  class='flex_column av-3o9jjlj-e6d42f58791937ddbf862c78b9c957e3 av_one_half  avia-builder-el-25  el_after_av_one_fourth  el_before_av_one_fourth  flex_column_div av-animated-generic fade-in  column-top-margin'     ><p>\n<style type=\"text\/css\" data-created_by=\"avia_inline_auto\" id=\"style-css-av-3mkq45j-aa750b9929ed1f1b173c699277f5f316\">\n#top .av-special-heading.av-3mkq45j-aa750b9929ed1f1b173c699277f5f316{\npadding-bottom:10px;\n}\nbody .av-special-heading.av-3mkq45j-aa750b9929ed1f1b173c699277f5f316 .av-special-heading-tag .heading-char{\nfont-size:25px;\n}\n.av-special-heading.av-3mkq45j-aa750b9929ed1f1b173c699277f5f316 .av-subheading{\nfont-size:15px;\n}\n<\/style>\n<div  class='av-special-heading av-3mkq45j-aa750b9929ed1f1b173c699277f5f316 av-special-heading-h3 blockquote modern-quote modern-centered  avia-builder-el-26  el_before_av_toggle_container  avia-builder-el-first'><h3 class='av-special-heading-tag'  itemprop=\"headline\"  >SENSIBILITZACI\u00d3 PER A LA CONVIV\u00c8NCIA ESCOLAR<\/h3><div class=\"special-heading-border\"><div class=\"special-heading-inner-border\"><\/div><\/div><\/div><br \/>\n\n<style type=\"text\/css\" data-created_by=\"avia_inline_auto\" id=\"style-css-av-3kwfrfr-cb146ca17ec53a36f513f12d9b2f6033\">\n#top .togglecontainer.av-3kwfrfr-cb146ca17ec53a36f513f12d9b2f6033 p.toggler{\ncolor:#898989;\nbackground-color:#ffffff;\nborder-color:#ffffff;\n}\n#top .togglecontainer.av-3kwfrfr-cb146ca17ec53a36f513f12d9b2f6033 p.toggler .toggle_icon{\ncolor:#ffffff;\nborder-color:#ffffff;\n}\n#top .togglecontainer.av-3kwfrfr-cb146ca17ec53a36f513f12d9b2f6033 p.toggler .toggle_icon > span{\ncolor:#ffffff;\nborder-color:#ffffff;\n}\n#top .togglecontainer.av-3kwfrfr-cb146ca17ec53a36f513f12d9b2f6033 .toggle_wrap .toggle_content{\ncolor:#898989;\nbackground-color:#ffffff;\nborder-color:#ffffff;\n}\n<\/style>\n<div  class='togglecontainer av-3kwfrfr-cb146ca17ec53a36f513f12d9b2f6033  avia-builder-el-27  el_after_av_heading  el_before_av_heading  toggle_close_all' >\n<section class='av_toggle_section av-3ia0ubr-c23b1452e239dcd57c6cf2843616d3b4'  itemscope=\"itemscope\" itemtype=\"https:\/\/schema.org\/CreativeWork\" ><div role=\"tablist\" class=\"single_toggle\" data-tags=\"{All} \"  ><p data-fake-id='#toggle-id-25' class='toggler   av-inherit-border-color'  itemprop=\"headline\"  role='tab' tabindex='0' aria-controls='toggle-id-25'><strong>Assetjament escolar: prevenci\u00f3, detecci\u00f3 i intervenci\u00f3<\/strong><span class=\"toggle_icon\"><span class=\"vert_icon\"><\/span><span class=\"hor_icon\"><\/span><\/span><\/p><div id='toggle-id-25' class='toggle_wrap'  ><div class='toggle_content invers-color av-inherit-border-color'  itemprop=\"text\" ><p><em>Contingut <\/em><\/p>\n<ol>\n<li>Concepte i definici\u00f3<\/li>\n<li>Algunes ferramentes amb les quals comptem<\/li>\n<li>An\u00e0lisi de la v\u00edctima i l'agressor<\/li>\n<li>El centre escolar, responsabilitat i obligacions<\/li>\n<li>Situaci\u00f3 a Espanya<\/li>\n<li>Com detectar el problema? Senyals d'alerta<\/li>\n<li>Algunes pautes d'actuaci\u00f3<\/li>\n<\/ol>\n<\/div><\/div><\/div><\/section>\n<section class='av_toggle_section av-3hdkafb-21215e039f0fbb147b75c7f150b20bb6'  itemscope=\"itemscope\" itemtype=\"https:\/\/schema.org\/CreativeWork\" ><div role=\"tablist\" class=\"single_toggle\" data-tags=\"{All} \"  ><p data-fake-id='#toggle-id-26' class='toggler   av-inherit-border-color'  itemprop=\"headline\"  role='tab' tabindex='0' aria-controls='toggle-id-26'><strong>Adicciones a las nuevas tecnolog\u00edas entre los j\u00f3venes<\/strong><span class=\"toggle_icon\"><span class=\"vert_icon\"><\/span><span class=\"hor_icon\"><\/span><\/span><\/p><div id='toggle-id-26' class='toggle_wrap'  ><div class='toggle_content invers-color av-inherit-border-color'  itemprop=\"text\" ><p><em>Contingut<\/em><\/p>\n<ol>\n<li>\u00bfQu\u00e9 son conductas adictivas?<\/li>\n<li>\u00bfQu\u00e9 es una adicci\u00f3n?<\/li>\n<li>Tipos de conductas adictivas sin sustancias: televisi\u00f3n, videojuegos, internet, redes sociales, m\u00f3vil, vigorexia, bulimia, anorexia, ludopat\u00eda, shopping, etc\u2026<\/li>\n<li>\u00bfC\u00f3mo se genera una adicci\u00f3n?<\/li>\n<li>Causas de las conductas adictivas<\/li>\n<li>\u00bfC\u00f3mo prevenir?<\/li>\n<\/ol>\n<\/div><\/div><\/div><\/section>\n<section class='av_toggle_section av-cbo33b-4b17fcf88a594f1de9da41420259e834'  itemscope=\"itemscope\" itemtype=\"https:\/\/schema.org\/CreativeWork\" ><div role=\"tablist\" class=\"single_toggle\" data-tags=\"{All} \"  ><p data-fake-id='#toggle-id-27' class='toggler   av-inherit-border-color'  itemprop=\"headline\"  role='tab' tabindex='0' aria-controls='toggle-id-27'><strong>Adolesc\u00e8ncia: temps de conflictes i oportunitats<\/strong><span class=\"toggle_icon\"><span class=\"vert_icon\"><\/span><span class=\"hor_icon\"><\/span><\/span><\/p><div id='toggle-id-27' class='toggle_wrap'  ><div class='toggle_content invers-color av-inherit-border-color'  itemprop=\"text\" ><p><em>Contingut<\/em><\/p>\n<ol>\n<li>L'adolesc\u00e8ncia: Temps d'oportunitats.<\/li>\n<li>Com acompanyar a l'adolescent en el seu creixement?<\/li>\n<li>Canvis visibles-canvis encoberts.<\/li>\n<li>L'educaci\u00f3 de l'adolescent en un context dones-educatiu.<\/li>\n<li>La comunicaci\u00f3 familiar.<\/li>\n<\/ol>\n<\/div><\/div><\/div><\/section>\n<section class='av_toggle_section av-3dgpcev-f475230b7e5be7941147f9e72cc9650a'  itemscope=\"itemscope\" itemtype=\"https:\/\/schema.org\/CreativeWork\" ><div role=\"tablist\" class=\"single_toggle\" data-tags=\"{All} \"  ><p data-fake-id='#toggle-id-28' class='toggler   av-inherit-border-color'  itemprop=\"headline\"  role='tab' tabindex='0' aria-controls='toggle-id-28'><strong>Adolesc\u00e8ncia i cervell: una bella realitat? (v\u00eddeo en castell\u00e0)<\/strong><img src=\"https:\/\/www.fcapa-valencia.org\/wp-content\/uploads\/2023\/05\/loguito2.png\"  \/> <span class=\"toggle_icon\"><span class=\"vert_icon\"><\/span><span class=\"hor_icon\"><\/span><\/span><\/p><div id='toggle-id-28' class='toggle_wrap'  ><div class='toggle_content invers-color av-inherit-border-color'  itemprop=\"text\" ><p><em>Contingut <\/em><\/p>\n<ul>\n<li>Con\u00e9ixer les peculiaritats pr\u00f2pies dels adolescents, quins s\u00f3n els canvis f\u00edsics, ps\u00edquics, socials\u2026<\/li>\n<li>Entendre que s\u00f3n molts els canvis cerebrals en l'adolesc\u00e8ncia i que aix\u00f2 comporta a canvis en els h\u00e0bits: dormir m\u00e9s, menjar m\u00e9s, exaltaci\u00f3 del car\u00e0cter, necessitat d'expressar les seues opinions etc.<\/li>\n<li>Reflexionar quant a l'educaci\u00f3 dels pares, quina posici\u00f3 he de prendre, si el meu fill ha canviat com puc suportar-lo, explorar un cam\u00ed a l'entesa.<\/li>\n<li>Un dels perills de l'adolesc\u00e8ncia \u00e9s l'addicci\u00f3 a pantalles, la qual es retroalimenta amb altres perills com la depressi\u00f3, l'estr\u00e9s o l'ansietat.<\/li>\n<\/ul>\n<div class='avia-iframe-wrap'><iframe loading=\"lazy\" title=\"Adolescencia y cerebro:\u00bfUna bella realidad?\" width=\"1500\" height=\"844\" src=\"https:\/\/www.youtube.com\/embed\/hNWUNMSS6ZU?feature=oembed\" frameborder=\"0\" allow=\"accelerometer; autoplay; clipboard-write; encrypted-media; gyroscope; picture-in-picture; web-share\" referrerpolicy=\"strict-origin-when-cross-origin\" allowfullscreen><\/iframe><\/div>\n<\/div><\/div><\/div><\/section>\n<section class='av_toggle_section av-3b95m9z-6d39b9468c013b7348c37bca9f9764c4'  itemscope=\"itemscope\" itemtype=\"https:\/\/schema.org\/CreativeWork\" ><div role=\"tablist\" class=\"single_toggle\" data-tags=\"{All} \"  ><p data-fake-id='#toggle-id-29' class='toggler   av-inherit-border-color'  itemprop=\"headline\"  role='tab' tabindex='0' aria-controls='toggle-id-29'><strong>Autolesions i ideaci\u00f3 su\u00efcida: qu\u00e8 els passa als nostres adolescents? (v\u00eddeo en castell\u00e0)<\/strong><img src=\"https:\/\/www.fcapa-valencia.org\/wp-content\/uploads\/2023\/05\/loguito2.png\"  \/> <span class=\"toggle_icon\"><span class=\"vert_icon\"><\/span><span class=\"hor_icon\"><\/span><\/span><\/p><div id='toggle-id-29' class='toggle_wrap'  ><div class='toggle_content invers-color av-inherit-border-color'  itemprop=\"text\" ><p><em>Contingut<\/em><\/p>\n<ol>\n<li>Autolesions: Definici\u00f3 i tipologia.<\/li>\n<li>De qu\u00e8 ens parlen les autolesions? Qu\u00e8 hi ha a la base de les autolesions?\n<ul>\n<li>Trastorns de personalitat: Breu introducci\u00f3. Tipologia. Criteris DSM V. Trets de personalitat Cluster B.<\/li>\n<\/ul>\n<\/li>\n<li>Breu introducci\u00f3 a conceptes claus: Factors de vulnerabilitat. Vulnerabilitat biol\u00f2gica + ambients invalidants.<\/li>\n<li>Per qu\u00e8 es mantenen les autolesions?: Funcionalitat del s\u00edmptoma\u2026\u2026import\u00e0ncia de valorar com la funci\u00f3 de l'autolesi\u00f3 de cara a l'abordatge terap\u00e8utic adequat.<\/li>\n<\/ol>\n<div class='avia-iframe-wrap'><iframe loading=\"lazy\" title=\"Autolesiones e ideaci\u00f3n suicida:\u00bfqu\u00e9 les pasa a nuestros adolescentes?\" width=\"1500\" height=\"844\" src=\"https:\/\/www.youtube.com\/embed\/y8XK3nCFbvg?feature=oembed\" frameborder=\"0\" allow=\"accelerometer; autoplay; clipboard-write; encrypted-media; gyroscope; picture-in-picture; web-share\" referrerpolicy=\"strict-origin-when-cross-origin\" allowfullscreen><\/iframe><\/div>\n<\/div><\/div><\/div><\/section>\n<section class='av_toggle_section av-393t72v-a7f9a1b88591b1691264a4335a88b7b0'  itemscope=\"itemscope\" itemtype=\"https:\/\/schema.org\/CreativeWork\" ><div role=\"tablist\" class=\"single_toggle\" data-tags=\"{All} \"  ><p data-fake-id='#toggle-id-30' class='toggler   av-inherit-border-color'  itemprop=\"headline\"  role='tab' tabindex='0' aria-controls='toggle-id-30'><strong>Compartiendo espacios de prevenci\u00f3n en adolescentes: consumo, adicciones a las TICS y claves para su educaci\u00f3n<\/strong><span class=\"toggle_icon\"><span class=\"vert_icon\"><\/span><span class=\"hor_icon\"><\/span><\/span><\/p><div id='toggle-id-30' class='toggle_wrap'  ><div class='toggle_content invers-color av-inherit-border-color'  itemprop=\"text\" ><p><em>Contingut<\/em><em>:<\/em><\/p>\n<ul>\n<li>Informar de las drogas m\u00e1s consumidas por los j\u00f3venes y sus efectos.<\/li>\n<li>Dotar de herramientas para mejorar la comunicaci\u00f3n con los hijos e hijas adolescentes.<\/li>\n<li>Concienciar de la importancia de tener l\u00edmites y normas en los estilos educativos Parentales.<\/li>\n<li>Facilitar recursos para detectar la adicci\u00f3n a las TIC.<\/li>\n<li>Concienciar acerca de c\u00f3mo el uso de las TIC por parte de los adultos en el \u00e1mbito familiar influye en nuestros hijos e hijas.<\/li>\n<li>Ofrecer pautas eficaces para reducir el tiempo dedicado a las TIC.<\/li>\n<li>Entender los cambios fisiol\u00f3gicos, cognitivos y sociales por los que atraviesan los adolescentes.<\/li>\n<li>Proporcionar herramientas para tener una mejor relaci\u00f3n con nuestros hijos e hijas.<\/li>\n<li>Concienciar de la importancia de la educaci\u00f3n positiva.<\/li>\n<\/ul>\n<\/div><\/div><\/div><\/section>\n<section class='av_toggle_section av-3797ncn-ff66b89f659f3453fd21a15bc6a34730'  itemscope=\"itemscope\" itemtype=\"https:\/\/schema.org\/CreativeWork\" ><div role=\"tablist\" class=\"single_toggle\" data-tags=\"{All} \"  ><p data-fake-id='#toggle-id-31' class='toggler   av-inherit-border-color'  itemprop=\"headline\"  role='tab' tabindex='0' aria-controls='toggle-id-31'><strong>Conductes addictives i adolesc\u00e8ncia<\/strong><span class=\"toggle_icon\"><span class=\"vert_icon\"><\/span><span class=\"hor_icon\"><\/span><\/span><\/p><div id='toggle-id-31' class='toggle_wrap'  ><div class='toggle_content invers-color av-inherit-border-color'  itemprop=\"text\" ><p><em>Contingut<\/em><\/p>\n<ul>\n<li><strong>Alarma en salut mental<\/strong> davant el creixent nombre d'adolescents amb conductes addictives, basades en estad\u00edstiques actuals i l'avaluaci\u00f3 de l'OMS.<\/li>\n<li><strong>Risc associat a les TIC:<\/strong>l'\u00fas excessiu de dispositius m\u00f2bils i la baixa percepci\u00f3 dels perills a llarg termini en els adolescents.<\/li>\n<li class=\"translation-block\"><strong>Mites sobre l'addicci\u00f3<\/strong>, com la falsa creen\u00e7a que l'addicci\u00f3 \u00e9s uniforme o que totes les persones tenen la mateixa predisposici\u00f3 a la depend\u00e8ncia.<\/li>\n<li class=\"translation-block\"><strong>Canvis estructurals en el cervell<\/strong> a conseq\u00fc\u00e8ncia de les conductes addictives, la qual cosa augmenta la vulnerabilitat en els adolescents.<\/li>\n<li class=\"translation-block\"><strong>Accessibilitat i consum preco\u00e7<\/strong>, fent \u00e8mfasi en com la facilitat d'acc\u00e9s a les drogues i TIC intensifica el problema.<\/li>\n<li class=\"translation-block\"><strong>Models educatius a examen<\/strong>, considerant com les institucions educatives poden adaptar-se per a enfrontar esta problem\u00e0tica.<\/li>\n<li class=\"translation-block\"><strong>Prevenci\u00f3 en tres nivells:<\/strong> familiar (amb suport emocional i l\u00edmits clars), escolar (educaci\u00f3 i consci\u00e8ncia) i ambiental (limitant l'acc\u00e9s i l'exposici\u00f3 a les drogues i TIC).<\/li>\n<\/ul>\n<\/div><\/div><\/div><\/section>\n<section class='av_toggle_section av-m3zy1g1e-2df87b61bfd61f630a2fd107420e5e91'  itemscope=\"itemscope\" itemtype=\"https:\/\/schema.org\/CreativeWork\" ><div role=\"tablist\" class=\"single_toggle\" data-tags=\"{All} \"  ><p data-fake-id='#toggle-id-32' class='toggler   av-inherit-border-color'  itemprop=\"headline\"  role='tab' tabindex='0' aria-controls='toggle-id-32'><strong>Configuraci\u00f3 i \u00fas del control parental. Taller pr\u00e0ctic<\/strong><span class=\"toggle_icon\"><span class=\"vert_icon\"><\/span><span class=\"hor_icon\"><\/span><\/span><\/p><div id='toggle-id-32' class='toggle_wrap'  ><div class='toggle_content invers-color av-inherit-border-color'  itemprop=\"text\" ><p><em>Contingut<\/em><\/p>\n<ol>\n<li>Aprendre a configurar \u00abEn fam\u00edlia\u00bb per a iOS<\/li>\n<li>Aprendre a configurar control parental mitjan\u00e7ant \u00abTemps d'\u00fas\u00bb en iOS i a realitzar seguiment.<\/li>\n<li>Aprendre a configurar comptes d'usuari en PC amb Windows control parental en Windows\/Microsoft mitjan\u00e7ant Family Safety<\/li>\n<li>Aprendre a configurar control parental en Android mitjan\u00e7ant Family Link<\/li>\n<li>Altres aplicacions de control parental: Qustodio i altres<\/li>\n<li>Privacitat i intimitat<\/li>\n<li>Criteris educatius per a l'\u00fas de pantalles<\/li>\n<\/ol>\n<\/div><\/div><\/div><\/section>\n<section class='av_toggle_section av-m3zy1v78-6d3e3eb318d2565c2376c8e1830a7b59'  itemscope=\"itemscope\" itemtype=\"https:\/\/schema.org\/CreativeWork\" ><div role=\"tablist\" class=\"single_toggle\" data-tags=\"{All} \"  ><p data-fake-id='#toggle-id-33' class='toggler   av-inherit-border-color'  itemprop=\"headline\"  role='tab' tabindex='0' aria-controls='toggle-id-33'><strong>Desempantalla la teua fam\u00edlia<\/strong><span class=\"toggle_icon\"><span class=\"vert_icon\"><\/span><span class=\"hor_icon\"><\/span><\/span><\/p><div id='toggle-id-33' class='toggle_wrap'  ><div class='toggle_content invers-color av-inherit-border-color'  itemprop=\"text\" ><p><em>Contingut<\/em><\/p>\n<ol>\n<li>Pantalles i temps d'\u00fas<\/li>\n<li>Pantalles i fam\u00edlies<\/li>\n<li>Algunes estrat\u00e8gies b\u00e0siques per a reduir l'\u00fas de pantalles<\/li>\n<li>Plans familiars i accions concretes i atractives sense pantalles per edats<\/li>\n<\/ol>\n<\/div><\/div><\/div><\/section>\n<section class='av_toggle_section av-35lwvhz-754c0153c5ad9030a6927a3e707c6f45'  itemscope=\"itemscope\" itemtype=\"https:\/\/schema.org\/CreativeWork\" ><div role=\"tablist\" class=\"single_toggle\" data-tags=\"{All} \"  ><p data-fake-id='#toggle-id-34' class='toggler   av-inherit-border-color'  itemprop=\"headline\"  role='tab' tabindex='0' aria-controls='toggle-id-34'><strong>Disciplina i autoritat: com establir l\u00edmits<\/strong><img src=\"https:\/\/www.fcapa-valencia.org\/wp-content\/uploads\/2023\/05\/loguito2.png\"  \/> <span class=\"toggle_icon\"><span class=\"vert_icon\"><\/span><span class=\"hor_icon\"><\/span><\/span><\/p><div id='toggle-id-34' class='toggle_wrap'  ><div class='toggle_content invers-color av-inherit-border-color'  itemprop=\"text\" ><p><em>Contingut <\/em><\/p>\n<ol>\n<li>Qu\u00e8 \u00e9s l'autoritat?<\/li>\n<li>Per qu\u00e8 exercir l'autoritat?<\/li>\n<li>Qu\u00e8 s\u00f3n els l\u00edmits i les normes?\n<ol>\n<li>Per a qu\u00e8 servixen?<\/li>\n<li>Quants s\u00f3n els adequats?<\/li>\n<\/ol>\n<\/li>\n<li>Per qu\u00e8 ens costa tant posar l\u00edmits?<\/li>\n<li>Errors freq\u00fcents<\/li>\n<li>Actuacions concretes i positives<\/li>\n<\/ol>\n<div class='avia-iframe-wrap'><iframe loading=\"lazy\" title=\"&quot;Disciplina y autoridad: C\u00f3mo establecer l\u00edmites&quot; y otras...\" width=\"1500\" height=\"844\" src=\"https:\/\/www.youtube.com\/embed\/KZu-uqaKlKA?feature=oembed\" frameborder=\"0\" allow=\"accelerometer; autoplay; clipboard-write; encrypted-media; gyroscope; picture-in-picture; web-share\" referrerpolicy=\"strict-origin-when-cross-origin\" allowfullscreen><\/iframe><\/div>\n<\/div><\/div><\/div><\/section>\n<section class='av_toggle_section av-14bc6f-7cbe692c726dc0e69413384d6cf21cca'  itemscope=\"itemscope\" itemtype=\"https:\/\/schema.org\/CreativeWork\" ><div role=\"tablist\" class=\"single_toggle\" data-tags=\"{All} \"  ><p data-fake-id='#toggle-id-35' class='toggler   av-inherit-border-color'  itemprop=\"headline\"  role='tab' tabindex='0' aria-controls='toggle-id-35'><strong>Educar en la tempran\u00e7a i la fortalesa<\/strong><span class=\"toggle_icon\"><span class=\"vert_icon\"><\/span><span class=\"hor_icon\"><\/span><\/span><\/p><div id='toggle-id-35' class='toggle_wrap'  ><div class='toggle_content invers-color av-inherit-border-color'  itemprop=\"text\" ><p><em>Contingut<\/em><\/p>\n<ol>\n<li>La fi \u00faltima de l'educaci\u00f3.<\/li>\n<li>Felicitat i sofriment.<\/li>\n<li>Hiperpaternidad i sobreprotecci\u00f3.<\/li>\n<li>La import\u00e0ncia d'educar en la fortalesa.<\/li>\n<li>La import\u00e0ncia d'educar en la moderaci\u00f3.<\/li>\n<li>Accions pr\u00e0ctiques per a educar fills forts.<\/li>\n<\/ol>\n<\/div><\/div><\/div><\/section>\n<section class='av_toggle_section av-m3zy2fem-b73a140a4adff4f594c9bf0604e77a42'  itemscope=\"itemscope\" itemtype=\"https:\/\/schema.org\/CreativeWork\" ><div role=\"tablist\" class=\"single_toggle\" data-tags=\"{All} \"  ><p data-fake-id='#toggle-id-36' class='toggler   av-inherit-border-color'  itemprop=\"headline\"  role='tab' tabindex='0' aria-controls='toggle-id-36'><strong>IA a casa: simplifica la teua vida familiar<\/strong><span class=\"toggle_icon\"><span class=\"vert_icon\"><\/span><span class=\"hor_icon\"><\/span><\/span><\/p><div id='toggle-id-36' class='toggle_wrap'  ><div class='toggle_content invers-color av-inherit-border-color'  itemprop=\"text\" ><p><em>Contingut<\/em><\/p>\n<ol>\n<li>La IA: Qu\u00e8 \u00e9s? Quin \u00e9s el seu estat actual de desenrotllament i el seu futur pr\u00f2xim?.<\/li>\n<li>Com generar bons promts?. IA: errors, precaucions i privacitat<\/li>\n<li>IA, receptes, organitzaci\u00f3 de menjars i compres d'aliments<\/li>\n<li>IA i organitzaci\u00f3 de la neteja de la llar<\/li>\n<li>IA, viatges i maletes<\/li>\n<li>IA regals, sorpreses i plans familiars<\/li>\n<li>IA i elaboraci\u00f3 d'horaris<\/li>\n<li>IA per a redactar<\/li>\n<li>IA, creativitat i imatges<\/li>\n<li>IA i molt m\u00e9s<\/li>\n<\/ol>\n<\/div><\/div><\/div><\/section>\n<section class='av_toggle_section av-32n6hvr-17b6e9e0296b735542b685a747cfffea'  itemscope=\"itemscope\" itemtype=\"https:\/\/schema.org\/CreativeWork\" ><div role=\"tablist\" class=\"single_toggle\" data-tags=\"{All} \"  ><p data-fake-id='#toggle-id-37' class='toggler   av-inherit-border-color'  itemprop=\"headline\"  role='tab' tabindex='0' aria-controls='toggle-id-37'><strong>La comunicaci\u00f3 i l'escolta activa<\/strong><span class=\"toggle_icon\"><span class=\"vert_icon\"><\/span><span class=\"hor_icon\"><\/span><\/span><\/p><div id='toggle-id-37' class='toggle_wrap'  ><div class='toggle_content invers-color av-inherit-border-color'  itemprop=\"text\" ><p><em>Contingut<\/em><\/p>\n<ol>\n<li>L'acte comunicatiu: Comunicaci\u00f3 i escolta<\/li>\n<li>Degradaci\u00f3 del proc\u00e9s de comunicaci\u00f3<\/li>\n<li>Obstacles per a la comunicaci\u00f3<\/li>\n<li>Tipus de comunicaci\u00f3: Verbal i no verbal<\/li>\n<li>Regles b\u00e0siques de l'escolta activa<\/li>\n<li>Aspectes que milloren la comunicaci\u00f3<\/li>\n<li>Per qu\u00e8 \u00e9s important escoltar de manera activa?<\/li>\n<\/ol>\n<\/div><\/div><\/div><\/section>\n<section class='av_toggle_section av-2ztddfr-aaa47ad62a35a235d9a3da9d4d2103d3'  itemscope=\"itemscope\" itemtype=\"https:\/\/schema.org\/CreativeWork\" ><div role=\"tablist\" class=\"single_toggle\" data-tags=\"{All} \"  ><p data-fake-id='#toggle-id-38' class='toggler   av-inherit-border-color'  itemprop=\"headline\"  role='tab' tabindex='0' aria-controls='toggle-id-38'><strong>L'educaci\u00f3 emocional i l'autoestima en el xiquet i l'adolescent<\/strong><span class=\"toggle_icon\"><span class=\"vert_icon\"><\/span><span class=\"hor_icon\"><\/span><\/span><\/p><div id='toggle-id-38' class='toggle_wrap'  ><div class='toggle_content invers-color av-inherit-border-color'  itemprop=\"text\" ><p><em>Contingut<\/em><\/p>\n<ol>\n<li>Qu\u00e8 \u00e9s la intel\u00b7lig\u00e8ncia emocional?<\/li>\n<li>La realitat emocional de la fam\u00edlia.<\/li>\n<li>La import\u00e0ncia d'educar les emocions.<\/li>\n<li>Compet\u00e8ncies de la intel\u00b7lig\u00e8ncia emocional:\n<ol>\n<li>Personals: autoconeixement, autoregulaci\u00f3 i automotivaci\u00f3.<\/li>\n<li>Socials: Empatia i habilitats socials<\/li>\n<\/ol>\n<\/li>\n<li>Beneficis de l'educaci\u00f3 emocional.<\/li>\n<li>La comunicaci\u00f3 com a base de la relaci\u00f3 humana:\n<ol>\n<li>Tipus de comunicaci\u00f3<\/li>\n<li>La comunicaci\u00f3 en la fam\u00edlia<\/li>\n<li>Principals estils de comunicaci\u00f3 i estils emocionals<\/li>\n<\/ol>\n<\/li>\n<li>L'autoestima com a valor de la pr\u00f2pia persona.<\/li>\n<li>Estrat\u00e8gies per a millorar la comunicaci\u00f3 familiar.<\/li>\n<li>Consells pr\u00e0ctics per a millorar l'autoestima.<\/li>\n<\/ol>\n<\/div><\/div><\/div><\/section>\n<section class='av_toggle_section av-2y5yqp3-c54cc21af309579e394fa0cd2fcf153c'  itemscope=\"itemscope\" itemtype=\"https:\/\/schema.org\/CreativeWork\" ><div role=\"tablist\" class=\"single_toggle\" data-tags=\"{All} \"  ><p data-fake-id='#toggle-id-39' class='toggler   av-inherit-border-color'  itemprop=\"headline\"  role='tab' tabindex='0' aria-controls='toggle-id-39'><strong>L'educaci\u00f3 i la transmissi\u00f3 de valors<\/strong><span class=\"toggle_icon\"><span class=\"vert_icon\"><\/span><span class=\"hor_icon\"><\/span><\/span><\/p><div id='toggle-id-39' class='toggle_wrap'  ><div class='toggle_content invers-color av-inherit-border-color'  itemprop=\"text\" ><p><em>Contingut <\/em><\/p>\n<ol>\n<li>Qu\u00e8 \u00e9s un valor?<\/li>\n<li>El valor: La persona\n<ol>\n<li>\u00a0Valors<\/li>\n<li>Actituds<\/li>\n<li>Conductes<\/li>\n<\/ol>\n<\/li>\n<li>Altruisme.<\/li>\n<li>Psicologia del xiquet i l'adolescent.<\/li>\n<li>Variables que faciliten la prosocialidad.<\/li>\n<li>Educaci\u00f3 prosocial a l'aula.<\/li>\n<li>Educaci\u00f3 prosocial en la fam\u00edlia.<\/li>\n<li>Directrius per als pares.<\/li>\n<\/ol>\n<\/div><\/div><\/div><\/section>\n<section class='av_toggle_section av-2xh86if-acf7a65fe3503956ae715bd1832892d1'  itemscope=\"itemscope\" itemtype=\"https:\/\/schema.org\/CreativeWork\" ><div role=\"tablist\" class=\"single_toggle\" data-tags=\"{All} \"  ><p data-fake-id='#toggle-id-40' class='toggler   av-inherit-border-color'  itemprop=\"headline\"  role='tab' tabindex='0' aria-controls='toggle-id-40'><strong>Els meus fills i les seues xarxes socials: educaci\u00f3 i prevenci\u00f3 de l'assetjament derivat del seu \u00fas (v\u00eddeo en castell\u00e0)<\/strong><img src=\"https:\/\/www.fcapa-valencia.org\/wp-content\/uploads\/2023\/05\/loguito2.png\"  \/> <span class=\"toggle_icon\"><span class=\"vert_icon\"><\/span><span class=\"hor_icon\"><\/span><\/span><\/p><div id='toggle-id-40' class='toggle_wrap'  ><div class='toggle_content invers-color av-inherit-border-color'  itemprop=\"text\" ><p><em>Contingut <\/em><\/p>\n<ol>\n<li>Quines xarxes socials utilitzen els menors espanyols en l'actualitat?<\/li>\n<li>Riscos d'un mal \u00fas:\n<ol>\n<li>De contingut: Fake info, pornografia, viol\u00e8ncia, ideologies, sobrestimulaci\u00f3, trastorns alimentosos, \u2026<\/li>\n<li>De contacte: Grooming, desconeguts, phishing, enamorament virtual, \u2026<\/li>\n<li>De conducta: Cyberbulling, sexting, F.O.M.O, hiperconectivitad, hikikomori, apostes en l\u00ednia, \u2026<\/li>\n<\/ol>\n<\/li>\n<li>Criteris educatius: exemples, normes, etc\u2026<\/li>\n<li>Pel\u00b7l\u00edcules i s\u00e8ries recomanades.<\/li>\n<li>Llibres i p\u00e0gines webs d'ajuda.<\/li>\n<\/ol>\n<div class='avia-iframe-wrap'><iframe loading=\"lazy\" title=\"Els meus fills i les seues xarxes socials: educaci\u00f3 i prevenci\u00f3 de l&#039;assetjament derivat del seu \u00fas (v\u00eddeo en castell\u00e0)\" width=\"1500\" height=\"844\" src=\"https:\/\/www.youtube.com\/embed\/d7CDMIsEFDA?feature=oembed\" frameborder=\"0\" allow=\"accelerometer; autoplay; clipboard-write; encrypted-media; gyroscope; picture-in-picture; web-share\" referrerpolicy=\"strict-origin-when-cross-origin\" allowfullscreen><\/iframe><\/div>\n<\/div><\/div><\/div><\/section>\n<section class='av_toggle_section av-2uulbwn-05e0c5c154a068277ae3a693e99ad426'  itemscope=\"itemscope\" itemtype=\"https:\/\/schema.org\/CreativeWork\" ><div role=\"tablist\" class=\"single_toggle\" data-tags=\"{All} \"  ><p data-fake-id='#toggle-id-41' class='toggler   av-inherit-border-color'  itemprop=\"headline\"  role='tab' tabindex='0' aria-controls='toggle-id-41'><strong>Prevenci\u00f3n de conductas adictivas: propuestas pedag\u00f3gicas<\/strong><span class=\"toggle_icon\"><span class=\"vert_icon\"><\/span><span class=\"hor_icon\"><\/span><\/span><\/p><div id='toggle-id-41' class='toggle_wrap'  ><div class='toggle_content invers-color av-inherit-border-color'  itemprop=\"text\" ><p><em>Contingut <\/em><\/p>\n<ol>\n<li>Racionalidad y emotividad, \u00bfun equilibrio imposible?\n<ol>\n<li>El placer y el sentido.<\/li>\n<li>La educaci\u00f3n de la voluntad y el entrenamiento para la libertad.<\/li>\n<\/ol>\n<\/li>\n<li>El nuevo ecosistema: de la soledad al sobre est\u00edmulo.<\/li>\n<li>Prevenci\u00f3n de conductas adictivas:\n<ol>\n<li>La educaci\u00f3n del h\u00e1bito. El aprendizaje del autocontrol<\/li>\n<li>El crecimiento en las virtudes: prudencia, justicia, fortaleza y templanza.<\/li>\n<\/ol>\n<\/li>\n<\/ol>\n<\/div><\/div><\/div><\/section>\n<section class='av_toggle_section av-m3zy44vf-aec344df2c1e80cfb193712f614c3853'  itemscope=\"itemscope\" itemtype=\"https:\/\/schema.org\/CreativeWork\" ><div role=\"tablist\" class=\"single_toggle\" data-tags=\"{All} \"  ><p data-fake-id='#toggle-id-42' class='toggler   av-inherit-border-color'  itemprop=\"headline\"  role='tab' tabindex='0' aria-controls='toggle-id-42'><strong>Qu\u00e8 els passa als nostres adolescents?. Autolesions i ideaci\u00f3 su\u00efcida. Comencem a previndre!!!!<\/strong><span class=\"toggle_icon\"><span class=\"vert_icon\"><\/span><span class=\"hor_icon\"><\/span><\/span><\/p><div id='toggle-id-42' class='toggle_wrap'  ><div class='toggle_content invers-color av-inherit-border-color'  itemprop=\"text\" ><p>Despr\u00e9s d'haver introdu\u00eft, he intentat entendre, les autolesions i la ideaci\u00f3 su\u00efcida, com una realitat que est\u00e0 cada vegada m\u00e9s present en els centres educatius, la pregunta l\u00f2gica que a tots se'ns ve al capdavant \u00e9s Qu\u00e8 hem de fer per a previndre? Des d'ac\u00ed sorgix esta segona xarrada, segona nom\u00e9s perqu\u00e8 apareix despr\u00e9s de la primera, no perqu\u00e8 en cap cas haja de seguir si o si eixe orde.<\/p>\n<p>Si parlem de prevenci\u00f3, resultaria bastant senzill fixar-nos en quins s\u00f3n els factors que estan a la base de l'aparici\u00f3 d'esta mena de conductes, a saber, entre altres:\u00a0 baixa autoestima, no saber relacionar-se amb els seus amics, els seus pares, la falta de l\u00edmits clars, la gratificaci\u00f3 immediata, no saber esperar, no saber patir, el tema de valors significatius per a ells, i moltes m\u00e9s coses. Per\u00f2 en el fons\u2026d'on ve tot estos? El factor com\u00fa de tots ells, \u00e9s la profunda necessitat que tenen (com tot \u00e9sser hum\u00e0) de sentir-se estimats, compresos, per l'entorn que li envolta i tamb\u00e9 per ells mateixos. Aix\u00f2 em porta directament a parlar d'un concepte que em sembla fonamental, i que ser\u00e0 el contingut central de la xarrada: <strong>La Validaci\u00f3.<\/strong><\/p>\n<p>Est\u00e0 ara molt de moda aix\u00f2 de la validaci\u00f3, per\u00f2\u2026 ho entenem en el seu sentit profund? \u00c9s una arma poderos\u00edssima per a parlar amb els nostres adolescents, amb els nostres fills. Ajuda a esfondrar a poc a poc eixa paret que ens impedix tantes vegades poder comen\u00e7ar a comunicar-nos.<\/p>\n<p>Validar \u00e9s molt m\u00e9s que ser emp\u00e0tic, parla de compassi\u00f3, de comen\u00e7ar a acceptar, parla de \u201cvull entendre't, i no s\u00e9 com, \u00e9s aprendre a parlar de confian\u00e7a, de l\u00edmits. Una ajuda perqu\u00e8 l'altre senta que \u00e9s important, que t\u00e9 molt a dir, i aix\u00f2 des de la meua experi\u00e8ncia cl\u00ednica, \u00e9s una cosa fonamental a l'hora de previndre estes autolesions i pensaments su\u00efcides que ens estan comunicant un profund sofriment, encara que d'una forma equivocada.<\/p>\n<\/div><\/div><\/div><\/section>\n<\/div><br \/>\n\n<style type=\"text\/css\" data-created_by=\"avia_inline_auto\" id=\"style-css-av-2rm7auv-d92ca90f2dc5a7efbd0296ed7849c9b5\">\n#top .av-special-heading.av-2rm7auv-d92ca90f2dc5a7efbd0296ed7849c9b5{\npadding-bottom:10px;\n}\nbody .av-special-heading.av-2rm7auv-d92ca90f2dc5a7efbd0296ed7849c9b5 .av-special-heading-tag .heading-char{\nfont-size:25px;\n}\n.av-special-heading.av-2rm7auv-d92ca90f2dc5a7efbd0296ed7849c9b5 .av-subheading{\nfont-size:15px;\n}\n<\/style>\n<div  class='av-special-heading av-2rm7auv-d92ca90f2dc5a7efbd0296ed7849c9b5 av-special-heading-h4 blockquote modern-quote  avia-builder-el-28  el_after_av_toggle_container  el_before_av_toggle_container'><h4 class='av-special-heading-tag'  itemprop=\"headline\"  >Educar per a cr\u00e9ixer:<\/h4><div class=\"special-heading-border\"><div class=\"special-heading-inner-border\"><\/div><\/div><\/div><br \/>\n\n<style type=\"text\/css\" data-created_by=\"avia_inline_auto\" id=\"style-css-av-2q7pj1j-9ea3adc3314b85d6117f21eb166933cb\">\n#top .togglecontainer.av-2q7pj1j-9ea3adc3314b85d6117f21eb166933cb p.toggler{\ncolor:#898989;\nbackground-color:#ffffff;\nborder-color:#ffffff;\n}\n#top .togglecontainer.av-2q7pj1j-9ea3adc3314b85d6117f21eb166933cb p.toggler .toggle_icon{\ncolor:#ffffff;\nborder-color:#ffffff;\n}\n#top .togglecontainer.av-2q7pj1j-9ea3adc3314b85d6117f21eb166933cb p.toggler .toggle_icon > span{\ncolor:#ffffff;\nborder-color:#ffffff;\n}\n#top .togglecontainer.av-2q7pj1j-9ea3adc3314b85d6117f21eb166933cb .toggle_wrap .toggle_content{\ncolor:#898989;\nbackground-color:#ffffff;\nborder-color:#ffffff;\n}\n<\/style>\n<div  class='togglecontainer av-2q7pj1j-9ea3adc3314b85d6117f21eb166933cb  avia-builder-el-29  el_after_av_heading  el_before_av_heading  toggle_close_all' >\n<section class='av_toggle_section av-2ot0olj-ca013c93b2da144f57046fbbf9d1c1eb'  itemscope=\"itemscope\" itemtype=\"https:\/\/schema.org\/CreativeWork\" ><div role=\"tablist\" class=\"single_toggle\" data-tags=\"{All} \"  ><p data-fake-id='#toggle-id-43' class='toggler   av-inherit-border-color'  itemprop=\"headline\"  role='tab' tabindex='0' aria-controls='toggle-id-43'><strong>Validar els sentiments: La clau que obri la relaci\u00f3<\/strong><span class=\"toggle_icon\"><span class=\"vert_icon\"><\/span><span class=\"hor_icon\"><\/span><\/span><\/p><div id='toggle-id-43' class='toggle_wrap'  ><div class='toggle_content invers-color av-inherit-border-color'  itemprop=\"text\" ><ul>\n<li>Com acollir a un xiquet quan t\u00e9 sentiments desagradables?<\/li>\n<li>\u00c9s possible ajudar i consolar quan un xiquet t\u00e9 una rabieta?<\/li>\n<li>La funci\u00f3 del xiquet.<\/li>\n<li>La funci\u00f3 de l'adult.<\/li>\n<li>Com aplicar estes ferramentes?<\/li>\n<li>Exercicis de simulaci\u00f3 i de casos reals.<\/li>\n<\/ul>\n<\/div><\/div><\/div><\/section>\n<section class='av_toggle_section av-2nep4jr-71d5a95adbe7d6b55c4e0c4428fd7c5b'  itemscope=\"itemscope\" itemtype=\"https:\/\/schema.org\/CreativeWork\" ><div role=\"tablist\" class=\"single_toggle\" data-tags=\"{All} \"  ><p data-fake-id='#toggle-id-44' class='toggler   av-inherit-border-color'  itemprop=\"headline\"  role='tab' tabindex='0' aria-controls='toggle-id-44'><strong>Premis i castics: conseq\u00fc\u00e8ncies i alternatives<\/strong><span class=\"toggle_icon\"><span class=\"vert_icon\"><\/span><span class=\"hor_icon\"><\/span><\/span><\/p><div id='toggle-id-44' class='toggle_wrap'  ><div class='toggle_content invers-color av-inherit-border-color'  itemprop=\"text\" ><ul>\n<li>Per qu\u00e8 premiem i castiguem?<\/li>\n<li>Conseq\u00fc\u00e8ncies reals d'aplicar premis i castics.<\/li>\n<li>Alternatives al premi i castic.<\/li>\n<li>Per qu\u00e8 tampoc elogiem ni jutgem? Ull amb els elogis no descriptius!<\/li>\n<li>Exercicis pr\u00e0ctics sobre casos reals.<\/li>\n<\/ul>\n<\/div><\/div><\/div><\/section>\n<section class='av_toggle_section av-2lnh3tj-a43ad3fe1fe245685f15d984ddd7e4ee'  itemscope=\"itemscope\" itemtype=\"https:\/\/schema.org\/CreativeWork\" ><div role=\"tablist\" class=\"single_toggle\" data-tags=\"{All} \"  ><p data-fake-id='#toggle-id-45' class='toggler   av-inherit-border-color'  itemprop=\"headline\"  role='tab' tabindex='0' aria-controls='toggle-id-45'><strong>Com propiciar la col\u00b7laboraci\u00f3<\/strong><span class=\"toggle_icon\"><span class=\"vert_icon\"><\/span><span class=\"hor_icon\"><\/span><\/span><\/p><div id='toggle-id-45' class='toggle_wrap'  ><div class='toggle_content invers-color av-inherit-border-color'  itemprop=\"text\" ><ul>\n<li>Es pot corregir sense enfadar-se?<\/li>\n<li>Ferramentes que afavorixen la col\u00b7laboraci\u00f3<\/li>\n<li>Exercicis pr\u00e0ctics per a aprendre a corregir des del respecte (tant del xiquet com de l'adult)<\/li>\n<\/ul>\n<\/div><\/div><\/div><\/section>\n<section class='av_toggle_section av-2jw1sqv-7f9c013fe3465251d360a3f009de4fc0'  itemscope=\"itemscope\" itemtype=\"https:\/\/schema.org\/CreativeWork\" ><div role=\"tablist\" class=\"single_toggle\" data-tags=\"{All} \"  ><p data-fake-id='#toggle-id-46' class='toggler   av-inherit-border-color'  itemprop=\"headline\"  role='tab' tabindex='0' aria-controls='toggle-id-46'><strong>Qu\u00e8 limites pose jo? M'ajuden a educar o em generen ansietat?<\/strong><span class=\"toggle_icon\"><span class=\"vert_icon\"><\/span><span class=\"hor_icon\"><\/span><\/span><\/p><div id='toggle-id-46' class='toggle_wrap'  ><div class='toggle_content invers-color av-inherit-border-color'  itemprop=\"text\" ><ul>\n<li>Com aprenen els xiquets les normes?<\/li>\n<li>Per qu\u00e8 s\u00f3n importants els l\u00edmits?<\/li>\n<li>Com s\u00f3n els nostres l\u00edmits; ferms, democr\u00e0tics o blans?<\/li>\n<li>On trobada m\u00e9s dificultats perqu\u00e8 es visquen les normes?<\/li>\n<li>Exercicis amb casos pr\u00e0ctics proposats en principi per la formadora, encara que tamb\u00e9 es poden treballar sobre casos reals.<\/li>\n<\/ul>\n<\/div><\/div><\/div><\/section>\n<\/div><br \/>\n\n<style type=\"text\/css\" data-created_by=\"avia_inline_auto\" id=\"style-css-av-2fvqjfb-9a25c64c0f6df34e05ccf167cc8d6dce\">\n#top .av-special-heading.av-2fvqjfb-9a25c64c0f6df34e05ccf167cc8d6dce{\npadding-bottom:10px;\n}\nbody .av-special-heading.av-2fvqjfb-9a25c64c0f6df34e05ccf167cc8d6dce .av-special-heading-tag .heading-char{\nfont-size:25px;\n}\n.av-special-heading.av-2fvqjfb-9a25c64c0f6df34e05ccf167cc8d6dce .av-subheading{\nfont-size:15px;\n}\n<\/style>\n<div  class='av-special-heading av-2fvqjfb-9a25c64c0f6df34e05ccf167cc8d6dce av-special-heading-h4 blockquote modern-quote  avia-builder-el-30  el_after_av_toggle_container  el_before_av_toggle_container'><h4 class='av-special-heading-tag'  itemprop=\"headline\"  >Educar per a cr\u00e9ixer amb els nostres fills:<\/h4><div class=\"special-heading-border\"><div class=\"special-heading-inner-border\"><\/div><\/div><\/div><br \/>\n\n<style type=\"text\/css\" data-created_by=\"avia_inline_auto\" id=\"style-css-av-2evdt87-1d5644cddb04da87f3af754764278cb8\">\n#top .togglecontainer.av-2evdt87-1d5644cddb04da87f3af754764278cb8 p.toggler{\ncolor:#898989;\nbackground-color:#ffffff;\nborder-color:#ffffff;\n}\n#top .togglecontainer.av-2evdt87-1d5644cddb04da87f3af754764278cb8 p.toggler .toggle_icon{\ncolor:#ffffff;\nborder-color:#ffffff;\n}\n#top .togglecontainer.av-2evdt87-1d5644cddb04da87f3af754764278cb8 p.toggler .toggle_icon > span{\ncolor:#ffffff;\nborder-color:#ffffff;\n}\n#top .togglecontainer.av-2evdt87-1d5644cddb04da87f3af754764278cb8 .toggle_wrap .toggle_content{\ncolor:#898989;\nbackground-color:#ffffff;\nborder-color:#ffffff;\n}\n<\/style>\n<div  class='togglecontainer av-2evdt87-1d5644cddb04da87f3af754764278cb8  avia-builder-el-31  el_after_av_heading  el_before_av_hr  toggle_close_all' >\n<section class='av_toggle_section av-2cu3cnr-34a577465a40ad7be7ad891336ca0c58'  itemscope=\"itemscope\" itemtype=\"https:\/\/schema.org\/CreativeWork\" ><div role=\"tablist\" class=\"single_toggle\" data-tags=\"{All} \"  ><p data-fake-id='#toggle-id-47' class='toggler   av-inherit-border-color'  itemprop=\"headline\"  role='tab' tabindex='0' aria-controls='toggle-id-47'><strong>Per qu\u00e8 semblen rivals els nostres fills?<\/strong><span class=\"toggle_icon\"><span class=\"vert_icon\"><\/span><span class=\"hor_icon\"><\/span><\/span><\/p><div id='toggle-id-47' class='toggle_wrap'  ><div class='toggle_content invers-color av-inherit-border-color'  itemprop=\"text\" ><ul>\n<li>Qu\u00e8 significa tindre un germ\u00e0?. Sentiments d'ambival\u00e8ncia<\/li>\n<li>\u00c9s important acollir i acompanyar els sentiments desagradables en els fills.<\/li>\n<\/ul>\n<\/div><\/div><\/div><\/section>\n<section class='av_toggle_section av-2be6zuv-097915403278510c41e2e591e3f1d3a5'  itemscope=\"itemscope\" itemtype=\"https:\/\/schema.org\/CreativeWork\" ><div role=\"tablist\" class=\"single_toggle\" data-tags=\"{All} \"  ><p data-fake-id='#toggle-id-48' class='toggler   av-inherit-border-color'  itemprop=\"headline\"  role='tab' tabindex='0' aria-controls='toggle-id-48'><strong>Com afecten les nostres comparacions a la nostra fam\u00edlia?<\/strong><span class=\"toggle_icon\"><span class=\"vert_icon\"><\/span><span class=\"hor_icon\"><\/span><\/span><\/p><div id='toggle-id-48' class='toggle_wrap'  ><div class='toggle_content invers-color av-inherit-border-color'  itemprop=\"text\" ><ul>\n<li>Els perills de les comparacions entre germans, encara que no ens adonem o encara que ho fem amb bona intenci\u00f3.<\/li>\n<li>Si els tracte igual, igual \u00e9s menys?<\/li>\n<\/ul>\n<\/div><\/div><\/div><\/section>\n<section class='av_toggle_section av-29z6sgn-f5389630f0acf017c6af87b2fe95cba4'  itemscope=\"itemscope\" itemtype=\"https:\/\/schema.org\/CreativeWork\" ><div role=\"tablist\" class=\"single_toggle\" data-tags=\"{All} \"  ><p data-fake-id='#toggle-id-49' class='toggler   av-inherit-border-color'  itemprop=\"headline\"  role='tab' tabindex='0' aria-controls='toggle-id-49'><strong>Intervindre o no quan els nostres fills es barallen?<\/strong><span class=\"toggle_icon\"><span class=\"vert_icon\"><\/span><span class=\"hor_icon\"><\/span><\/span><\/p><div id='toggle-id-49' class='toggle_wrap'  ><div class='toggle_content invers-color av-inherit-border-color'  itemprop=\"text\" ><ul>\n<li>Germans encasellats; alliberar els xiquets perqu\u00e8 canvien. Descriure en lloc de jutjar.<\/li>\n<li>Quan els fills es barallen: com intervindre de manera \u00fatil i com intervindre per a despr\u00e9s poder retirar-nos.<\/li>\n<\/ul>\n<\/div><\/div><\/div><\/section>\n<\/div><br \/>\n\n<style type=\"text\/css\" data-created_by=\"avia_inline_auto\" id=\"style-css-av-2i06t7r-76806220f3b666a6295487a7279d986d\">\n#top .hr.hr-invisible.av-2i06t7r-76806220f3b666a6295487a7279d986d{\nheight:25px;\n}\n<\/style>\n<div  class='hr av-2i06t7r-76806220f3b666a6295487a7279d986d hr-invisible  avia-builder-el-32  el_after_av_toggle_container  avia-builder-el-last'><span class='hr-inner'><span class=\"hr-inner-style\"><\/span><\/span><\/div><\/p><\/div><div  class='flex_column av-wl75rr-d1516f7543607d247dec96c023c5b715 av_one_fourth  avia-builder-el-33  el_after_av_one_half  el_before_av_one_fourth  flex_column_div  column-top-margin'     ><\/div><div  class='flex_column av-7tfogn-c5198d352f2b15c22ee3daada42b34ad av_one_fourth  avia-builder-el-34  el_after_av_one_fourth  el_before_av_one_half  first flex_column_div  column-top-margin'     ><\/div><div  class='flex_column av-uzqm6f-ceb892ce0e7bc444e180ed41b437474a av_one_half  avia-builder-el-35  el_after_av_one_fourth  el_before_av_one_fourth  flex_column_div av-animated-generic bottom-to-top  column-top-margin'     ><p>\n<style type=\"text\/css\" data-created_by=\"avia_inline_auto\" id=\"style-css-av-sesunb-204f042ed4ef0330076fa3d9cf730f50\">\n#top .av-special-heading.av-sesunb-204f042ed4ef0330076fa3d9cf730f50{\npadding-bottom:10px;\n}\nbody .av-special-heading.av-sesunb-204f042ed4ef0330076fa3d9cf730f50 .av-special-heading-tag .heading-char{\nfont-size:25px;\n}\n.av-special-heading.av-sesunb-204f042ed4ef0330076fa3d9cf730f50 .av-subheading{\nfont-size:15px;\n}\n<\/style>\n<div  class='av-special-heading av-sesunb-204f042ed4ef0330076fa3d9cf730f50 av-special-heading-h3 blockquote modern-quote modern-centered  avia-builder-el-36  el_before_av_toggle_container  avia-builder-el-first'><h3 class='av-special-heading-tag'  itemprop=\"headline\"  >FORMACI\u00d3 DE CONSELLERS I JUNTES DIRECTIVES<\/h3><div class=\"special-heading-border\"><div class=\"special-heading-inner-border\"><\/div><\/div><\/div><br \/>\n\n<style type=\"text\/css\" data-created_by=\"avia_inline_auto\" id=\"style-css-av-2oxviv-af108863fbce2fe5017fe78eca2c5441\">\n#top .togglecontainer.av-2oxviv-af108863fbce2fe5017fe78eca2c5441 p.toggler{\ncolor:#898989;\nbackground-color:#ffffff;\nborder-color:#ffffff;\n}\n#top .togglecontainer.av-2oxviv-af108863fbce2fe5017fe78eca2c5441 p.toggler .toggle_icon{\ncolor:#ffffff;\nborder-color:#ffffff;\n}\n#top .togglecontainer.av-2oxviv-af108863fbce2fe5017fe78eca2c5441 p.toggler .toggle_icon > span{\ncolor:#ffffff;\nborder-color:#ffffff;\n}\n#top .togglecontainer.av-2oxviv-af108863fbce2fe5017fe78eca2c5441 .toggle_wrap .toggle_content{\ncolor:#898989;\nbackground-color:#ffffff;\nborder-color:#ffffff;\n}\n<\/style>\n<div  class='togglecontainer av-2oxviv-af108863fbce2fe5017fe78eca2c5441  avia-builder-el-37  el_after_av_heading  avia-builder-el-last  toggle_close_all' >\n<section class='av_toggle_section av-p726nb-ef0b85209c77191618c18c02bcdfba12'  itemscope=\"itemscope\" itemtype=\"https:\/\/schema.org\/CreativeWork\" ><div role=\"tablist\" class=\"single_toggle\" data-tags=\"{All} \"  ><p data-fake-id='#toggle-id-50' class='toggler   av-inherit-border-color'  itemprop=\"headline\"  role='tab' tabindex='0' aria-controls='toggle-id-50'><strong>Legislaci\u00f3 associativa (v\u00eddeo en castell\u00e0)<\/strong><img src=\"https:\/\/www.fcapa-valencia.org\/wp-content\/uploads\/2023\/05\/loguito2.png\"  \/> <span class=\"toggle_icon\"><span class=\"vert_icon\"><\/span><span class=\"hor_icon\"><\/span><\/span><\/p><div id='toggle-id-50' class='toggle_wrap'  ><div class='toggle_content invers-color av-inherit-border-color'  itemprop=\"text\" ><p><em>Contingut<\/em><\/p>\n<ol>\n<li>\u00c0mbit estatal<\/li>\n<li>\u00c0mbit auton\u00f2mic<\/li>\n<li>Reglament intern<\/li>\n<li>Estatuts associatius<\/li>\n<\/ol>\n<div class='avia-iframe-wrap'><iframe loading=\"lazy\" title=\"Formaci\u00f3n de Consejeros y Juntas Directivas\" width=\"1500\" height=\"844\" src=\"https:\/\/www.youtube.com\/embed\/vPVmoCxitbQ?feature=oembed\" frameborder=\"0\" allow=\"accelerometer; autoplay; clipboard-write; encrypted-media; gyroscope; picture-in-picture; web-share\" referrerpolicy=\"strict-origin-when-cross-origin\" allowfullscreen><\/iframe><\/div>\n<\/div><\/div><\/div><\/section>\n<section class='av_toggle_section av-oo5vwn-6a8bcef62d129be21fbf9abefa4db610'  itemscope=\"itemscope\" itemtype=\"https:\/\/schema.org\/CreativeWork\" ><div role=\"tablist\" class=\"single_toggle\" data-tags=\"{All} \"  ><p data-fake-id='#toggle-id-51' class='toggler   av-inherit-border-color'  itemprop=\"headline\"  role='tab' tabindex='0' aria-controls='toggle-id-51'><strong>Legislaci\u00f3 en mat\u00e8ria de protecci\u00f3 de dades (v\u00eddeo en castell\u00e0)<\/strong><img src=\"https:\/\/www.fcapa-valencia.org\/wp-content\/uploads\/2023\/05\/loguito2.png\"  \/> <span class=\"toggle_icon\"><span class=\"vert_icon\"><\/span><span class=\"hor_icon\"><\/span><\/span><\/p><div id='toggle-id-51' class='toggle_wrap'  ><div class='toggle_content invers-color av-inherit-border-color'  itemprop=\"text\" ><p><em>Contingut<\/em><\/p>\n<ol>\n<li>Marc legal.<\/li>\n<li>Peculiaritats de les associacions.<\/li>\n<li>Drets i deures.<\/li>\n<li>Protocol de seguretat<\/li>\n<\/ol>\n<div class='avia-iframe-wrap'><iframe loading=\"lazy\" title=\"Formaci\u00f3n de Consejeros y Juntas Directivas\" width=\"1500\" height=\"844\" src=\"https:\/\/www.youtube.com\/embed\/vPVmoCxitbQ?feature=oembed\" frameborder=\"0\" allow=\"accelerometer; autoplay; clipboard-write; encrypted-media; gyroscope; picture-in-picture; web-share\" referrerpolicy=\"strict-origin-when-cross-origin\" allowfullscreen><\/iframe><\/div>\n<\/div><\/div><\/div><\/section>\n<section class='av_toggle_section av-266pyv-841a5d0eecdf8251fbdbbf88eb74bb84'  itemscope=\"itemscope\" itemtype=\"https:\/\/schema.org\/CreativeWork\" ><div role=\"tablist\" class=\"single_toggle\" data-tags=\"{All} \"  ><p data-fake-id='#toggle-id-52' class='toggler   av-inherit-border-color'  itemprop=\"headline\"  role='tab' tabindex='0' aria-controls='toggle-id-52'><strong>Obligacions comptables i tributives (v\u00eddeo en castell\u00e0)<\/strong><img src=\"https:\/\/www.fcapa-valencia.org\/wp-content\/uploads\/2023\/05\/loguito2.png\"  \/> <span class=\"toggle_icon\"><span class=\"vert_icon\"><\/span><span class=\"hor_icon\"><\/span><\/span><\/p><div id='toggle-id-52' class='toggle_wrap'  ><div class='toggle_content invers-color av-inherit-border-color'  itemprop=\"text\" ><p><em>Contingut<\/em><\/p>\n<ol>\n<li>Normativa comptable associativa.<\/li>\n<li>Comptes anuals.<\/li>\n<li>Normativa tribut\u00e0ria associativa.<\/li>\n<li>Subjecci\u00f3 i exempci\u00f3.<\/li>\n<li>Declaraci\u00f3 informativa<\/li>\n<\/ol>\n<div class='avia-iframe-wrap'><iframe loading=\"lazy\" title=\"Formaci\u00f3n de Consejeros y Juntas Directivas\" width=\"1500\" height=\"844\" src=\"https:\/\/www.youtube.com\/embed\/vPVmoCxitbQ?feature=oembed\" frameborder=\"0\" allow=\"accelerometer; autoplay; clipboard-write; encrypted-media; gyroscope; picture-in-picture; web-share\" referrerpolicy=\"strict-origin-when-cross-origin\" allowfullscreen><\/iframe><\/div>\n<\/div><\/div><\/div><\/section>\n<section class='av_toggle_section av-kerrlz-4fd71ea828c71c35cbbbafd2ae479c8a'  itemscope=\"itemscope\" itemtype=\"https:\/\/schema.org\/CreativeWork\" ><div role=\"tablist\" class=\"single_toggle\" data-tags=\"{All} \"  ><p data-fake-id='#toggle-id-53' class='toggler   av-inherit-border-color'  itemprop=\"headline\"  role='tab' tabindex='0' aria-controls='toggle-id-53'><strong>Obligacions documentals i funcionament intern (v\u00eddeo en castell\u00e0)<\/strong><img src=\"https:\/\/www.fcapa-valencia.org\/wp-content\/uploads\/2023\/05\/loguito2.png\"  \/> <span class=\"toggle_icon\"><span class=\"vert_icon\"><\/span><span class=\"hor_icon\"><\/span><\/span><\/p><div id='toggle-id-53' class='toggle_wrap'  ><div class='toggle_content invers-color av-inherit-border-color'  itemprop=\"text\" ><p><em>Contingut<\/em><\/p>\n<ol>\n<li>Llibres de gesti\u00f3 obligat\u00f2ria<\/li>\n<li>Responsabilitat civil<\/li>\n<li>Gesti\u00f3 i cust\u00f2dia<\/li>\n<li>Conseq\u00fc\u00e8ncies i efectes<\/li>\n<li>Models i formularis associatius<\/li>\n<\/ol>\n<div class='avia-iframe-wrap'><iframe loading=\"lazy\" title=\"Formaci\u00f3n de Consejeros y Juntas Directivas\" width=\"1500\" height=\"844\" src=\"https:\/\/www.youtube.com\/embed\/vPVmoCxitbQ?feature=oembed\" frameborder=\"0\" allow=\"accelerometer; autoplay; clipboard-write; encrypted-media; gyroscope; picture-in-picture; web-share\" referrerpolicy=\"strict-origin-when-cross-origin\" allowfullscreen><\/iframe><\/div>\n<\/div><\/div><\/div><\/section>\n<section class='av_toggle_section av-ifejbr-6f8047823d754156743c888453ae5653'  itemscope=\"itemscope\" itemtype=\"https:\/\/schema.org\/CreativeWork\" ><div role=\"tablist\" class=\"single_toggle\" data-tags=\"{All} \"  ><p data-fake-id='#toggle-id-54' class='toggler   av-inherit-border-color'  itemprop=\"headline\"  role='tab' tabindex='0' aria-controls='toggle-id-54'><strong>Participaci\u00f3 en els \u00f2rgans col\u00b7legiats del centre (v\u00eddeo en castell\u00e0)<\/strong><img src=\"https:\/\/www.fcapa-valencia.org\/wp-content\/uploads\/2023\/05\/loguito2.png\"  \/> <span class=\"toggle_icon\"><span class=\"vert_icon\"><\/span><span class=\"hor_icon\"><\/span><\/span><\/p><div id='toggle-id-54' class='toggle_wrap'  ><div class='toggle_content invers-color av-inherit-border-color'  itemprop=\"text\" ><p><em>Contingut<\/em><\/p>\n<ol>\n<li>\u00c0mbit d'aplicaci\u00f3<\/li>\n<li>Drets i deures dels associats<\/li>\n<li>Disposicions legals<\/li>\n<li>Participaci\u00f3 en el centre educatiu<\/li>\n<\/ol>\n<div class='avia-iframe-wrap'><iframe loading=\"lazy\" title=\"Formaci\u00f3n de Consejeros y Juntas Directivas\" width=\"1500\" height=\"844\" src=\"https:\/\/www.youtube.com\/embed\/vPVmoCxitbQ?feature=oembed\" frameborder=\"0\" allow=\"accelerometer; autoplay; clipboard-write; encrypted-media; gyroscope; picture-in-picture; web-share\" referrerpolicy=\"strict-origin-when-cross-origin\" allowfullscreen><\/iframe><\/div>\n<\/div><\/div><\/div><\/section>\n<section class='av_toggle_section av-h1kc9z-92ddc85d3c69fd294085d9f7a3a23e4c'  itemscope=\"itemscope\" itemtype=\"https:\/\/schema.org\/CreativeWork\" ><div role=\"tablist\" class=\"single_toggle\" data-tags=\"{All} \"  ><p data-fake-id='#toggle-id-55' class='toggler   av-inherit-border-color'  itemprop=\"headline\"  role='tab' tabindex='0' aria-controls='toggle-id-55'><strong>R\u00e8gim jur\u00eddic (v\u00eddeo en castell\u00e0)<\/strong><img src=\"https:\/\/www.fcapa-valencia.org\/wp-content\/uploads\/2023\/05\/loguito2.png\"  \/> <span class=\"toggle_icon\"><span class=\"vert_icon\"><\/span><span class=\"hor_icon\"><\/span><\/span><\/p><div id='toggle-id-55' class='toggle_wrap'  ><div class='toggle_content invers-color av-inherit-border-color'  itemprop=\"text\" ><p><em>Contingut<\/em><\/p>\n<ol>\n<li>Llibertat d'associaci\u00f3 i capacitat<\/li>\n<li>Constituci\u00f3 de l'Associaci\u00f3<\/li>\n<li>\u00d2rgans rectors i responsabilitat<\/li>\n<li>Assemblea General<\/li>\n<li>\u00d2rgan de representaci\u00f3<\/li>\n<li>Contingut estatutari<\/li>\n<li>R\u00e8gim disciplinari<\/li>\n<\/ol>\n<div class='avia-iframe-wrap'><iframe loading=\"lazy\" title=\"Formaci\u00f3n de Consejeros y Juntas Directivas\" width=\"1500\" height=\"844\" src=\"https:\/\/www.youtube.com\/embed\/vPVmoCxitbQ?feature=oembed\" frameborder=\"0\" allow=\"accelerometer; autoplay; clipboard-write; encrypted-media; gyroscope; picture-in-picture; web-share\" referrerpolicy=\"strict-origin-when-cross-origin\" allowfullscreen><\/iframe><\/div>\n<\/div><\/div><\/div><\/section>\n<\/div><\/p><\/div><div  class='flex_column av-giropj-8f97ad0268c2735fc936e1dd0eebf4b8 av_one_fourth  avia-builder-el-38  el_after_av_one_half  avia-builder-el-last  flex_column_div  column-top-margin'     ><\/div><\/div><\/div><\/main><!-- close content main element --><\/div><\/div><div id='contacto'  class='avia-section av-edbu1z-e6f0aadbdc6ed9f4694d65adb54c88c4 main_color avia-section-default avia-no-border-styling  avia-builder-el-39  el_after_av_section  el_before_av_one_fourth  avia-bg-style-scroll container_wrap fullsize'  ><div class='container av-section-cont-open' ><div class='template-page content  av-content-full alpha units'><div class='post-entry post-entry-type-page post-entry-20090'><div class='entry-content-wrapper clearfix'>\n\n<style type=\"text\/css\" data-created_by=\"avia_inline_auto\" id=\"style-css-av-c04pdz-589bb86a9891f120e95112a29c89cfbb\">\n#top .av-special-heading.av-c04pdz-589bb86a9891f120e95112a29c89cfbb{\npadding-bottom:10px;\n}\nbody .av-special-heading.av-c04pdz-589bb86a9891f120e95112a29c89cfbb .av-special-heading-tag .heading-char{\nfont-size:25px;\n}\n.av-special-heading.av-c04pdz-589bb86a9891f120e95112a29c89cfbb .av-subheading{\nfont-size:15px;\n}\n<\/style>\n<div  class='av-special-heading av-c04pdz-589bb86a9891f120e95112a29c89cfbb av-special-heading-h2 blockquote modern-quote modern-centered  avia-builder-el-40  el_before_av_hr  avia-builder-el-first'><h2 class='av-special-heading-tag'  itemprop=\"headline\"  >Contacte<\/h2><div class=\"special-heading-border\"><div class=\"special-heading-inner-border\"><\/div><\/div><\/div>\n\n<style type=\"text\/css\" data-created_by=\"avia_inline_auto\" id=\"style-css-av-a7cqrr-8e090dc4e508f8d5dbc5d60c661668d2\">\n#top .hr.av-a7cqrr-8e090dc4e508f8d5dbc5d60c661668d2{\nmargin-top:30px;\nmargin-bottom:30px;\n}\n.hr.av-a7cqrr-8e090dc4e508f8d5dbc5d60c661668d2 .hr-inner{\nwidth:50px;\nborder-color:#719430;\n}\n<\/style>\n<div  class='hr av-a7cqrr-8e090dc4e508f8d5dbc5d60c661668d2 hr-custom  avia-builder-el-41  el_after_av_heading  el_before_av_one_half  hr-center hr-icon-no'><span class='hr-inner inner-border-av-border-fat'><span class=\"hr-inner-style\"><\/span><\/span><\/div>\n<div  class='flex_column av-8yr5uf-340e3738243769acf47c77a5581a3f95 av_one_half  avia-builder-el-42  el_after_av_hr  el_before_av_one_half  first flex_column_div'     ><section  class='av_textblock_section av-7quvev-f4f30a52aeccc69a5f143625b981d0ca'   itemscope=\"itemscope\" itemtype=\"https:\/\/schema.org\/CreativeWork\" ><div class='avia_textblock'  itemprop=\"text\" ><p style=\"text-align: right;\">Podeu contactar amb nosaltres:<br \/>\n<a href=\"mailto:fcapa@fcapa-valencia.org\">fcapa@fcapa-valencia.org<\/a><br \/>\n<a href=\"tel:+34961057089\">96.105.70.89<\/a>.<\/p>\n<p style=\"text-align: right;\">C\/ Caballeros 29 &#8211; 2<\/p>\n<p style=\"text-align: right;\">46001 VALENCIA<\/p>\n<\/div><\/section><\/div><div  class='flex_column av-5rf2jb-78e9e984bae5a86b94453d8725a54cac av_one_half  avia-builder-el-44  el_after_av_one_half  avia-builder-el-last  flex_column_div'     ><section  class='av_textblock_section av-3n1l1z-f6fe05493b50059a2547e1cfcc2dc128'   itemscope=\"itemscope\" itemtype=\"https:\/\/schema.org\/CreativeWork\" ><div class='avia_textblock'  itemprop=\"text\" >\n<div class=\"wpcf7 no-js\" id=\"wpcf7-f1515-o1\" lang=\"es-ES\" dir=\"ltr\" data-wpcf7-id=\"1515\">\n<div class=\"screen-reader-response\"><p role=\"status\" aria-live=\"polite\" aria-atomic=\"true\"><\/p> <ul><\/ul><\/div>\n<form action=\"\/ca\/wp-json\/wp\/v2\/pages\/20090#wpcf7-f1515-o1\" method=\"post\" class=\"wpcf7-form init\" aria-label=\"Formulario de contacto\" novalidate=\"novalidate\" data-status=\"init\" data-trp-original-action=\"\/ca\/wp-json\/wp\/v2\/pages\/20090#wpcf7-f1515-o1\">\n<fieldset class=\"hidden-fields-container\"><input type=\"hidden\" name=\"_wpcf7\" value=\"1515\" \/><input type=\"hidden\" name=\"_wpcf7_version\" value=\"6.1.4\" \/><input type=\"hidden\" name=\"_wpcf7_locale\" value=\"es_ES\" \/><input type=\"hidden\" name=\"_wpcf7_unit_tag\" value=\"wpcf7-f1515-o1\" \/><input type=\"hidden\" name=\"_wpcf7_container_post\" value=\"0\" \/><input type=\"hidden\" name=\"_wpcf7_posted_data_hash\" value=\"\" \/><input type=\"hidden\" name=\"_wpcf7_recaptcha_response\" value=\"\" \/>\n<\/fieldset>\n<p><label> El teu nom (requerit)<br \/>\n<span class=\"wpcf7-form-control-wrap\" data-name=\"your-name\"><input size=\"40\" maxlength=\"400\" class=\"wpcf7-form-control wpcf7-text wpcf7-validates-as-required\" aria-required=\"true\" aria-invalid=\"false\" value=\"\" type=\"text\" name=\"your-name\" \/><\/span> <\/label>\n<\/p>\n<p><label> El teu correu electr\u00f2nic (requerit)<br \/>\n<span class=\"wpcf7-form-control-wrap\" data-name=\"your-email\"><input size=\"40\" maxlength=\"400\" class=\"wpcf7-form-control wpcf7-email wpcf7-validates-as-required wpcf7-text wpcf7-validates-as-email\" aria-required=\"true\" aria-invalid=\"false\" value=\"\" type=\"email\" name=\"your-email\" \/><\/span> <\/label>\n<\/p>\n<p><label> Assumpte<br \/>\n<span class=\"wpcf7-form-control-wrap\" data-name=\"your-subject\"><input size=\"40\" maxlength=\"400\" class=\"wpcf7-form-control wpcf7-text\" aria-invalid=\"false\" value=\"\" type=\"text\" name=\"your-subject\" \/><\/span> <\/label>\n<\/p>\n<p><label> El teu missatge<br \/>\n<span class=\"wpcf7-form-control-wrap\" data-name=\"your-message\"><textarea cols=\"40\" rows=\"10\" maxlength=\"2000\" class=\"wpcf7-form-control wpcf7-textarea\" aria-invalid=\"false\" name=\"your-message\"><\/textarea><\/span> <\/label>\n<\/p>\n<p><span class=\"wpcf7-form-control-wrap\" data-name=\"acceptance-559\"><span class=\"wpcf7-form-control wpcf7-acceptance\"><span class=\"wpcf7-list-item\"><label><input type=\"checkbox\" name=\"acceptance-559\" value=\"1\" aria-invalid=\"false\" \/><span class=\"wpcf7-list-item-label\">He llegit i ACCEPTE la Pol\u00edtica de Privacitat<\/span><\/label><\/span><\/span><\/span>\n<\/p>\n<p><input class=\"wpcf7-form-control wpcf7-submit has-spinner\" type=\"submit\" value=\"Enviar\" \/>\n<\/p><div class=\"wpcf7-response-output\" aria-hidden=\"true\"><\/div>\n<input type=\"hidden\" name=\"trp-form-language\" value=\"ca\"\/><\/form>\n<\/div>\n\n<\/div><\/section><\/div>\n<\/div><\/div><\/div><!-- close content main div --><\/div><\/div><div id='after_section_2'  class='main_color av_default_container_wrap container_wrap fullsize'  ><div class='container av-section-cont-open' ><div class='template-page content  av-content-full alpha units'><div class='post-entry post-entry-type-page post-entry-20090'><div class='entry-content-wrapper clearfix'><\/p>\n<div  class='flex_column av-2s99d3-9795544c0b669689e16775029f452752 av_one_fourth  avia-builder-el-46  el_after_av_section  avia-builder-el-no-sibling  first flex_column_div'     ><\/div>","protected":false},"excerpt":{"rendered":"","protected":false},"author":3,"featured_media":0,"parent":0,"menu_order":0,"comment_status":"closed","ping_status":"closed","template":"","meta":{"footnotes":""},"class_list":["post-20090","page","type-page","status-publish","hentry"],"_links":{"self":[{"href":"https:\/\/www.fcapa-valencia.org\/ca\/wp-json\/wp\/v2\/pages\/20090","targetHints":{"allow":["GET"]}}],"collection":[{"href":"https:\/\/www.fcapa-valencia.org\/ca\/wp-json\/wp\/v2\/pages"}],"about":[{"href":"https:\/\/www.fcapa-valencia.org\/ca\/wp-json\/wp\/v2\/types\/page"}],"author":[{"embeddable":true,"href":"https:\/\/www.fcapa-valencia.org\/ca\/wp-json\/wp\/v2\/users\/3"}],"replies":[{"embeddable":true,"href":"https:\/\/www.fcapa-valencia.org\/ca\/wp-json\/wp\/v2\/comments?post=20090"}],"version-history":[{"count":5,"href":"https:\/\/www.fcapa-valencia.org\/ca\/wp-json\/wp\/v2\/pages\/20090\/revisions"}],"predecessor-version":[{"id":25316,"href":"https:\/\/www.fcapa-valencia.org\/ca\/wp-json\/wp\/v2\/pages\/20090\/revisions\/25316"}],"wp:attachment":[{"href":"https:\/\/www.fcapa-valencia.org\/ca\/wp-json\/wp\/v2\/media?parent=20090"}],"curies":[{"name":"wp","href":"https:\/\/api.w.org\/{rel}","templated":true}]}}