{"id":3639,"date":"2024-02-23T17:18:49","date_gmt":"2024-02-23T16:18:49","guid":{"rendered":"https:\/\/www.fcapa-valencia.org\/?page_id=3639"},"modified":"2024-02-23T17:19:34","modified_gmt":"2024-02-23T16:19:34","slug":"curso-23-24","status":"publish","type":"page","link":"https:\/\/www.fcapa-valencia.org\/ca\/curso-23-24\/","title":{"rendered":"curso 23-24"},"content":{"rendered":"<div id='av_section_1'  class='avia-section av-fu1zdz-9944a014b53b03616029cfbab47d9c76 main_color avia-section-default avia-no-border-styling  avia-builder-el-0  el_before_av_section  avia-builder-el-first  avia-bg-style-scroll container_wrap fullsize'  ><div class='container av-section-cont-open' ><main  role=\"main\" itemprop=\"mainContentOfPage\"  class='template-page content  av-content-full alpha units'><div class='post-entry post-entry-type-page post-entry-3639'><div class='entry-content-wrapper clearfix'>\n\n<style type=\"text\/css\" data-created_by=\"avia_inline_auto\" id=\"style-css-av-4cwg4lz-a1ec852997c51a0d2ada29680f540646\">\n#top .hr.hr-invisible.av-4cwg4lz-a1ec852997c51a0d2ada29680f540646{\nheight:10px;\n}\n<\/style>\n<div  class='hr av-4cwg4lz-a1ec852997c51a0d2ada29680f540646 hr-invisible  avia-builder-el-1  el_before_av_heading  avia-builder-el-first  av-desktop-hide av-medium-hide'><span class='hr-inner'><span class=\"hr-inner-style\"><\/span><\/span><\/div>\n\n<style type=\"text\/css\" data-created_by=\"avia_inline_auto\" id=\"style-css-av-4a77edj-611ee89adbbfb05cc62bc5e245203a6c\">\n#top .av-special-heading.av-4a77edj-611ee89adbbfb05cc62bc5e245203a6c{\npadding-bottom:10px;\n}\nbody .av-special-heading.av-4a77edj-611ee89adbbfb05cc62bc5e245203a6c .av-special-heading-tag .heading-char{\nfont-size:25px;\n}\n.av-special-heading.av-4a77edj-611ee89adbbfb05cc62bc5e245203a6c .av-subheading{\nfont-size:15px;\n}\n<\/style>\n<div  class='av-special-heading av-4a77edj-611ee89adbbfb05cc62bc5e245203a6c av-special-heading-h1 blockquote modern-quote modern-centered  avia-builder-el-2  el_after_av_hr  el_before_av_hr'><h1 class='av-special-heading-tag'  itemprop=\"headline\"  >Cursos i xarrades de formaci\u00f3 <\/h1><div class=\"special-heading-border\"><div class=\"special-heading-inner-border\"><\/div><\/div><\/div>\n\n<style type=\"text\/css\" data-created_by=\"avia_inline_auto\" id=\"style-css-av-49hy6w7-a9b97abc5d564e599d52794956b443af\">\n#top .hr.av-49hy6w7-a9b97abc5d564e599d52794956b443af{\nmargin-top:30px;\nmargin-bottom:30px;\n}\n.hr.av-49hy6w7-a9b97abc5d564e599d52794956b443af .hr-inner{\nwidth:50px;\nborder-color:#83a846;\n}\n<\/style>\n<div  class='hr av-49hy6w7-a9b97abc5d564e599d52794956b443af hr-custom  avia-builder-el-3  el_after_av_heading  el_before_av_one_fourth  hr-center hr-icon-no'><span class='hr-inner inner-border-av-border-fat'><span class=\"hr-inner-style\"><\/span><\/span><\/div>\n<div  class='flex_column av-46yo853-f776b14740a56d8f32a15c4d4c91cef8 av_one_fourth  avia-builder-el-4  el_after_av_hr  el_before_av_one_half  first flex_column_div'     ><\/div><div  class='flex_column av-f1ke3b-abd9c21a759ecc54fe337403a510e370 av_one_half  avia-builder-el-5  el_after_av_one_fourth  el_before_av_one_fourth  flex_column_div av-animated-generic bottom-to-top'     ><p>\n<style type=\"text\/css\" data-created_by=\"avia_inline_auto\" id=\"style-css-av-43qcron-f9f9a32651c628bdd246ad815f48639c\">\n#top .av-special-heading.av-43qcron-f9f9a32651c628bdd246ad815f48639c{\npadding-bottom:10px;\n}\nbody .av-special-heading.av-43qcron-f9f9a32651c628bdd246ad815f48639c .av-special-heading-tag .heading-char{\nfont-size:25px;\n}\n.av-special-heading.av-43qcron-f9f9a32651c628bdd246ad815f48639c .av-subheading{\nfont-size:15px;\n}\n<\/style>\n<div  class='av-special-heading av-43qcron-f9f9a32651c628bdd246ad815f48639c av-special-heading-h3 blockquote modern-quote modern-centered  avia-builder-el-6  el_before_av_toggle_container  avia-builder-el-first'><h3 class='av-special-heading-tag'  itemprop=\"headline\"  >FOMENT I MILLORA DE LA LECTURA<\/h3><div class=\"special-heading-border\"><div class=\"special-heading-inner-border\"><\/div><\/div><\/div><br \/>\n\n<style type=\"text\/css\" data-created_by=\"avia_inline_auto\" id=\"style-css-av-42k4a13-184a969bab9b25f816765dae86935ec6\">\n#top .togglecontainer.av-42k4a13-184a969bab9b25f816765dae86935ec6 p.toggler{\ncolor:#898989;\nbackground-color:#ffffff;\nborder-color:#ffffff;\n}\n#top .togglecontainer.av-42k4a13-184a969bab9b25f816765dae86935ec6 p.toggler .toggle_icon{\ncolor:#ffffff;\nborder-color:#ffffff;\n}\n#top .togglecontainer.av-42k4a13-184a969bab9b25f816765dae86935ec6 p.toggler .toggle_icon > span{\ncolor:#ffffff;\nborder-color:#ffffff;\n}\n#top .togglecontainer.av-42k4a13-184a969bab9b25f816765dae86935ec6 .toggle_wrap .toggle_content{\ncolor:#898989;\nbackground-color:#ffffff;\nborder-color:#ffffff;\n}\n<\/style>\n<div  class='togglecontainer av-42k4a13-184a969bab9b25f816765dae86935ec6  avia-builder-el-7  el_after_av_heading  avia-builder-el-last  toggle_close_all' >\n<section class='av_toggle_section av-40tkh7r-a22c78c297758348418e552c10bf88c0'  itemscope=\"itemscope\" itemtype=\"https:\/\/schema.org\/CreativeWork\" ><div role=\"tablist\" class=\"single_toggle\" data-tags=\"{All} {1} \"  ><p data-fake-id='#toggle-id-1' class='toggler   av-inherit-border-color'  itemprop=\"headline\"  role='tab' tabindex='0' aria-controls='toggle-id-1'><strong>Com ajudar els nostres fills a trobar i mantindre la motivaci\u00f3 (v\u00eddeo en castell\u00e0)<\/strong><img src=\"https:\/\/www.fcapa-valencia.org\/wp-content\/uploads\/2023\/05\/loguito2.png\"  \/> <span class=\"toggle_icon\"><span class=\"vert_icon\"><\/span><span class=\"hor_icon\"><\/span><\/span><\/p><div id='toggle-id-1' class='toggle_wrap'  ><div class='toggle_content invers-color av-inherit-border-color'  itemprop=\"text\" ><p><em>Contingut<\/em><\/p>\n<ol>\n<li>La motivaci\u00f3:\n<ol>\n<li>Qu\u00e8 \u00e9s?,Qu\u00e8 ens motiva i per qu\u00e8?, Com es motiva?<\/li>\n<\/ol>\n<\/li>\n<li>Els principals trets de personalitat.<\/li>\n<li>Difer\u00e8ncies b\u00e0siques segons edats.<\/li>\n<li>Motivaci\u00f3 personalitzada:\n<ol>\n<li>Compet\u00e8ncies a desenrotllar per a motivar.<\/li>\n<li>Com motivar a cada fill?<\/li>\n<\/ol>\n<\/li>\n<li>Ferramentes educatives per a motivar.<\/li>\n<\/ol>\n<div class='avia-iframe-wrap'><iframe loading=\"lazy\" title=\"Com ajudar els nostres fills a trobar i mantindre la motivaci\u00f3 (v\u00eddeo en castell\u00e0)\" width=\"1500\" height=\"844\" src=\"https:\/\/www.youtube.com\/embed\/jtwIdS9mLkI?feature=oembed\" frameborder=\"0\" allow=\"accelerometer; autoplay; clipboard-write; encrypted-media; gyroscope; picture-in-picture; web-share\" referrerpolicy=\"strict-origin-when-cross-origin\" allowfullscreen><\/iframe><\/div>\n<\/div><\/div><\/div><\/section>\n<section class='av_toggle_section av-3yqud2v-06ad4285d54148a8b882a7c37f3e95f9'  itemscope=\"itemscope\" itemtype=\"https:\/\/schema.org\/CreativeWork\" ><div role=\"tablist\" class=\"single_toggle\" data-tags=\"{All} \"  ><p data-fake-id='#toggle-id-2' class='toggler   av-inherit-border-color'  itemprop=\"headline\"  role='tab' tabindex='0' aria-controls='toggle-id-2'><strong>C\u00f3mo fomentar la lectura y lecturas recomendadas seg\u00fan la edad<\/strong><span class=\"toggle_icon\"><span class=\"vert_icon\"><\/span><span class=\"hor_icon\"><\/span><\/span><\/p><div id='toggle-id-2' class='toggle_wrap'  ><div class='toggle_content invers-color av-inherit-border-color'  itemprop=\"text\" ><p><em>Contingut <\/em><\/p>\n<ol>\n<li>Diversas perspectivas sobre la animaci\u00f3n lectora.<\/li>\n<li>Recursos y elementos necesarios para animar a la lectura.<\/li>\n<li>Lecturas recomendadas seg\u00fan edad:\n<ol>\n<li>Recomendaciones para la etapa infantil<\/li>\n<li>Recomendaciones para la etapa de primaria<\/li>\n<li>Recomendaciones sobre literatura juvenil<\/li>\n<\/ol>\n<\/li>\n<\/ol>\n<\/div><\/div><\/div><\/section>\n<section class='av_toggle_section av-3xv8oaf-e5929e37aa5a2ad244c60b33b2f26b8c'  itemscope=\"itemscope\" itemtype=\"https:\/\/schema.org\/CreativeWork\" ><div role=\"tablist\" class=\"single_toggle\" data-tags=\"{All} \"  ><p data-fake-id='#toggle-id-3' class='toggler   av-inherit-border-color'  itemprop=\"headline\"  role='tab' tabindex='0' aria-controls='toggle-id-3'><strong>La parla en la inf\u00e0ncia i la lectura falda<\/strong><span class=\"toggle_icon\"><span class=\"vert_icon\"><\/span><span class=\"hor_icon\"><\/span><\/span><\/p><div id='toggle-id-3' class='toggle_wrap'  ><div class='toggle_content invers-color av-inherit-border-color'  itemprop=\"text\" ><\/div><\/div><\/div><\/section>\n<section class='av_toggle_section av-3w1erxj-05399ef6bf8acb9060e93862d2dc2a4a'  itemscope=\"itemscope\" itemtype=\"https:\/\/schema.org\/CreativeWork\" ><div role=\"tablist\" class=\"single_toggle\" data-tags=\"{All} \"  ><p data-fake-id='#toggle-id-4' class='toggler   av-inherit-border-color'  itemprop=\"headline\"  role='tab' tabindex='0' aria-controls='toggle-id-4'><strong>La import\u00e0ncia de la lectura en el desenrotllament del xiquet<\/strong><span class=\"toggle_icon\"><span class=\"vert_icon\"><\/span><span class=\"hor_icon\"><\/span><\/span><\/p><div id='toggle-id-4' class='toggle_wrap'  ><div class='toggle_content invers-color av-inherit-border-color'  itemprop=\"text\" ><p><em>Contingut <\/em><\/p>\n<ol>\n<li>El cervell en desenrotllament (0-18 anys):\n<ol>\n<li>Canvis cerebrals en xiquets normals versus xiquets lectors.<\/li>\n<\/ol>\n<\/li>\n<li>Tipus de lectura:\n<ol>\n<li>Compartida, oral, subvocal, r\u00e0pida, seq\u00fcencial, \u2026.<\/li>\n<\/ol>\n<\/li>\n<li>Beneficis de la lectura.<\/li>\n<li>Fomentar l'inter\u00e9s de la lectura en xiquets a trav\u00e9s de pel\u00b7l\u00edcules:\n<ol>\n<li>Clau: entendre + identificar-se amb el protagonista + vehicle per a viure hist\u00f2ries incre\u00efbles.<\/li>\n<li>Pel\u00b7l\u00edcules que fomenten la lectura.<\/li>\n<\/ol>\n<\/li>\n<\/ol>\n<\/div><\/div><\/div><\/section>\n<section class='av_toggle_section av-3ub9jt3-d052aa150b47cbf438a2dc455a4ca4b2'  itemscope=\"itemscope\" itemtype=\"https:\/\/schema.org\/CreativeWork\" ><div role=\"tablist\" class=\"single_toggle\" data-tags=\"{All} \"  ><p data-fake-id='#toggle-id-5' class='toggler   av-inherit-border-color'  itemprop=\"headline\"  role='tab' tabindex='0' aria-controls='toggle-id-5'><strong>Mejora de las habilidades lectoras en ni\u00f1os con trastornos del leguaje y del habla<\/strong><span class=\"toggle_icon\"><span class=\"vert_icon\"><\/span><span class=\"hor_icon\"><\/span><\/span><\/p><div id='toggle-id-5' class='toggle_wrap'  ><div class='toggle_content invers-color av-inherit-border-color'  itemprop=\"text\" ><p><em>Contingut<\/em><\/p>\n<ol>\n<li>Establecer marco conceptual de las dificultades de lectura. Cabe diferenciar entre las dificultades en la adquisici\u00f3n de la lectura y la dislexia.<\/li>\n<li>Establecer marco conceptual de los trastornos de habla y lenguaje.<\/li>\n<li>Relacionar los trastornos del habla y del lenguaje con las dificultades en la adquisici\u00f3n de la lectura. De manera que se evidencie que muchas de las dificultades en la adquisici\u00f3n de la lectoescritura tienen como base un trastorno en la adquisici\u00f3n del lenguaje<\/li>\n<li>Mejorar en proceso lector a trav\u00e9s de la intervenci\u00f3n en las dificultades de habla y de lenguaje. Dotar al docente de diferentes estrategias metodol\u00f3gicas y herramientas tecnol\u00f3gicas.<\/li>\n<\/ol>\n<\/div><\/div><\/div><\/section>\n<section class='av_toggle_section av-3ry7s1j-26bd7bb1931b98d48853e4b487092356'  itemscope=\"itemscope\" itemtype=\"https:\/\/schema.org\/CreativeWork\" ><div role=\"tablist\" class=\"single_toggle\" data-tags=\"{All} \"  ><p data-fake-id='#toggle-id-6' class='toggler   av-inherit-border-color'  itemprop=\"headline\"  role='tab' tabindex='0' aria-controls='toggle-id-6'><strong>El meu fill no llig, qu\u00e8 puc fer? (v\u00eddeo en castell\u00e0)<\/strong><img src=\"https:\/\/www.fcapa-valencia.org\/wp-content\/uploads\/2023\/05\/loguito2.png\"  \/> <span class=\"toggle_icon\"><span class=\"vert_icon\"><\/span><span class=\"hor_icon\"><\/span><\/span><\/p><div id='toggle-id-6' class='toggle_wrap'  ><div class='toggle_content invers-color av-inherit-border-color'  itemprop=\"text\" ><p><em>Contingut<\/em>:<\/p>\n<ol>\n<li>Els beneficis pr\u00e0ctics de la lectura.<\/li>\n<li>Consells pr\u00e0ctics per a motivar a la lectura per edats (des de 0 a 18 anys).<\/li>\n<li>Consells pr\u00e0ctics generals per a aconseguir una fam\u00edlia aficionada a la lectura.<\/li>\n<li>Ebook, comics o llibre en paper?<\/li>\n<li>Llibres amb valors versus llibres t\u00f2xics.<\/li>\n<li>Com trobar llibres alineats amb els valors que vols educar?<\/li>\n<\/ol>\n<div class='avia-iframe-wrap'><iframe loading=\"lazy\" title=\"El meu fill no llig, qu\u00e8 puc fer? (v\u00eddeo en castell\u00e0)\" width=\"1500\" height=\"844\" src=\"https:\/\/www.youtube.com\/embed\/RK0H4-2YWrw?feature=oembed\" frameborder=\"0\" allow=\"accelerometer; autoplay; clipboard-write; encrypted-media; gyroscope; picture-in-picture; web-share\" referrerpolicy=\"strict-origin-when-cross-origin\" allowfullscreen><\/iframe><\/div>\n<p style=\"text-align: center;\">\n<\/div><\/div><\/div><\/section>\n<\/div><\/p><\/div><div  class='flex_column av-3qo0yxj-d8057b2ce2de69f941fe57044dd464dc av_one_fourth  avia-builder-el-8  el_after_av_one_half  el_before_av_one_fourth  flex_column_div'     ><\/div><div  class='flex_column av-3ptgsg7-ec3e49a48076422bb6c6372dc389377a av_one_fourth  avia-builder-el-9  el_after_av_one_fourth  el_before_av_one_half  first flex_column_div  column-top-margin'     ><\/div><div  class='flex_column av-3o9jjlj-e6d42f58791937ddbf862c78b9c957e3 av_one_half  avia-builder-el-10  el_after_av_one_fourth  el_before_av_one_fourth  flex_column_div av-animated-generic fade-in  column-top-margin'     ><p>\n<style type=\"text\/css\" data-created_by=\"avia_inline_auto\" id=\"style-css-av-3mkq45j-dc649b60026533a8988a8ba5726a0d1c\">\n#top .av-special-heading.av-3mkq45j-dc649b60026533a8988a8ba5726a0d1c{\npadding-bottom:10px;\n}\nbody .av-special-heading.av-3mkq45j-dc649b60026533a8988a8ba5726a0d1c .av-special-heading-tag .heading-char{\nfont-size:25px;\n}\n.av-special-heading.av-3mkq45j-dc649b60026533a8988a8ba5726a0d1c .av-subheading{\nfont-size:15px;\n}\n<\/style>\n<div  class='av-special-heading av-3mkq45j-dc649b60026533a8988a8ba5726a0d1c av-special-heading-h3 blockquote modern-quote modern-centered  avia-builder-el-11  el_before_av_toggle_container  avia-builder-el-first'><h3 class='av-special-heading-tag'  itemprop=\"headline\"  >SENSIBILITZACI\u00d3 PER A LA CONVIV\u00c8NCIA ESCOLAR<\/h3><div class=\"special-heading-border\"><div class=\"special-heading-inner-border\"><\/div><\/div><\/div><br \/>\n\n<style type=\"text\/css\" data-created_by=\"avia_inline_auto\" id=\"style-css-av-3kwfrfr-5a72092d8567065874bd6c7c3431e83e\">\n#top .togglecontainer.av-3kwfrfr-5a72092d8567065874bd6c7c3431e83e p.toggler{\ncolor:#898989;\nbackground-color:#ffffff;\nborder-color:#ffffff;\n}\n#top .togglecontainer.av-3kwfrfr-5a72092d8567065874bd6c7c3431e83e p.toggler .toggle_icon{\ncolor:#ffffff;\nborder-color:#ffffff;\n}\n#top .togglecontainer.av-3kwfrfr-5a72092d8567065874bd6c7c3431e83e p.toggler .toggle_icon > span{\ncolor:#ffffff;\nborder-color:#ffffff;\n}\n#top .togglecontainer.av-3kwfrfr-5a72092d8567065874bd6c7c3431e83e .toggle_wrap .toggle_content{\ncolor:#898989;\nbackground-color:#ffffff;\nborder-color:#ffffff;\n}\n<\/style>\n<div  class='togglecontainer av-3kwfrfr-5a72092d8567065874bd6c7c3431e83e  avia-builder-el-12  el_after_av_heading  el_before_av_hr  toggle_close_all' >\n<section class='av_toggle_section av-3ia0ubr-c23b1452e239dcd57c6cf2843616d3b4'  itemscope=\"itemscope\" itemtype=\"https:\/\/schema.org\/CreativeWork\" ><div role=\"tablist\" class=\"single_toggle\" data-tags=\"{All} \"  ><p data-fake-id='#toggle-id-7' class='toggler   av-inherit-border-color'  itemprop=\"headline\"  role='tab' tabindex='0' aria-controls='toggle-id-7'><strong>Assetjament escolar: prevenci\u00f3, detecci\u00f3 i intervenci\u00f3<\/strong><span class=\"toggle_icon\"><span class=\"vert_icon\"><\/span><span class=\"hor_icon\"><\/span><\/span><\/p><div id='toggle-id-7' class='toggle_wrap'  ><div class='toggle_content invers-color av-inherit-border-color'  itemprop=\"text\" ><p><em>Contingut <\/em><\/p>\n<ol>\n<li>Concepte i definici\u00f3<\/li>\n<li>Algunes ferramentes amb les quals comptem<\/li>\n<li>An\u00e0lisi de la v\u00edctima i l'agressor<\/li>\n<li>El centre escolar, responsabilitat i obligacions<\/li>\n<li>Situaci\u00f3 a Espanya<\/li>\n<li>Com detectar el problema? Senyals d'alerta<\/li>\n<li>Algunes pautes d'actuaci\u00f3<\/li>\n<\/ol>\n<\/div><\/div><\/div><\/section>\n<section class='av_toggle_section av-3hdkafb-21215e039f0fbb147b75c7f150b20bb6'  itemscope=\"itemscope\" itemtype=\"https:\/\/schema.org\/CreativeWork\" ><div role=\"tablist\" class=\"single_toggle\" data-tags=\"{All} \"  ><p data-fake-id='#toggle-id-8' class='toggler   av-inherit-border-color'  itemprop=\"headline\"  role='tab' tabindex='0' aria-controls='toggle-id-8'><strong>Adicciones a las nuevas tecnolog\u00edas entre los j\u00f3venes<\/strong><span class=\"toggle_icon\"><span class=\"vert_icon\"><\/span><span class=\"hor_icon\"><\/span><\/span><\/p><div id='toggle-id-8' class='toggle_wrap'  ><div class='toggle_content invers-color av-inherit-border-color'  itemprop=\"text\" ><p><em>Contingut<\/em><\/p>\n<ol>\n<li>\u00bfQu\u00e9 son conductas adictivas?<\/li>\n<li>\u00bfQu\u00e9 es una adicci\u00f3n?<\/li>\n<li>Tipos de conductas adictivas sin sustancias: televisi\u00f3n, videojuegos, internet, redes sociales, m\u00f3vil, vigorexia, bulimia, anorexia, ludopat\u00eda, shopping, etc\u2026<\/li>\n<li>\u00bfC\u00f3mo se genera una adicci\u00f3n?<\/li>\n<li>Causas de las conductas adictivas<\/li>\n<li>\u00bfC\u00f3mo prevenir?<\/li>\n<\/ol>\n<\/div><\/div><\/div><\/section>\n<section class='av_toggle_section av-cbo33b-4b17fcf88a594f1de9da41420259e834'  itemscope=\"itemscope\" itemtype=\"https:\/\/schema.org\/CreativeWork\" ><div role=\"tablist\" class=\"single_toggle\" data-tags=\"{All} \"  ><p data-fake-id='#toggle-id-9' class='toggler   av-inherit-border-color'  itemprop=\"headline\"  role='tab' tabindex='0' aria-controls='toggle-id-9'><strong>Adolesc\u00e8ncia: temps de conflictes i oportunitats<\/strong><span class=\"toggle_icon\"><span class=\"vert_icon\"><\/span><span class=\"hor_icon\"><\/span><\/span><\/p><div id='toggle-id-9' class='toggle_wrap'  ><div class='toggle_content invers-color av-inherit-border-color'  itemprop=\"text\" ><p><em>Contingut<\/em><\/p>\n<ol>\n<li>L'adolesc\u00e8ncia: Temps d'oportunitats.<\/li>\n<li>Com acompanyar a l'adolescent en el seu creixement?<\/li>\n<li>Canvis visibles-canvis encoberts.<\/li>\n<li>L'educaci\u00f3 de l'adolescent en un context dones-educatiu.<\/li>\n<li>La comunicaci\u00f3 familiar.<\/li>\n<\/ol>\n<\/div><\/div><\/div><\/section>\n<section class='av_toggle_section av-3dgpcev-f475230b7e5be7941147f9e72cc9650a'  itemscope=\"itemscope\" itemtype=\"https:\/\/schema.org\/CreativeWork\" ><div role=\"tablist\" class=\"single_toggle\" data-tags=\"{All} \"  ><p data-fake-id='#toggle-id-10' class='toggler   av-inherit-border-color'  itemprop=\"headline\"  role='tab' tabindex='0' aria-controls='toggle-id-10'><strong>Adolesc\u00e8ncia i cervell: una bella realitat? (v\u00eddeo en castell\u00e0)<\/strong><img src=\"https:\/\/www.fcapa-valencia.org\/wp-content\/uploads\/2023\/05\/loguito2.png\"  \/> <span class=\"toggle_icon\"><span class=\"vert_icon\"><\/span><span class=\"hor_icon\"><\/span><\/span><\/p><div id='toggle-id-10' class='toggle_wrap'  ><div class='toggle_content invers-color av-inherit-border-color'  itemprop=\"text\" ><p><em>Contingut <\/em><\/p>\n<ul>\n<li>Con\u00e9ixer les peculiaritats pr\u00f2pies dels adolescents, quins s\u00f3n els canvis f\u00edsics, ps\u00edquics, socials\u2026<\/li>\n<li>Entendre que s\u00f3n molts els canvis cerebrals en l'adolesc\u00e8ncia i que aix\u00f2 comporta a canvis en els h\u00e0bits: dormir m\u00e9s, menjar m\u00e9s, exaltaci\u00f3 del car\u00e0cter, necessitat d'expressar les seues opinions etc.<\/li>\n<li>Reflexionar quant a l'educaci\u00f3 dels pares, quina posici\u00f3 he de prendre, si el meu fill ha canviat com puc suportar-lo, explorar un cam\u00ed a l'entesa.<\/li>\n<li>Un dels perills de l'adolesc\u00e8ncia \u00e9s l'addicci\u00f3 a pantalles, la qual es retroalimenta amb altres perills com la depressi\u00f3, l'estr\u00e9s o l'ansietat.<\/li>\n<\/ul>\n<div class='avia-iframe-wrap'><iframe loading=\"lazy\" title=\"Adolescencia y cerebro:\u00bfUna bella realidad?\" width=\"1500\" height=\"844\" src=\"https:\/\/www.youtube.com\/embed\/hNWUNMSS6ZU?feature=oembed\" frameborder=\"0\" allow=\"accelerometer; autoplay; clipboard-write; encrypted-media; gyroscope; picture-in-picture; web-share\" referrerpolicy=\"strict-origin-when-cross-origin\" allowfullscreen><\/iframe><\/div>\n<\/div><\/div><\/div><\/section>\n<section class='av_toggle_section av-3b95m9z-6d39b9468c013b7348c37bca9f9764c4'  itemscope=\"itemscope\" itemtype=\"https:\/\/schema.org\/CreativeWork\" ><div role=\"tablist\" class=\"single_toggle\" data-tags=\"{All} \"  ><p data-fake-id='#toggle-id-11' class='toggler   av-inherit-border-color'  itemprop=\"headline\"  role='tab' tabindex='0' aria-controls='toggle-id-11'><strong>Autolesions i ideaci\u00f3 su\u00efcida: qu\u00e8 els passa als nostres adolescents? (v\u00eddeo en castell\u00e0)<\/strong><img src=\"https:\/\/www.fcapa-valencia.org\/wp-content\/uploads\/2023\/05\/loguito2.png\"  \/> <span class=\"toggle_icon\"><span class=\"vert_icon\"><\/span><span class=\"hor_icon\"><\/span><\/span><\/p><div id='toggle-id-11' class='toggle_wrap'  ><div class='toggle_content invers-color av-inherit-border-color'  itemprop=\"text\" ><p><em>Contingut<\/em><\/p>\n<ol>\n<li>Autolesions: Definici\u00f3 i tipologia.<\/li>\n<li>De qu\u00e8 ens parlen les autolesions? Qu\u00e8 hi ha a la base de les autolesions?\n<ul>\n<li>Trastorns de personalitat: Breu introducci\u00f3. Tipologia. Criteris DSM V. Trets de personalitat Cluster B.<\/li>\n<\/ul>\n<\/li>\n<li>Breu introducci\u00f3 a conceptes claus: Factors de vulnerabilitat. Vulnerabilitat biol\u00f2gica + ambients invalidants.<\/li>\n<li>Per qu\u00e8 es mantenen les autolesions?: Funcionalitat del s\u00edmptoma\u2026\u2026import\u00e0ncia de valorar com la funci\u00f3 de l'autolesi\u00f3 de cara a l'abordatge terap\u00e8utic adequat.<\/li>\n<\/ol>\n<div class='avia-iframe-wrap'><iframe loading=\"lazy\" title=\"Autolesiones e ideaci\u00f3n suicida:\u00bfqu\u00e9 les pasa a nuestros adolescentes?\" width=\"1500\" height=\"844\" src=\"https:\/\/www.youtube.com\/embed\/y8XK3nCFbvg?feature=oembed\" frameborder=\"0\" allow=\"accelerometer; autoplay; clipboard-write; encrypted-media; gyroscope; picture-in-picture; web-share\" referrerpolicy=\"strict-origin-when-cross-origin\" allowfullscreen><\/iframe><\/div>\n<\/div><\/div><\/div><\/section>\n<section class='av_toggle_section av-3b0ph7b-c6f96520c55de39f22bd5a3ec500d4fa'  itemscope=\"itemscope\" itemtype=\"https:\/\/schema.org\/CreativeWork\" ><div role=\"tablist\" class=\"single_toggle\" data-tags=\"{All} \"  ><p data-fake-id='#toggle-id-12' class='toggler   av-inherit-border-color'  itemprop=\"headline\"  role='tab' tabindex='0' aria-controls='toggle-id-12'><strong>Claves para ser madre de un adolescente sin perder la calma<\/strong><img src=\"https:\/\/www.fcapa-valencia.org\/wp-content\/uploads\/2023\/05\/loguito2.png\"  \/> <span class=\"toggle_icon\"><span class=\"vert_icon\"><\/span><span class=\"hor_icon\"><\/span><\/span><\/p><div id='toggle-id-12' class='toggle_wrap'  ><div class='toggle_content invers-color av-inherit-border-color'  itemprop=\"text\" ><p><em>Contingut<\/em><\/p>\n<ul>\n<li>La adolescencia ha venido y nadie sabe c\u00f3mo ha sido.<\/li>\n<li>Autocritas y potestas: \u00a1Padres, sed quienes sois!<\/li>\n<li>Identidad personal.<\/li>\n<li>Factores para crecer bien.<\/li>\n<li>Ideas.<\/li>\n<\/ul>\n<div class='avia-iframe-wrap'><iframe loading=\"lazy\" title=\"Claves para ser madre de un adolescente y no perder la calma\" width=\"1500\" height=\"844\" src=\"https:\/\/www.youtube.com\/embed\/YhXvp92R5uM?feature=oembed\" frameborder=\"0\" allow=\"accelerometer; autoplay; clipboard-write; encrypted-media; gyroscope; picture-in-picture; web-share\" referrerpolicy=\"strict-origin-when-cross-origin\" allowfullscreen><\/iframe><\/div>\n<\/div><\/div><\/div><\/section>\n<section class='av_toggle_section av-393t72v-a7f9a1b88591b1691264a4335a88b7b0'  itemscope=\"itemscope\" itemtype=\"https:\/\/schema.org\/CreativeWork\" ><div role=\"tablist\" class=\"single_toggle\" data-tags=\"{All} \"  ><p data-fake-id='#toggle-id-13' class='toggler   av-inherit-border-color'  itemprop=\"headline\"  role='tab' tabindex='0' aria-controls='toggle-id-13'><strong>Compartiendo espacios de prevenci\u00f3n en adolescentes: consumo, adicciones a las TICS y claves para su educaci\u00f3n<\/strong><span class=\"toggle_icon\"><span class=\"vert_icon\"><\/span><span class=\"hor_icon\"><\/span><\/span><\/p><div id='toggle-id-13' class='toggle_wrap'  ><div class='toggle_content invers-color av-inherit-border-color'  itemprop=\"text\" ><p><em>Contingut<\/em><em>:<\/em><\/p>\n<ul>\n<li>Informar de las drogas m\u00e1s consumidas por los j\u00f3venes y sus efectos.<\/li>\n<li>Dotar de herramientas para mejorar la comunicaci\u00f3n con los hijos e hijas adolescentes.<\/li>\n<li>Concienciar de la importancia de tener l\u00edmites y normas en los estilos educativos Parentales.<\/li>\n<li>Facilitar recursos para detectar la adicci\u00f3n a las TIC.<\/li>\n<li>Concienciar acerca de c\u00f3mo el uso de las TIC por parte de los adultos en el \u00e1mbito familiar influye en nuestros hijos e hijas.<\/li>\n<li>Ofrecer pautas eficaces para reducir el tiempo dedicado a las TIC.<\/li>\n<li>Entender los cambios fisiol\u00f3gicos, cognitivos y sociales por los que atraviesan los adolescentes.<\/li>\n<li>Proporcionar herramientas para tener una mejor relaci\u00f3n con nuestros hijos e hijas.<\/li>\n<li>Concienciar de la importancia de la educaci\u00f3n positiva.<\/li>\n<\/ul>\n<\/div><\/div><\/div><\/section>\n<section class='av_toggle_section av-3797ncn-ff66b89f659f3453fd21a15bc6a34730'  itemscope=\"itemscope\" itemtype=\"https:\/\/schema.org\/CreativeWork\" ><div role=\"tablist\" class=\"single_toggle\" data-tags=\"{All} \"  ><p data-fake-id='#toggle-id-14' class='toggler   av-inherit-border-color'  itemprop=\"headline\"  role='tab' tabindex='0' aria-controls='toggle-id-14'><strong>Conductes addictives i adolesc\u00e8ncia<\/strong><span class=\"toggle_icon\"><span class=\"vert_icon\"><\/span><span class=\"hor_icon\"><\/span><\/span><\/p><div id='toggle-id-14' class='toggle_wrap'  ><div class='toggle_content invers-color av-inherit-border-color'  itemprop=\"text\" ><p><em>Contingut<\/em><\/p>\n<ul>\n<li>Damos un barrido general sobre las conductas de riesgo en la sociedad actual, y nombramos todas las adicciones, con y sin sustancia, hablamos claro y sin tapujos, hablamos con datos cient\u00edficamente validados (FAD) y con la prensa en la mano. Es demasiado peligroso lo que est\u00e1 ocurriendo en nuestra sociedad con unas consecuencias devastadoras para nuestro tejido juvenil, como para no hacerle frente sin tapujos.<\/li>\n<\/ul>\n<\/div><\/div><\/div><\/section>\n<section class='av_toggle_section av-35lwvhz-754c0153c5ad9030a6927a3e707c6f45'  itemscope=\"itemscope\" itemtype=\"https:\/\/schema.org\/CreativeWork\" ><div role=\"tablist\" class=\"single_toggle\" data-tags=\"{All} \"  ><p data-fake-id='#toggle-id-15' class='toggler   av-inherit-border-color'  itemprop=\"headline\"  role='tab' tabindex='0' aria-controls='toggle-id-15'><strong>Disciplina i autoritat: com establir l\u00edmits<\/strong><img src=\"https:\/\/www.fcapa-valencia.org\/wp-content\/uploads\/2023\/05\/loguito2.png\"  \/> <span class=\"toggle_icon\"><span class=\"vert_icon\"><\/span><span class=\"hor_icon\"><\/span><\/span><\/p><div id='toggle-id-15' class='toggle_wrap'  ><div class='toggle_content invers-color av-inherit-border-color'  itemprop=\"text\" ><p><em>Contingut <\/em><\/p>\n<ol>\n<li>Qu\u00e8 \u00e9s l'autoritat?<\/li>\n<li>Per qu\u00e8 exercir l'autoritat?<\/li>\n<li>Qu\u00e8 s\u00f3n els l\u00edmits i les normes?\n<ol>\n<li>Per a qu\u00e8 servixen?<\/li>\n<li>Quants s\u00f3n els adequats?<\/li>\n<\/ol>\n<\/li>\n<li>Per qu\u00e8 ens costa tant posar l\u00edmits?<\/li>\n<li>Errors freq\u00fcents<\/li>\n<li>Actuacions concretes i positives<\/li>\n<\/ol>\n<div class='avia-iframe-wrap'><iframe loading=\"lazy\" title=\"&quot;Disciplina y autoridad: C\u00f3mo establecer l\u00edmites&quot; y otras...\" width=\"1500\" height=\"844\" src=\"https:\/\/www.youtube.com\/embed\/KZu-uqaKlKA?feature=oembed\" frameborder=\"0\" allow=\"accelerometer; autoplay; clipboard-write; encrypted-media; gyroscope; picture-in-picture; web-share\" referrerpolicy=\"strict-origin-when-cross-origin\" allowfullscreen><\/iframe><\/div>\n<\/div><\/div><\/div><\/section>\n<section class='av_toggle_section av-14bc6f-7cbe692c726dc0e69413384d6cf21cca'  itemscope=\"itemscope\" itemtype=\"https:\/\/schema.org\/CreativeWork\" ><div role=\"tablist\" class=\"single_toggle\" data-tags=\"{All} \"  ><p data-fake-id='#toggle-id-16' class='toggler   av-inherit-border-color'  itemprop=\"headline\"  role='tab' tabindex='0' aria-controls='toggle-id-16'><strong>Educar en la tempran\u00e7a i la fortalesa<\/strong><span class=\"toggle_icon\"><span class=\"vert_icon\"><\/span><span class=\"hor_icon\"><\/span><\/span><\/p><div id='toggle-id-16' class='toggle_wrap'  ><div class='toggle_content invers-color av-inherit-border-color'  itemprop=\"text\" ><p><em>Contingut<\/em><\/p>\n<ol>\n<li>La fi \u00faltima de l'educaci\u00f3.<\/li>\n<li>Felicitat i sofriment.<\/li>\n<li>Hiperpaternidad i sobreprotecci\u00f3.<\/li>\n<li>La import\u00e0ncia d'educar en la fortalesa.<\/li>\n<li>La import\u00e0ncia d'educar en la moderaci\u00f3.<\/li>\n<li>Accions pr\u00e0ctiques per a educar fills forts.<\/li>\n<\/ol>\n<\/div><\/div><\/div><\/section>\n<section class='av_toggle_section av-32n6hvr-17b6e9e0296b735542b685a747cfffea'  itemscope=\"itemscope\" itemtype=\"https:\/\/schema.org\/CreativeWork\" ><div role=\"tablist\" class=\"single_toggle\" data-tags=\"{All} \"  ><p data-fake-id='#toggle-id-17' class='toggler   av-inherit-border-color'  itemprop=\"headline\"  role='tab' tabindex='0' aria-controls='toggle-id-17'><strong>La comunicaci\u00f3 i l'escolta activa<\/strong><span class=\"toggle_icon\"><span class=\"vert_icon\"><\/span><span class=\"hor_icon\"><\/span><\/span><\/p><div id='toggle-id-17' class='toggle_wrap'  ><div class='toggle_content invers-color av-inherit-border-color'  itemprop=\"text\" ><p><em>Contingut<\/em><\/p>\n<ol>\n<li>L'acte comunicatiu: Comunicaci\u00f3 i escolta<\/li>\n<li>Degradaci\u00f3 del proc\u00e9s de comunicaci\u00f3<\/li>\n<li>Obstacles per a la comunicaci\u00f3<\/li>\n<li>Tipus de comunicaci\u00f3: Verbal i no verbal<\/li>\n<li>Regles b\u00e0siques de l'escolta activa<\/li>\n<li>Aspectes que milloren la comunicaci\u00f3<\/li>\n<li>Per qu\u00e8 \u00e9s important escoltar de manera activa?<\/li>\n<\/ol>\n<\/div><\/div><\/div><\/section>\n<section class='av_toggle_section av-2ztddfr-aaa47ad62a35a235d9a3da9d4d2103d3'  itemscope=\"itemscope\" itemtype=\"https:\/\/schema.org\/CreativeWork\" ><div role=\"tablist\" class=\"single_toggle\" data-tags=\"{All} \"  ><p data-fake-id='#toggle-id-18' class='toggler   av-inherit-border-color'  itemprop=\"headline\"  role='tab' tabindex='0' aria-controls='toggle-id-18'><strong>L'educaci\u00f3 emocional i l'autoestima en el xiquet i l'adolescent<\/strong><span class=\"toggle_icon\"><span class=\"vert_icon\"><\/span><span class=\"hor_icon\"><\/span><\/span><\/p><div id='toggle-id-18' class='toggle_wrap'  ><div class='toggle_content invers-color av-inherit-border-color'  itemprop=\"text\" ><p><em>Contingut<\/em><\/p>\n<ol>\n<li>Qu\u00e8 \u00e9s la intel\u00b7lig\u00e8ncia emocional?<\/li>\n<li>La realitat emocional de la fam\u00edlia.<\/li>\n<li>La import\u00e0ncia d'educar les emocions.<\/li>\n<li>Compet\u00e8ncies de la intel\u00b7lig\u00e8ncia emocional:\n<ol>\n<li>Personals: autoconeixement, autoregulaci\u00f3 i automotivaci\u00f3.<\/li>\n<li>Socials: Empatia i habilitats socials<\/li>\n<\/ol>\n<\/li>\n<li>Beneficis de l'educaci\u00f3 emocional.<\/li>\n<li>La comunicaci\u00f3 com a base de la relaci\u00f3 humana:\n<ol>\n<li>Tipus de comunicaci\u00f3<\/li>\n<li>La comunicaci\u00f3 en la fam\u00edlia<\/li>\n<li>Principals estils de comunicaci\u00f3 i estils emocionals<\/li>\n<\/ol>\n<\/li>\n<li>L'autoestima com a valor de la pr\u00f2pia persona.<\/li>\n<li>Estrat\u00e8gies per a millorar la comunicaci\u00f3 familiar.<\/li>\n<li>Consells pr\u00e0ctics per a millorar l'autoestima.<\/li>\n<\/ol>\n<\/div><\/div><\/div><\/section>\n<section class='av_toggle_section av-2y5yqp3-c54cc21af309579e394fa0cd2fcf153c'  itemscope=\"itemscope\" itemtype=\"https:\/\/schema.org\/CreativeWork\" ><div role=\"tablist\" class=\"single_toggle\" data-tags=\"{All} \"  ><p data-fake-id='#toggle-id-19' class='toggler   av-inherit-border-color'  itemprop=\"headline\"  role='tab' tabindex='0' aria-controls='toggle-id-19'><strong>L'educaci\u00f3 i la transmissi\u00f3 de valors<\/strong><span class=\"toggle_icon\"><span class=\"vert_icon\"><\/span><span class=\"hor_icon\"><\/span><\/span><\/p><div id='toggle-id-19' class='toggle_wrap'  ><div class='toggle_content invers-color av-inherit-border-color'  itemprop=\"text\" ><p><em>Contingut <\/em><\/p>\n<ol>\n<li>Qu\u00e8 \u00e9s un valor?<\/li>\n<li>El valor: La persona\n<ol>\n<li>\u00a0Valors<\/li>\n<li>Actituds<\/li>\n<li>Conductes<\/li>\n<\/ol>\n<\/li>\n<li>Altruisme.<\/li>\n<li>Psicologia del xiquet i l'adolescent.<\/li>\n<li>Variables que faciliten la prosocialidad.<\/li>\n<li>Educaci\u00f3 prosocial a l'aula.<\/li>\n<li>Educaci\u00f3 prosocial en la fam\u00edlia.<\/li>\n<li>Directrius per als pares.<\/li>\n<\/ol>\n<\/div><\/div><\/div><\/section>\n<section class='av_toggle_section av-2xh86if-acf7a65fe3503956ae715bd1832892d1'  itemscope=\"itemscope\" itemtype=\"https:\/\/schema.org\/CreativeWork\" ><div role=\"tablist\" class=\"single_toggle\" data-tags=\"{All} \"  ><p data-fake-id='#toggle-id-20' class='toggler   av-inherit-border-color'  itemprop=\"headline\"  role='tab' tabindex='0' aria-controls='toggle-id-20'><strong>Els meus fills i les seues xarxes socials: educaci\u00f3 i prevenci\u00f3 de l'assetjament derivat del seu \u00fas (v\u00eddeo en castell\u00e0)<\/strong><img src=\"https:\/\/www.fcapa-valencia.org\/wp-content\/uploads\/2023\/05\/loguito2.png\"  \/> <span class=\"toggle_icon\"><span class=\"vert_icon\"><\/span><span class=\"hor_icon\"><\/span><\/span><\/p><div id='toggle-id-20' class='toggle_wrap'  ><div class='toggle_content invers-color av-inherit-border-color'  itemprop=\"text\" ><p><em>Contingut <\/em><\/p>\n<ol>\n<li>Quines xarxes socials utilitzen els menors espanyols en l'actualitat?<\/li>\n<li>Riscos d'un mal \u00fas:\n<ol>\n<li>De contingut: Fake info, pornografia, viol\u00e8ncia, ideologies, sobrestimulaci\u00f3, trastorns alimentosos, \u2026<\/li>\n<li>De contacte: Grooming, desconeguts, phishing, enamorament virtual, \u2026<\/li>\n<li>De conducta: Cyberbulling, sexting, F.O.M.O, hiperconectivitad, hikikomori, apostes en l\u00ednia, \u2026<\/li>\n<\/ol>\n<\/li>\n<li>Criteris educatius: exemples, normes, etc\u2026<\/li>\n<li>Pel\u00b7l\u00edcules i s\u00e8ries recomanades.<\/li>\n<li>Llibres i p\u00e0gines webs d'ajuda.<\/li>\n<\/ol>\n<div class='avia-iframe-wrap'><iframe loading=\"lazy\" title=\"Els meus fills i les seues xarxes socials: educaci\u00f3 i prevenci\u00f3 de l&#039;assetjament derivat del seu \u00fas (v\u00eddeo en castell\u00e0)\" width=\"1500\" height=\"844\" src=\"https:\/\/www.youtube.com\/embed\/d7CDMIsEFDA?feature=oembed\" frameborder=\"0\" allow=\"accelerometer; autoplay; clipboard-write; encrypted-media; gyroscope; picture-in-picture; web-share\" referrerpolicy=\"strict-origin-when-cross-origin\" allowfullscreen><\/iframe><\/div>\n<\/div><\/div><\/div><\/section>\n<section class='av_toggle_section av-2uulbwn-05e0c5c154a068277ae3a693e99ad426'  itemscope=\"itemscope\" itemtype=\"https:\/\/schema.org\/CreativeWork\" ><div role=\"tablist\" class=\"single_toggle\" data-tags=\"{All} \"  ><p data-fake-id='#toggle-id-21' class='toggler   av-inherit-border-color'  itemprop=\"headline\"  role='tab' tabindex='0' aria-controls='toggle-id-21'><strong>Prevenci\u00f3n de conductas adictivas: propuestas pedag\u00f3gicas<\/strong><span class=\"toggle_icon\"><span class=\"vert_icon\"><\/span><span class=\"hor_icon\"><\/span><\/span><\/p><div id='toggle-id-21' class='toggle_wrap'  ><div class='toggle_content invers-color av-inherit-border-color'  itemprop=\"text\" ><p><em>Contingut <\/em><\/p>\n<ol>\n<li>Racionalidad y emotividad, \u00bfun equilibrio imposible?\n<ol>\n<li>El placer y el sentido.<\/li>\n<li>La educaci\u00f3n de la voluntad y el entrenamiento para la libertad.<\/li>\n<\/ol>\n<\/li>\n<li>El nuevo ecosistema: de la soledad al sobre est\u00edmulo.<\/li>\n<li>Prevenci\u00f3n de conductas adictivas:\n<ol>\n<li>La educaci\u00f3n del h\u00e1bito. El aprendizaje del autocontrol<\/li>\n<li>El crecimiento en las virtudes: prudencia, justicia, fortaleza y templanza.<\/li>\n<\/ol>\n<\/li>\n<\/ol>\n<\/div><\/div><\/div><\/section>\n<\/div><br \/>\n\n<style type=\"text\/css\" data-created_by=\"avia_inline_auto\" id=\"style-css-av-2t70wtz-2c0a74bd8149f220dbff54c80783be94\">\n#top .hr.hr-invisible.av-2t70wtz-2c0a74bd8149f220dbff54c80783be94{\nheight:25px;\n}\n<\/style>\n<div  class='hr av-2t70wtz-2c0a74bd8149f220dbff54c80783be94 hr-invisible  avia-builder-el-13  el_after_av_toggle_container  el_before_av_heading'><span class='hr-inner'><span class=\"hr-inner-style\"><\/span><\/span><\/div><br \/>\n\n<style type=\"text\/css\" data-created_by=\"avia_inline_auto\" id=\"style-css-av-2rm7auv-d92ca90f2dc5a7efbd0296ed7849c9b5\">\n#top .av-special-heading.av-2rm7auv-d92ca90f2dc5a7efbd0296ed7849c9b5{\npadding-bottom:10px;\n}\nbody .av-special-heading.av-2rm7auv-d92ca90f2dc5a7efbd0296ed7849c9b5 .av-special-heading-tag .heading-char{\nfont-size:25px;\n}\n.av-special-heading.av-2rm7auv-d92ca90f2dc5a7efbd0296ed7849c9b5 .av-subheading{\nfont-size:15px;\n}\n<\/style>\n<div  class='av-special-heading av-2rm7auv-d92ca90f2dc5a7efbd0296ed7849c9b5 av-special-heading-h4 blockquote modern-quote  avia-builder-el-14  el_after_av_hr  el_before_av_toggle_container'><h4 class='av-special-heading-tag'  itemprop=\"headline\"  >Educar per a cr\u00e9ixer:<\/h4><div class=\"special-heading-border\"><div class=\"special-heading-inner-border\"><\/div><\/div><\/div><br \/>\n\n<style type=\"text\/css\" data-created_by=\"avia_inline_auto\" id=\"style-css-av-2q7pj1j-9ea3adc3314b85d6117f21eb166933cb\">\n#top .togglecontainer.av-2q7pj1j-9ea3adc3314b85d6117f21eb166933cb p.toggler{\ncolor:#898989;\nbackground-color:#ffffff;\nborder-color:#ffffff;\n}\n#top .togglecontainer.av-2q7pj1j-9ea3adc3314b85d6117f21eb166933cb p.toggler .toggle_icon{\ncolor:#ffffff;\nborder-color:#ffffff;\n}\n#top .togglecontainer.av-2q7pj1j-9ea3adc3314b85d6117f21eb166933cb p.toggler .toggle_icon > span{\ncolor:#ffffff;\nborder-color:#ffffff;\n}\n#top .togglecontainer.av-2q7pj1j-9ea3adc3314b85d6117f21eb166933cb .toggle_wrap .toggle_content{\ncolor:#898989;\nbackground-color:#ffffff;\nborder-color:#ffffff;\n}\n<\/style>\n<div  class='togglecontainer av-2q7pj1j-9ea3adc3314b85d6117f21eb166933cb  avia-builder-el-15  el_after_av_heading  el_before_av_hr  toggle_close_all' >\n<section class='av_toggle_section av-2ot0olj-ca013c93b2da144f57046fbbf9d1c1eb'  itemscope=\"itemscope\" itemtype=\"https:\/\/schema.org\/CreativeWork\" ><div role=\"tablist\" class=\"single_toggle\" data-tags=\"{All} \"  ><p data-fake-id='#toggle-id-22' class='toggler   av-inherit-border-color'  itemprop=\"headline\"  role='tab' tabindex='0' aria-controls='toggle-id-22'><strong>Validar els sentiments: La clau que obri la relaci\u00f3<\/strong><span class=\"toggle_icon\"><span class=\"vert_icon\"><\/span><span class=\"hor_icon\"><\/span><\/span><\/p><div id='toggle-id-22' class='toggle_wrap'  ><div class='toggle_content invers-color av-inherit-border-color'  itemprop=\"text\" ><ul>\n<li>Com acollir a un xiquet quan t\u00e9 sentiments desagradables?<\/li>\n<li>\u00c9s possible ajudar i consolar quan un xiquet t\u00e9 una rabieta?<\/li>\n<li>La funci\u00f3 del xiquet.<\/li>\n<li>La funci\u00f3 de l'adult.<\/li>\n<li>Com aplicar estes ferramentes?<\/li>\n<li>Exercicis de simulaci\u00f3 i de casos reals.<\/li>\n<\/ul>\n<\/div><\/div><\/div><\/section>\n<section class='av_toggle_section av-2nep4jr-71d5a95adbe7d6b55c4e0c4428fd7c5b'  itemscope=\"itemscope\" itemtype=\"https:\/\/schema.org\/CreativeWork\" ><div role=\"tablist\" class=\"single_toggle\" data-tags=\"{All} \"  ><p data-fake-id='#toggle-id-23' class='toggler   av-inherit-border-color'  itemprop=\"headline\"  role='tab' tabindex='0' aria-controls='toggle-id-23'><strong>Premis i castics: conseq\u00fc\u00e8ncies i alternatives<\/strong><span class=\"toggle_icon\"><span class=\"vert_icon\"><\/span><span class=\"hor_icon\"><\/span><\/span><\/p><div id='toggle-id-23' class='toggle_wrap'  ><div class='toggle_content invers-color av-inherit-border-color'  itemprop=\"text\" ><ul>\n<li>Per qu\u00e8 premiem i castiguem?<\/li>\n<li>Conseq\u00fc\u00e8ncies reals d'aplicar premis i castics.<\/li>\n<li>Alternatives al premi i castic.<\/li>\n<li>Per qu\u00e8 tampoc elogiem ni jutgem? Ull amb els elogis no descriptius!<\/li>\n<li>Exercicis pr\u00e0ctics sobre casos reals.<\/li>\n<\/ul>\n<\/div><\/div><\/div><\/section>\n<section class='av_toggle_section av-2lnh3tj-a43ad3fe1fe245685f15d984ddd7e4ee'  itemscope=\"itemscope\" itemtype=\"https:\/\/schema.org\/CreativeWork\" ><div role=\"tablist\" class=\"single_toggle\" data-tags=\"{All} \"  ><p data-fake-id='#toggle-id-24' class='toggler   av-inherit-border-color'  itemprop=\"headline\"  role='tab' tabindex='0' aria-controls='toggle-id-24'><strong>Com propiciar la col\u00b7laboraci\u00f3<\/strong><span class=\"toggle_icon\"><span class=\"vert_icon\"><\/span><span class=\"hor_icon\"><\/span><\/span><\/p><div id='toggle-id-24' class='toggle_wrap'  ><div class='toggle_content invers-color av-inherit-border-color'  itemprop=\"text\" ><ul>\n<li>Es pot corregir sense enfadar-se?<\/li>\n<li>Ferramentes que afavorixen la col\u00b7laboraci\u00f3<\/li>\n<li>Exercicis pr\u00e0ctics per a aprendre a corregir des del respecte (tant del xiquet com de l'adult)<\/li>\n<\/ul>\n<\/div><\/div><\/div><\/section>\n<section class='av_toggle_section av-2jw1sqv-7f9c013fe3465251d360a3f009de4fc0'  itemscope=\"itemscope\" itemtype=\"https:\/\/schema.org\/CreativeWork\" ><div role=\"tablist\" class=\"single_toggle\" data-tags=\"{All} \"  ><p data-fake-id='#toggle-id-25' class='toggler   av-inherit-border-color'  itemprop=\"headline\"  role='tab' tabindex='0' aria-controls='toggle-id-25'><strong>Qu\u00e8 limites pose jo? M'ajuden a educar o em generen ansietat?<\/strong><span class=\"toggle_icon\"><span class=\"vert_icon\"><\/span><span class=\"hor_icon\"><\/span><\/span><\/p><div id='toggle-id-25' class='toggle_wrap'  ><div class='toggle_content invers-color av-inherit-border-color'  itemprop=\"text\" ><ul>\n<li>Com aprenen els xiquets les normes?<\/li>\n<li>Per qu\u00e8 s\u00f3n importants els l\u00edmits?<\/li>\n<li>Com s\u00f3n els nostres l\u00edmits; ferms, democr\u00e0tics o blans?<\/li>\n<li>On trobada m\u00e9s dificultats perqu\u00e8 es visquen les normes?<\/li>\n<li>Exercicis amb casos pr\u00e0ctics proposats en principi per la formadora, encara que tamb\u00e9 es poden treballar sobre casos reals.<\/li>\n<\/ul>\n<\/div><\/div><\/div><\/section>\n<\/div><br \/>\n\n<style type=\"text\/css\" data-created_by=\"avia_inline_auto\" id=\"style-css-av-2i06t7r-76806220f3b666a6295487a7279d986d\">\n#top .hr.hr-invisible.av-2i06t7r-76806220f3b666a6295487a7279d986d{\nheight:25px;\n}\n<\/style>\n<div  class='hr av-2i06t7r-76806220f3b666a6295487a7279d986d hr-invisible  avia-builder-el-16  el_after_av_toggle_container  el_before_av_heading'><span class='hr-inner'><span class=\"hr-inner-style\"><\/span><\/span><\/div><br \/>\n\n<style type=\"text\/css\" data-created_by=\"avia_inline_auto\" id=\"style-css-av-2fvqjfb-9a25c64c0f6df34e05ccf167cc8d6dce\">\n#top .av-special-heading.av-2fvqjfb-9a25c64c0f6df34e05ccf167cc8d6dce{\npadding-bottom:10px;\n}\nbody .av-special-heading.av-2fvqjfb-9a25c64c0f6df34e05ccf167cc8d6dce .av-special-heading-tag .heading-char{\nfont-size:25px;\n}\n.av-special-heading.av-2fvqjfb-9a25c64c0f6df34e05ccf167cc8d6dce .av-subheading{\nfont-size:15px;\n}\n<\/style>\n<div  class='av-special-heading av-2fvqjfb-9a25c64c0f6df34e05ccf167cc8d6dce av-special-heading-h4 blockquote modern-quote  avia-builder-el-17  el_after_av_hr  el_before_av_toggle_container'><h4 class='av-special-heading-tag'  itemprop=\"headline\"  >Educar per a cr\u00e9ixer amb els nostres fills:<\/h4><div class=\"special-heading-border\"><div class=\"special-heading-inner-border\"><\/div><\/div><\/div><br \/>\n\n<style type=\"text\/css\" data-created_by=\"avia_inline_auto\" id=\"style-css-av-2evdt87-1d5644cddb04da87f3af754764278cb8\">\n#top .togglecontainer.av-2evdt87-1d5644cddb04da87f3af754764278cb8 p.toggler{\ncolor:#898989;\nbackground-color:#ffffff;\nborder-color:#ffffff;\n}\n#top .togglecontainer.av-2evdt87-1d5644cddb04da87f3af754764278cb8 p.toggler .toggle_icon{\ncolor:#ffffff;\nborder-color:#ffffff;\n}\n#top .togglecontainer.av-2evdt87-1d5644cddb04da87f3af754764278cb8 p.toggler .toggle_icon > span{\ncolor:#ffffff;\nborder-color:#ffffff;\n}\n#top .togglecontainer.av-2evdt87-1d5644cddb04da87f3af754764278cb8 .toggle_wrap .toggle_content{\ncolor:#898989;\nbackground-color:#ffffff;\nborder-color:#ffffff;\n}\n<\/style>\n<div  class='togglecontainer av-2evdt87-1d5644cddb04da87f3af754764278cb8  avia-builder-el-18  el_after_av_heading  avia-builder-el-last  toggle_close_all' >\n<section class='av_toggle_section av-2cu3cnr-34a577465a40ad7be7ad891336ca0c58'  itemscope=\"itemscope\" itemtype=\"https:\/\/schema.org\/CreativeWork\" ><div role=\"tablist\" class=\"single_toggle\" data-tags=\"{All} \"  ><p data-fake-id='#toggle-id-26' class='toggler   av-inherit-border-color'  itemprop=\"headline\"  role='tab' tabindex='0' aria-controls='toggle-id-26'><strong>Per qu\u00e8 semblen rivals els nostres fills?<\/strong><span class=\"toggle_icon\"><span class=\"vert_icon\"><\/span><span class=\"hor_icon\"><\/span><\/span><\/p><div id='toggle-id-26' class='toggle_wrap'  ><div class='toggle_content invers-color av-inherit-border-color'  itemprop=\"text\" ><ul>\n<li>Qu\u00e8 significa tindre un germ\u00e0?. Sentiments d'ambival\u00e8ncia<\/li>\n<li>\u00c9s important acollir i acompanyar els sentiments desagradables en els fills.<\/li>\n<\/ul>\n<\/div><\/div><\/div><\/section>\n<section class='av_toggle_section av-2be6zuv-097915403278510c41e2e591e3f1d3a5'  itemscope=\"itemscope\" itemtype=\"https:\/\/schema.org\/CreativeWork\" ><div role=\"tablist\" class=\"single_toggle\" data-tags=\"{All} \"  ><p data-fake-id='#toggle-id-27' class='toggler   av-inherit-border-color'  itemprop=\"headline\"  role='tab' tabindex='0' aria-controls='toggle-id-27'><strong>Com afecten les nostres comparacions a la nostra fam\u00edlia?<\/strong><span class=\"toggle_icon\"><span class=\"vert_icon\"><\/span><span class=\"hor_icon\"><\/span><\/span><\/p><div id='toggle-id-27' class='toggle_wrap'  ><div class='toggle_content invers-color av-inherit-border-color'  itemprop=\"text\" ><ul>\n<li>Els perills de les comparacions entre germans, encara que no ens adonem o encara que ho fem amb bona intenci\u00f3.<\/li>\n<li>Si els tracte igual, igual \u00e9s menys?<\/li>\n<\/ul>\n<\/div><\/div><\/div><\/section>\n<section class='av_toggle_section av-29z6sgn-f5389630f0acf017c6af87b2fe95cba4'  itemscope=\"itemscope\" itemtype=\"https:\/\/schema.org\/CreativeWork\" ><div role=\"tablist\" class=\"single_toggle\" data-tags=\"{All} \"  ><p data-fake-id='#toggle-id-28' class='toggler   av-inherit-border-color'  itemprop=\"headline\"  role='tab' tabindex='0' aria-controls='toggle-id-28'><strong>Intervindre o no quan els nostres fills es barallen?<\/strong><span class=\"toggle_icon\"><span class=\"vert_icon\"><\/span><span class=\"hor_icon\"><\/span><\/span><\/p><div id='toggle-id-28' class='toggle_wrap'  ><div class='toggle_content invers-color av-inherit-border-color'  itemprop=\"text\" ><ul>\n<li>Germans encasellats; alliberar els xiquets perqu\u00e8 canvien. Descriure en lloc de jutjar.<\/li>\n<li>Quan els fills es barallen: com intervindre de manera \u00fatil i com intervindre per a despr\u00e9s poder retirar-nos.<\/li>\n<\/ul>\n<\/div><\/div><\/div><\/section>\n<\/div><\/p><\/div><div  class='flex_column av-27oj6jr-6611d8d2ba9d656bba2dff7eda722d81 av_one_fourth  avia-builder-el-19  el_after_av_one_half  el_before_av_one_fourth  flex_column_div  column-top-margin'     ><\/div><div  class='flex_column av-7tfogn-c5198d352f2b15c22ee3daada42b34ad av_one_fourth  avia-builder-el-20  el_after_av_one_fourth  el_before_av_one_half  first flex_column_div  column-top-margin'     ><\/div><div  class='flex_column av-24xzq7r-cde11b49eb4c30275c45ee056f3c1f54 av_one_half  avia-builder-el-21  el_after_av_one_fourth  el_before_av_one_fourth  flex_column_div av-animated-generic fade-in  column-top-margin'     ><p>\n<style type=\"text\/css\" data-created_by=\"avia_inline_auto\" id=\"style-css-av-23i7vg7-9b4d556a7a3e747d4ca8bae9632a1a67\">\n#top .av-special-heading.av-23i7vg7-9b4d556a7a3e747d4ca8bae9632a1a67{\npadding-bottom:10px;\n}\nbody .av-special-heading.av-23i7vg7-9b4d556a7a3e747d4ca8bae9632a1a67 .av-special-heading-tag .heading-char{\nfont-size:25px;\n}\n.av-special-heading.av-23i7vg7-9b4d556a7a3e747d4ca8bae9632a1a67 .av-subheading{\nfont-size:15px;\n}\n<\/style>\n<div  class='av-special-heading av-23i7vg7-9b4d556a7a3e747d4ca8bae9632a1a67 av-special-heading-h3 blockquote modern-quote modern-centered  avia-builder-el-22  el_before_av_toggle_container  avia-builder-el-first'><h3 class='av-special-heading-tag'  itemprop=\"headline\"  >PARTICIPACI\u00d3 I COL\u00b7LABORACI\u00d3 FAM\u00cdLIA \u2013 ESCOLA<\/h3><div class=\"special-heading-border\"><div class=\"special-heading-inner-border\"><\/div><\/div><\/div><br \/>\n\n<style type=\"text\/css\" data-created_by=\"avia_inline_auto\" id=\"style-css-av-21bafs7-0b358bc73a34b4e9eeffe15a9e3abec0\">\n#top .togglecontainer.av-21bafs7-0b358bc73a34b4e9eeffe15a9e3abec0 p.toggler{\ncolor:#898989;\nbackground-color:#ffffff;\nborder-color:#ffffff;\n}\n#top .togglecontainer.av-21bafs7-0b358bc73a34b4e9eeffe15a9e3abec0 p.toggler .toggle_icon{\ncolor:#ffffff;\nborder-color:#ffffff;\n}\n#top .togglecontainer.av-21bafs7-0b358bc73a34b4e9eeffe15a9e3abec0 p.toggler .toggle_icon > span{\ncolor:#ffffff;\nborder-color:#ffffff;\n}\n#top .togglecontainer.av-21bafs7-0b358bc73a34b4e9eeffe15a9e3abec0 .toggle_wrap .toggle_content{\ncolor:#898989;\nbackground-color:#ffffff;\nborder-color:#ffffff;\n}\n<\/style>\n<div  class='togglecontainer av-21bafs7-0b358bc73a34b4e9eeffe15a9e3abec0  avia-builder-el-23  el_after_av_heading  avia-builder-el-last  toggle_close_all' >\n<section class='av_toggle_section av-209dc9j-b214fefe4a09703049968c65ee2cedfc'  itemscope=\"itemscope\" itemtype=\"https:\/\/schema.org\/CreativeWork\" ><div role=\"tablist\" class=\"single_toggle\" data-tags=\"{All} \"  ><p data-fake-id='#toggle-id-29' class='toggler   av-inherit-border-color'  itemprop=\"headline\"  role='tab' tabindex='0' aria-controls='toggle-id-29'><strong>Com ajudar als nostres fills en els seus estudis<\/strong><span class=\"toggle_icon\"><span class=\"vert_icon\"><\/span><span class=\"hor_icon\"><\/span><\/span><\/p><div id='toggle-id-29' class='toggle_wrap'  ><div class='toggle_content invers-color av-inherit-border-color'  itemprop=\"text\" ><p><em>Contingut <\/em><\/p>\n<ol>\n<li>Qu\u00e8 s'ent\u00e9n per \u00e8xit escolar?<\/li>\n<li>El valor de l'estudi<\/li>\n<li>Coneixement dels nostres fills a nivell psicol\u00f2gic-emocional: El cervell. Psicologia evolutiva (inf\u00e0ncia i adolesc\u00e8ncia)<\/li>\n<li>H\u00e0bits d'estudi<\/li>\n<li>Estrat\u00e8gies per a treballar amb els nostres fills:\n<ol>\n<li>Horari<\/li>\n<li>Descans<\/li>\n<li>Alimentaci\u00f3<\/li>\n<li>Lloc d'estudi<\/li>\n<li>Rep\u00e0s<\/li>\n<\/ol>\n<\/li>\n<\/ol>\n<p style=\"text-align: center;\">\n<\/div><\/div><\/div><\/section>\n<section class='av_toggle_section av-1yr5lx3-fb85546d664e7e7dd6f25ee167add15b'  itemscope=\"itemscope\" itemtype=\"https:\/\/schema.org\/CreativeWork\" ><div role=\"tablist\" class=\"single_toggle\" data-tags=\"{All} \"  ><p data-fake-id='#toggle-id-30' class='toggler   av-inherit-border-color'  itemprop=\"headline\"  role='tab' tabindex='0' aria-controls='toggle-id-30'><strong>Dificultats en l'aprenentatge: la import\u00e0ncia de l'estimulaci\u00f3<\/strong><span class=\"toggle_icon\"><span class=\"vert_icon\"><\/span><span class=\"hor_icon\"><\/span><\/span><\/p><div id='toggle-id-30' class='toggle_wrap'  ><div class='toggle_content invers-color av-inherit-border-color'  itemprop=\"text\" ><p><em>Contingut<\/em><\/p>\n<ol>\n<li>Qu\u00e8 \u00e9s una dificultat d'aprenentatge?<\/li>\n<li>Quins poden ser les causes de la dificultat de l'aprenentatge?<\/li>\n<li>Caracter\u00edstiques dels xiquets amb dificultats d'aprenentatge.<\/li>\n<li>El meu fill t\u00e9 una dificultat per a aprendre qu\u00e8 faig?<\/li>\n<li>La import\u00e0ncia de l'estimulaci\u00f3 en l'aprenentatge:\n<ol>\n<li>Els l\u00edmits<\/li>\n<li>Els refor\u00e7os<\/li>\n<li>La comunicaci\u00f3 no verbal<\/li>\n<li>L'autoestima<\/li>\n<\/ol>\n<\/li>\n<\/ol>\n<\/div><\/div><\/div><\/section>\n<section class='av_toggle_section av-1wpoafr-c439d95635bf4ebbf082bee6985e19ed'  itemscope=\"itemscope\" itemtype=\"https:\/\/schema.org\/CreativeWork\" ><div role=\"tablist\" class=\"single_toggle\" data-tags=\"{All} \"  ><p data-fake-id='#toggle-id-31' class='toggler   av-inherit-border-color'  itemprop=\"headline\"  role='tab' tabindex='0' aria-controls='toggle-id-31'><strong>Fam\u00edlia i escola: com millorar la relaci\u00f3?<\/strong><span class=\"toggle_icon\"><span class=\"vert_icon\"><\/span><span class=\"hor_icon\"><\/span><\/span><\/p><div id='toggle-id-31' class='toggle_wrap'  ><div class='toggle_content invers-color av-inherit-border-color'  itemprop=\"text\" ><p><em>Contingut<\/em><\/p>\n<ol>\n<li>Evoluci\u00f3 de la fam\u00edlia<\/li>\n<li>Canvis socials que afecten la fam\u00edlia i les seues conseq\u00fc\u00e8ncies<\/li>\n<li>Incid\u00e8ncia de l'educaci\u00f3 familiar a l'escola<\/li>\n<li>L'educaci\u00f3 dels fills: Dret i deure dels pares<\/li>\n<li>Pares i mestres: una relaci\u00f3 de confian\u00e7a<\/li>\n<li>El principi de subsidiarietat<\/li>\n<li>La participaci\u00f3 dels pares en els centres escolars<\/li>\n<li>Mecanismes facilitadors de la participaci\u00f3 dels pares<\/li>\n<li>Relaci\u00f3 fam\u00edlia i escola: riscos i beneficis potencials<\/li>\n<\/ol>\n<\/div><\/div><\/div><\/section>\n<section class='av_toggle_section av-1vrtkzb-082903201b61339c0335f74f976a5e20'  itemscope=\"itemscope\" itemtype=\"https:\/\/schema.org\/CreativeWork\" ><div role=\"tablist\" class=\"single_toggle\" data-tags=\"{All} \"  ><p data-fake-id='#toggle-id-32' class='toggler   av-inherit-border-color'  itemprop=\"headline\"  role='tab' tabindex='0' aria-controls='toggle-id-32'><strong>Bases per a una correcta alimentaci\u00f3 i prevenci\u00f3 de trastorns de conducta aliment\u00e0ria<\/strong><span class=\"toggle_icon\"><span class=\"vert_icon\"><\/span><span class=\"hor_icon\"><\/span><\/span><\/p><div id='toggle-id-32' class='toggle_wrap'  ><div class='toggle_content invers-color av-inherit-border-color'  itemprop=\"text\" ><p><em>Contingut<\/em><\/p>\n<ul>\n<li>Concepto de alimentaci\u00f3n saludable como econ\u00f3micamente posible, necesaria para la salud y sostenible con el medio ambiente: argumentado con evidencia cient\u00edfica.<\/li>\n<li>Recomendaciones para una alimentaci\u00f3n sana adaptada a las circunstancias personales: raciones, caracter\u00edsticas de los alimentos, t\u00e9cnicas culinarias\u2026<\/li>\n<li>Passos per a dissenyar un men\u00fa setmanal saludable adaptat a les circumst\u00e0ncies personals i\/o familiars.<\/li>\n<li>C\u00f3mo hacer la lista de la compra a partir del men\u00fa semanal y no al rev\u00e9s. Compra ajustada a las necesidades reales.<\/li>\n<li>Lectura e interpretaci\u00f3n de etiquetas nutricionales. Edulcorantes y otros aditivos. Nutrientes cr\u00edticos: az\u00facares libres, grasas saturadas, grasas trans, sal y aporte cal\u00f3rico.<\/li>\n<li>Interpretaci\u00f3 de missatges nutricionals i an\u00e0lisi cr\u00edtica de la publicitat i el m\u00e0rqueting.<\/li>\n<li>T\u00e8cniques culin\u00e0ries saludables. Cuina d'aprofitament. Batch cooking.<\/li>\n<\/ul>\n<\/div><\/div><\/div><\/section>\n<section class='av_toggle_section av-1tyxrh3-5a0bc2ccc2588112520967350510cfc6'  itemscope=\"itemscope\" itemtype=\"https:\/\/schema.org\/CreativeWork\" ><div role=\"tablist\" class=\"single_toggle\" data-tags=\"{All} \"  ><p data-fake-id='#toggle-id-33' class='toggler   av-inherit-border-color'  itemprop=\"headline\"  role='tab' tabindex='0' aria-controls='toggle-id-33'><strong>Taller d'alimentaci\u00f3 saludable: recomanacions nutricionals i planificaci\u00f3 de men\u00fas personalitzats (v\u00eddeo en castell\u00e0)<\/strong><img src=\"https:\/\/www.fcapa-valencia.org\/wp-content\/uploads\/2023\/05\/loguito2.png\"  \/> <span class=\"toggle_icon\"><span class=\"vert_icon\"><\/span><span class=\"hor_icon\"><\/span><\/span><\/p><div id='toggle-id-33' class='toggle_wrap'  ><div class='toggle_content invers-color av-inherit-border-color'  itemprop=\"text\" ><p><em>Contenidos:<\/em><\/p>\n<ul>\n<li>Concepto de alimentaci\u00f3n saludable en el Siglo XXI como posible (econ\u00f3micamente), necesaria (para la salud) y sostenible (respetuosa con el medio ambiente): argumentar con evidencia cient\u00edfica y estudios.<\/li>\n<li>Recomendaciones para una alimentaci\u00f3n sana adaptada a las circunstancias personales: raciones, caracter\u00edsticas de los alimentos, t\u00e9cnicas culinarias\u2026<\/li>\n<li>Los 10 pasos para dise\u00f1ar un men\u00fa semanal saludable adaptado a las circunstancias personales.<\/li>\n<li>Recomendaciones para una vida activa saludable.<\/li>\n<\/ul>\n<div class='avia-iframe-wrap'><iframe loading=\"lazy\" title=\"Talleres de alimentaci\u00f3n y compra saludable\" width=\"1500\" height=\"844\" src=\"https:\/\/www.youtube.com\/embed\/91SzcNnECtg?feature=oembed\" frameborder=\"0\" allow=\"accelerometer; autoplay; clipboard-write; encrypted-media; gyroscope; picture-in-picture; web-share\" referrerpolicy=\"strict-origin-when-cross-origin\" allowfullscreen><\/iframe><\/div>\n<\/div><\/div><\/div><\/section>\n<section class='av_toggle_section av-1rs2993-653b7f0d0fb3c37fc088028f5d297898'  itemscope=\"itemscope\" itemtype=\"https:\/\/schema.org\/CreativeWork\" ><div role=\"tablist\" class=\"single_toggle\" data-tags=\"{All} \"  ><p data-fake-id='#toggle-id-34' class='toggler   av-inherit-border-color'  itemprop=\"headline\"  role='tab' tabindex='0' aria-controls='toggle-id-34'><strong>Taller de compra saludable i responsable: interpretaci\u00f3 de l'etiquetatge i protecci\u00f3 de la salut ambiental (v\u00eddeo en castell\u00e0)<\/strong><img src=\"https:\/\/www.fcapa-valencia.org\/wp-content\/uploads\/2023\/05\/loguito2.png\"  \/> <span class=\"toggle_icon\"><span class=\"vert_icon\"><\/span><span class=\"hor_icon\"><\/span><\/span><\/p><div id='toggle-id-34' class='toggle_wrap'  ><div class='toggle_content invers-color av-inherit-border-color'  itemprop=\"text\" ><p><em>Contenidos:<\/em><\/p>\n<ul>\n<li>Com fer la llista de la compra a partir del men\u00fa setmanal i no al rev\u00e9s. Compra ajustada a les necessitats reals<\/li>\n<li>Claves de una compra saludable: para \u201cc.a.e.r. de p.i.e.\u201d (completa, aut\u00f3ctona, equilibrada, rica, proporcional, imaginativa y econ\u00f3mica)<\/li>\n<li>Lectura e interpretaci\u00f3n de etiquetas nutricionales (etiquetado obligatorio)<\/li>\n<li>Edulcorantes y otros aditivos. Nutrientes cr\u00edticos: az\u00facares libres, grasas saturadas, grasas trans, sal y aporte cal\u00f3rico.<\/li>\n<li>Interpretaci\u00f3n de mensajes nutricionales (etiquetado voluntario o frontal) y NutriScore.<\/li>\n<li>T\u00e9cnicas culinarias m\u00e1s apropiadas. Cocina de aprovechamiento. Batch cooking.<\/li>\n<\/ul>\n<div class='avia-iframe-wrap'><iframe loading=\"lazy\" title=\"Talleres de alimentaci\u00f3n y compra saludable\" width=\"1500\" height=\"844\" src=\"https:\/\/www.youtube.com\/embed\/91SzcNnECtg?feature=oembed\" frameborder=\"0\" allow=\"accelerometer; autoplay; clipboard-write; encrypted-media; gyroscope; picture-in-picture; web-share\" referrerpolicy=\"strict-origin-when-cross-origin\" allowfullscreen><\/iframe><\/div>\n<p style=\"text-align: center;\">\n<\/div><\/div><\/div><\/section>\n<\/div><\/p><\/div><div  class='flex_column av-1q4ch9z-69b75e3e87c93e2d5b08b310c68a02d6 av_one_fourth  avia-builder-el-24  el_after_av_one_half  el_before_av_one_fourth  flex_column_div  column-top-margin'     ><\/div><div  class='flex_column av-6478w7-485e4ed0b53ebe23057d90d4ad7a5695 av_one_fourth  avia-builder-el-25  el_after_av_one_fourth  el_before_av_one_half  first flex_column_div  column-top-margin'     ><\/div><div  class='flex_column av-1m3h2nb-4a9c277cc0b72b1a5b71e5dde518e670 av_one_half  avia-builder-el-26  el_after_av_one_fourth  el_before_av_one_fourth  flex_column_div av-animated-generic bottom-to-top  column-top-margin'     ><p>\n<style type=\"text\/css\" data-created_by=\"avia_inline_auto\" id=\"style-css-av-1kp2qaf-0d0bbd1312a9b040a9846e78fac8c105\">\n#top .av-special-heading.av-1kp2qaf-0d0bbd1312a9b040a9846e78fac8c105{\npadding-bottom:10px;\n}\nbody .av-special-heading.av-1kp2qaf-0d0bbd1312a9b040a9846e78fac8c105 .av-special-heading-tag .heading-char{\nfont-size:25px;\n}\n.av-special-heading.av-1kp2qaf-0d0bbd1312a9b040a9846e78fac8c105 .av-subheading{\nfont-size:15px;\n}\n<\/style>\n<div  class='av-special-heading av-1kp2qaf-0d0bbd1312a9b040a9846e78fac8c105 av-special-heading-h3 blockquote modern-quote modern-centered  avia-builder-el-27  el_before_av_toggle_container  avia-builder-el-first'><h3 class='av-special-heading-tag'  itemprop=\"headline\"  >ALTRES TEM\u00c0TIQUES<\/h3><div class=\"special-heading-border\"><div class=\"special-heading-inner-border\"><\/div><\/div><\/div><br \/>\n\n<style type=\"text\/css\" data-created_by=\"avia_inline_auto\" id=\"style-css-av-1jpnnif-660ab808d73f43c439d2936217910bd5\">\n#top .togglecontainer.av-1jpnnif-660ab808d73f43c439d2936217910bd5 p.toggler{\ncolor:#898989;\nbackground-color:#ffffff;\nborder-color:#ffffff;\n}\n#top .togglecontainer.av-1jpnnif-660ab808d73f43c439d2936217910bd5 p.toggler .toggle_icon{\ncolor:#ffffff;\nborder-color:#ffffff;\n}\n#top .togglecontainer.av-1jpnnif-660ab808d73f43c439d2936217910bd5 p.toggler .toggle_icon > span{\ncolor:#ffffff;\nborder-color:#ffffff;\n}\n#top .togglecontainer.av-1jpnnif-660ab808d73f43c439d2936217910bd5 .toggle_wrap .toggle_content{\ncolor:#898989;\nbackground-color:#ffffff;\nborder-color:#ffffff;\n}\n<\/style>\n<div  class='togglecontainer av-1jpnnif-660ab808d73f43c439d2936217910bd5  avia-builder-el-28  el_after_av_heading  el_before_av_hr  toggle_close_all' >\n<section class='av_toggle_section av-1hs52x3-15fdc8c5eb733a92fa03cc83e0e20e09'  itemscope=\"itemscope\" itemtype=\"https:\/\/schema.org\/CreativeWork\" ><div role=\"tablist\" class=\"single_toggle\" data-tags=\"{All} \"  ><p data-fake-id='#toggle-id-35' class='toggler   av-inherit-border-color'  itemprop=\"headline\"  role='tab' tabindex='0' aria-controls='toggle-id-35'><strong>Gelosia entre germans: com ajudar-los<\/strong><img src=\"https:\/\/www.fcapa-valencia.org\/wp-content\/uploads\/2023\/05\/loguito2.png\"  \/> <span class=\"toggle_icon\"><span class=\"vert_icon\"><\/span><span class=\"hor_icon\"><\/span><\/span><\/p><div id='toggle-id-35' class='toggle_wrap'  ><div class='toggle_content invers-color av-inherit-border-color'  itemprop=\"text\" ><p><em>Contingut<\/em><\/p>\n<ol>\n<li>La fam\u00edlia.<\/li>\n<li>La vocaci\u00f3 humana:\n<ol>\n<li>La persona \u00e9s un ser relacional<\/li>\n<li>Primer nucli de socialitzaci\u00f3: La fam\u00edlia<\/li>\n<li>La fam\u00edlia com a lloc d'aprenentatge de la fraternitat universal<\/li>\n<\/ol>\n<\/li>\n<li>La crua realitat: L'arribada d'un germ\u00e0.<\/li>\n<li>Causes:\n<ol>\n<li>Relaci\u00f3 entre pares i fills<\/li>\n<li>Els germans s'influ\u00efxen entre si<\/li>\n<li>La mem\u00f2ria<\/li>\n<\/ol>\n<\/li>\n<li>Qu\u00e8 podem fer?\n<ol>\n<li>No podem for\u00e7ar situacions<\/li>\n<li>Just\u00edcia vs. Equitat<\/li>\n<li>Assegurar l'espai personal<\/li>\n<li>Cultivar la singularitat de cada un i de la fam\u00edlia<\/li>\n<li>La humilitat<\/li>\n<\/ol>\n<\/li>\n<\/ol>\n<div class='avia-iframe-wrap'><iframe loading=\"lazy\" title=\"&quot;Disciplina y autoridad: C\u00f3mo establecer l\u00edmites&quot; y otras...\" width=\"1500\" height=\"844\" src=\"https:\/\/www.youtube.com\/embed\/KZu-uqaKlKA?feature=oembed\" frameborder=\"0\" allow=\"accelerometer; autoplay; clipboard-write; encrypted-media; gyroscope; picture-in-picture; web-share\" referrerpolicy=\"strict-origin-when-cross-origin\" allowfullscreen><\/iframe><\/div>\n<\/div><\/div><\/div><\/section>\n<section class='av_toggle_section av-562w7r-ae32a57885615ee149a8d54ea562dd01'  itemscope=\"itemscope\" itemtype=\"https:\/\/schema.org\/CreativeWork\" ><div role=\"tablist\" class=\"single_toggle\" data-tags=\"{All} \"  ><p data-fake-id='#toggle-id-36' class='toggler   av-inherit-border-color'  itemprop=\"headline\"  role='tab' tabindex='0' aria-controls='toggle-id-36'><strong>Com afrontar i gestionar l'ansietat enfront del sofriment del fill<\/strong><img src=\"https:\/\/www.fcapa-valencia.org\/wp-content\/uploads\/2023\/05\/loguito2.png\"  \/> <span class=\"toggle_icon\"><span class=\"vert_icon\"><\/span><span class=\"hor_icon\"><\/span><\/span><\/p><div id='toggle-id-36' class='toggle_wrap'  ><div class='toggle_content invers-color av-inherit-border-color'  itemprop=\"text\" ><p><em>Contingut <\/em><\/p>\n<ol>\n<li>El sofriment com a realitat inherent a l'\u00e9sser hum\u00e0.<\/li>\n<li>Trobant el sentit al sofriment.<\/li>\n<li>La fam\u00edlia, la millor escola.<\/li>\n<li>Predicar amb l'exemple.<\/li>\n<li>Import\u00e0ncia de l'estabilitat afectiva.<\/li>\n<li>Aprendre a comunicar-se correctament.<\/li>\n<li>Coher\u00e8ncia entre els pares.<\/li>\n<\/ol>\n<div class='avia-iframe-wrap'><iframe loading=\"lazy\" title=\"&quot;Disciplina y autoridad: C\u00f3mo establecer l\u00edmites&quot; y otras...\" width=\"1500\" height=\"844\" src=\"https:\/\/www.youtube.com\/embed\/KZu-uqaKlKA?feature=oembed\" frameborder=\"0\" allow=\"accelerometer; autoplay; clipboard-write; encrypted-media; gyroscope; picture-in-picture; web-share\" referrerpolicy=\"strict-origin-when-cross-origin\" allowfullscreen><\/iframe><\/div>\n<\/div><\/div><\/div><\/section>\n<section class='av_toggle_section av-1f2d28n-f66db41730640812abff79c316d6c9b7'  itemscope=\"itemscope\" itemtype=\"https:\/\/schema.org\/CreativeWork\" ><div role=\"tablist\" class=\"single_toggle\" data-tags=\"{All} \"  ><p data-fake-id='#toggle-id-37' class='toggler   av-inherit-border-color'  itemprop=\"headline\"  role='tab' tabindex='0' aria-controls='toggle-id-37'><strong>L'educaci\u00f3 afectiu-sexual en el xiquet i l'adolescent<\/strong><span class=\"toggle_icon\"><span class=\"vert_icon\"><\/span><span class=\"hor_icon\"><\/span><\/span><\/p><div id='toggle-id-37' class='toggle_wrap'  ><div class='toggle_content invers-color av-inherit-border-color'  itemprop=\"text\" ><p><em>Contingut <\/em><\/p>\n<p><em>\u00a0<\/em><\/p>\n<p>1.- BASES PSICOL\u00d3GICAS<\/p>\n<p>1.1.- Cerebro emocional<\/p>\n<p>1.2.- Cerebro racional<\/p>\n<p>1.3.- Cerebro masculino y femenino<\/p>\n<p>1.4.- Instinto vs. Sentido: Placer, emociones, sentimientos, conciencia, eje moral y libertad<\/p>\n<p>1.5.- La demora en la gratificaci\u00f3n y la espera<\/p>\n<p>2.- BASES ESPIRITUALES<\/p>\n<p>2.1.- El Proyecto existencial<\/p>\n<p>2.2.- Afectividad, Amistad y Amor verdadero<\/p>\n<p>2.3.- Pudor, intimidad, espera, dignidad<\/p>\n<p>2.4.- Donaci\u00f3n y Transmisi\u00f3n de la Vida<\/p>\n<p>3.- CONSTRUCCI\u00d3N DE LA CONDUCTA<\/p>\n<p>3.1.- Educaci\u00f3n en virtudes: Prudencia, Justicia, Fortaleza y Templanza<\/p>\n<p>3.2.- H\u00e1bitos saludables para el equilibrio: Orden, Ejercicio, Higiene, Ritmos, Ocio sano,\u00a0 Obediencia, Pudor, Soledad, Silencio\u2026<\/p>\n<p>3.3.- Prevenci\u00f3n de trastornos<\/p>\n<p>3.4.- Acompa\u00f1amiento en esta etapa<\/p>\n<\/div><\/div><\/div><\/section>\n<section class='av_toggle_section av-1ddl4t3-680f9f98337708c4cbad9a423713ceca'  itemscope=\"itemscope\" itemtype=\"https:\/\/schema.org\/CreativeWork\" ><div role=\"tablist\" class=\"single_toggle\" data-tags=\"{All} \"  ><p data-fake-id='#toggle-id-38' class='toggler   av-inherit-border-color'  itemprop=\"headline\"  role='tab' tabindex='0' aria-controls='toggle-id-38'><strong>Pedagogia de l'amor: xiquets forts i feli\u00e7os (v\u00eddeo en castell\u00e0)<\/strong><img src=\"https:\/\/www.fcapa-valencia.org\/wp-content\/uploads\/2023\/05\/loguito2.png\"  \/> <span class=\"toggle_icon\"><span class=\"vert_icon\"><\/span><span class=\"hor_icon\"><\/span><\/span><\/p><div id='toggle-id-38' class='toggle_wrap'  ><div class='toggle_content invers-color av-inherit-border-color'  itemprop=\"text\" ><p><em>Contingut <\/em><\/p>\n<ul>\n<li>La pedagogia de l'amor, \u00e9s la pedagogia del B\u00e9, buscar el b\u00e9 del xiquet, no sols el que demanda, la qual cosa vol, sin\u00f3 qu\u00e8 l'ajudar\u00e0 a cr\u00e9ixer, a ser lliure en un futur.<\/li>\n<li>L'amor en el sentit ampli, com un pont per a desenrotllar la Resili\u00e8ncia.<\/li>\n<li>Con\u00e9ixer els tipus apegue, perqu\u00e8 cada pare se situe i conega \u201cdes de fora\u201d quines respostes est\u00e0 oferint al seu fill i valorar si s\u00f3n les adequades o no.<\/li>\n<li>La missi\u00f3 dels pares, quin \u00e9s?, per a qu\u00e8?, la coneixem realment? estic exercint com a pare o com a amic?<\/li>\n<li>Pautes orientatives per a resituar l'educaci\u00f3 dels pares.<\/li>\n<\/ul>\n<div class='avia-iframe-wrap'><iframe loading=\"lazy\" title=\"Pedagog\u00eda del amor: Ni\u00f1os fuertes y felices\" width=\"1500\" height=\"844\" src=\"https:\/\/www.youtube.com\/embed\/FMLIxGnpJp4?feature=oembed\" frameborder=\"0\" allow=\"accelerometer; autoplay; clipboard-write; encrypted-media; gyroscope; picture-in-picture; web-share\" referrerpolicy=\"strict-origin-when-cross-origin\" allowfullscreen><\/iframe><\/div>\n<\/div><\/div><\/div><\/section>\n<section class='av_toggle_section av-1blmr07-7d8ecfbe00297fe0574a0d1ab212a135'  itemscope=\"itemscope\" itemtype=\"https:\/\/schema.org\/CreativeWork\" ><div role=\"tablist\" class=\"single_toggle\" data-tags=\"{All} \"  ><p data-fake-id='#toggle-id-39' class='toggler   av-inherit-border-color'  itemprop=\"headline\"  role='tab' tabindex='0' aria-controls='toggle-id-39'><strong>Por-no saber: Addicci\u00f3 a la pornografia<\/strong><span class=\"toggle_icon\"><span class=\"vert_icon\"><\/span><span class=\"hor_icon\"><\/span><\/span><\/p><div id='toggle-id-39' class='toggle_wrap'  ><div class='toggle_content invers-color av-inherit-border-color'  itemprop=\"text\" ><p><em>Contingut<\/em><em>:<\/em><\/p>\n<ul>\n<li>Hablamos con datos cient\u00edficamente validados (FAD), los riesgos, los porqu\u00e9s, una reflexi\u00f3n antropol\u00f3gica frente a un marco legal y ambiental, sobre la que consideramos la adicci\u00f3n m\u00e1s potente en la actualidad de unas consecuencias lamentables en el crecimiento de nuestros ni\u00f1os y adolescentes.<\/li>\n<\/ul>\n<\/div><\/div><\/div><\/section>\n<section class='av_toggle_section av-19okojr-94fec7e798961a4889371c8eb91ae6b5'  itemscope=\"itemscope\" itemtype=\"https:\/\/schema.org\/CreativeWork\" ><div role=\"tablist\" class=\"single_toggle\" data-tags=\"{All} \"  ><p data-fake-id='#toggle-id-40' class='toggler   av-inherit-border-color'  itemprop=\"headline\"  role='tab' tabindex='0' aria-controls='toggle-id-40'><strong>Tiempo se escribe contigo<\/strong><img src=\"https:\/\/www.fcapa-valencia.org\/wp-content\/uploads\/2023\/05\/loguito2.png\"  \/> <span class=\"toggle_icon\"><span class=\"vert_icon\"><\/span><span class=\"hor_icon\"><\/span><\/span><\/p><div id='toggle-id-40' class='toggle_wrap'  ><div class='toggle_content invers-color av-inherit-border-color'  itemprop=\"text\" ><p><em>Contingut<\/em><\/p>\n<ol>\n<li>Cambia la mirada: aqu\u00ed y ahora. Ama tu biograf\u00eda.<\/li>\n<li>Pararnos y agradecer.<\/li>\n<li>Tiempo = Vida.<\/li>\n<li>Tiempo de calidad VS Tiempo de cantidad.<\/li>\n<li>Ordo amoris.<\/li>\n<li>Intimidad e identidad familiar.<\/li>\n<li>La espontaneidad est\u00e1 sobrevalorada.<\/li>\n<li>\u00a1\u00a1Agenda!!<\/li>\n<li>Ladrones del tiempo: El coraz\u00f3n con doble cerrojo.<\/li>\n<li>Crisis de los 40, 50&#8230;<\/li>\n<li>Conclusi\u00f3n.<\/li>\n<\/ol>\n<div class='avia-iframe-wrap'><iframe loading=\"lazy\" title=\"Tiempo se escribe contigo\" width=\"1500\" height=\"844\" src=\"https:\/\/www.youtube.com\/embed\/Au_yBim_Frk?feature=oembed\" frameborder=\"0\" allow=\"accelerometer; autoplay; clipboard-write; encrypted-media; gyroscope; picture-in-picture; web-share\" referrerpolicy=\"strict-origin-when-cross-origin\" allowfullscreen><\/iframe><\/div>\n<\/div><\/div><\/div><\/section>\n<\/div><br \/>\n\n<style type=\"text\/css\" data-created_by=\"avia_inline_auto\" id=\"style-css-av-17iym4n-5901fdfaffab214c3053856062500fbb\">\n#top .hr.hr-invisible.av-17iym4n-5901fdfaffab214c3053856062500fbb{\nheight:25px;\n}\n<\/style>\n<div  class='hr av-17iym4n-5901fdfaffab214c3053856062500fbb hr-invisible  avia-builder-el-29  el_after_av_toggle_container  el_before_av_heading'><span class='hr-inner'><span class=\"hr-inner-style\"><\/span><\/span><\/div><br \/>\n\n<style type=\"text\/css\" data-created_by=\"avia_inline_auto\" id=\"style-css-av-16koh47-6ccbd1053027aacdf4362ec6e96ede24\">\n#top .av-special-heading.av-16koh47-6ccbd1053027aacdf4362ec6e96ede24{\npadding-bottom:10px;\n}\nbody .av-special-heading.av-16koh47-6ccbd1053027aacdf4362ec6e96ede24 .av-special-heading-tag .heading-char{\nfont-size:25px;\n}\n.av-special-heading.av-16koh47-6ccbd1053027aacdf4362ec6e96ede24 .av-subheading{\nfont-size:15px;\n}\n<\/style>\n<div  class='av-special-heading av-16koh47-6ccbd1053027aacdf4362ec6e96ede24 av-special-heading-h4 blockquote modern-quote  avia-builder-el-30  el_after_av_hr  el_before_av_toggle_container'><h4 class='av-special-heading-tag'  itemprop=\"headline\"  >Prevenci\u00f3 i detecci\u00f3 de l'Ab\u00fas Sexual Infantil:<\/h4><div class=\"special-heading-border\"><div class=\"special-heading-inner-border\"><\/div><\/div><\/div><br \/>\n\n<style type=\"text\/css\" data-created_by=\"avia_inline_auto\" id=\"style-css-av-15anvrr-b24b7cd92bf2cdd879dedc7c7554778c\">\n#top .togglecontainer.av-15anvrr-b24b7cd92bf2cdd879dedc7c7554778c p.toggler{\ncolor:#898989;\nbackground-color:#ffffff;\nborder-color:#ffffff;\n}\n#top .togglecontainer.av-15anvrr-b24b7cd92bf2cdd879dedc7c7554778c p.toggler .toggle_icon{\ncolor:#ffffff;\nborder-color:#ffffff;\n}\n#top .togglecontainer.av-15anvrr-b24b7cd92bf2cdd879dedc7c7554778c p.toggler .toggle_icon > span{\ncolor:#ffffff;\nborder-color:#ffffff;\n}\n#top .togglecontainer.av-15anvrr-b24b7cd92bf2cdd879dedc7c7554778c .toggle_wrap .toggle_content{\ncolor:#898989;\nbackground-color:#ffffff;\nborder-color:#ffffff;\n}\n<\/style>\n<div  class='togglecontainer av-15anvrr-b24b7cd92bf2cdd879dedc7c7554778c  avia-builder-el-31  el_after_av_heading  avia-builder-el-last  toggle_close_all' >\n<section class='av_toggle_section av-3tukhz-aa5a06e15fb8acadd6bfef0cb36fc351'  itemscope=\"itemscope\" itemtype=\"https:\/\/schema.org\/CreativeWork\" ><div role=\"tablist\" class=\"single_toggle\" data-tags=\"{All} \"  ><p data-fake-id='#toggle-id-41' class='toggler   av-inherit-border-color'  itemprop=\"headline\"  role='tab' tabindex='0' aria-controls='toggle-id-41'><strong>L'Ab\u00fas Sexual Infantil en l'actualitat<\/strong><span class=\"toggle_icon\"><span class=\"vert_icon\"><\/span><span class=\"hor_icon\"><\/span><\/span><\/p><div id='toggle-id-41' class='toggle_wrap'  ><div class='toggle_content invers-color av-inherit-border-color'  itemprop=\"text\" ><ul>\n<li>Definici\u00f3 d'ASI.<\/li>\n<li>Tipus d'abusos i maltractaments.<\/li>\n<li>Falses creences.<\/li>\n<\/ul>\n<\/div><\/div><\/div><\/section>\n<section class='av_toggle_section av-11p4dyv-c73ac86d326ac37a82507bd8902d2559'  itemscope=\"itemscope\" itemtype=\"https:\/\/schema.org\/CreativeWork\" ><div role=\"tablist\" class=\"single_toggle\" data-tags=\"{All} \"  ><p data-fake-id='#toggle-id-42' class='toggler   av-inherit-border-color'  itemprop=\"headline\"  role='tab' tabindex='0' aria-controls='toggle-id-42'><strong>Ferramentes per a previndre l'Ab\u00fas Sexual Infantil<\/strong><span class=\"toggle_icon\"><span class=\"vert_icon\"><\/span><span class=\"hor_icon\"><\/span><\/span><\/p><div id='toggle-id-42' class='toggle_wrap'  ><div class='toggle_content invers-color av-inherit-border-color'  itemprop=\"text\" ><ul>\n<li>Qu\u00e8 \u00e9s la prevenci\u00f3?<\/li>\n<li>Ferramentes per a la prevenci\u00f3.<\/li>\n<li>L'ab\u00fas sexual infantil a trav\u00e9s de les noves tecnologies.<\/li>\n<li>Com parlar amb els xiquets.<\/li>\n<\/ul>\n<\/div><\/div><\/div><\/section>\n<section class='av_toggle_section av-z82dav-36a22f971badf30b33ab02c829c4f364'  itemscope=\"itemscope\" itemtype=\"https:\/\/schema.org\/CreativeWork\" ><div role=\"tablist\" class=\"single_toggle\" data-tags=\"{All} \"  ><p data-fake-id='#toggle-id-43' class='toggler   av-inherit-border-color'  itemprop=\"headline\"  role='tab' tabindex='0' aria-controls='toggle-id-43'><strong>Impacte psicol\u00f2gic de l'Ab\u00fas Sexual Infantil<\/strong><span class=\"toggle_icon\"><span class=\"vert_icon\"><\/span><span class=\"hor_icon\"><\/span><\/span><\/p><div id='toggle-id-43' class='toggle_wrap'  ><div class='toggle_content invers-color av-inherit-border-color'  itemprop=\"text\" ><ul>\n<li>L'ab\u00fas en xiquets menors de sis anys.<\/li>\n<li>L'ab\u00fas en xiquets de sis a onze anys.<\/li>\n<li>L'ab\u00fas en xiquets de dotze a catorze anys.<\/li>\n<li>Seq\u00fceles a curt i llarg termini en v\u00edctimes d'ab\u00fas sexual.<\/li>\n<li>Com ho gestione com a pare o mare.<\/li>\n<\/ul>\n<\/div><\/div><\/div><\/section>\n<\/div><\/p><\/div><div  class='flex_column av-3g8tbr-f66aa59e880eeb33968827233ed69316 av_one_fourth  avia-builder-el-32  el_after_av_one_half  el_before_av_one_fourth  flex_column_div  column-top-margin'     ><\/div><div  class='flex_column av-wl75rr-0241cfdb1421160cc0d92a41f2038d89 av_one_fourth  avia-builder-el-33  el_after_av_one_fourth  el_before_av_one_half  first flex_column_div  column-top-margin'     ><\/div><div  class='flex_column av-uzqm6f-ceb892ce0e7bc444e180ed41b437474a av_one_half  avia-builder-el-34  el_after_av_one_fourth  el_before_av_one_fourth  flex_column_div av-animated-generic bottom-to-top  column-top-margin'     ><p>\n<style type=\"text\/css\" data-created_by=\"avia_inline_auto\" id=\"style-css-av-sesunb-204f042ed4ef0330076fa3d9cf730f50\">\n#top .av-special-heading.av-sesunb-204f042ed4ef0330076fa3d9cf730f50{\npadding-bottom:10px;\n}\nbody .av-special-heading.av-sesunb-204f042ed4ef0330076fa3d9cf730f50 .av-special-heading-tag .heading-char{\nfont-size:25px;\n}\n.av-special-heading.av-sesunb-204f042ed4ef0330076fa3d9cf730f50 .av-subheading{\nfont-size:15px;\n}\n<\/style>\n<div  class='av-special-heading av-sesunb-204f042ed4ef0330076fa3d9cf730f50 av-special-heading-h3 blockquote modern-quote modern-centered  avia-builder-el-35  el_before_av_toggle_container  avia-builder-el-first'><h3 class='av-special-heading-tag'  itemprop=\"headline\"  >FORMACI\u00d3 DE CONSELLERS I JUNTES DIRECTIVES<\/h3><div class=\"special-heading-border\"><div class=\"special-heading-inner-border\"><\/div><\/div><\/div><br \/>\n\n<style type=\"text\/css\" data-created_by=\"avia_inline_auto\" id=\"style-css-av-2oxviv-af108863fbce2fe5017fe78eca2c5441\">\n#top .togglecontainer.av-2oxviv-af108863fbce2fe5017fe78eca2c5441 p.toggler{\ncolor:#898989;\nbackground-color:#ffffff;\nborder-color:#ffffff;\n}\n#top .togglecontainer.av-2oxviv-af108863fbce2fe5017fe78eca2c5441 p.toggler .toggle_icon{\ncolor:#ffffff;\nborder-color:#ffffff;\n}\n#top .togglecontainer.av-2oxviv-af108863fbce2fe5017fe78eca2c5441 p.toggler .toggle_icon > span{\ncolor:#ffffff;\nborder-color:#ffffff;\n}\n#top .togglecontainer.av-2oxviv-af108863fbce2fe5017fe78eca2c5441 .toggle_wrap .toggle_content{\ncolor:#898989;\nbackground-color:#ffffff;\nborder-color:#ffffff;\n}\n<\/style>\n<div  class='togglecontainer av-2oxviv-af108863fbce2fe5017fe78eca2c5441  avia-builder-el-36  el_after_av_heading  avia-builder-el-last  toggle_close_all' >\n<section class='av_toggle_section av-p726nb-ef0b85209c77191618c18c02bcdfba12'  itemscope=\"itemscope\" itemtype=\"https:\/\/schema.org\/CreativeWork\" ><div role=\"tablist\" class=\"single_toggle\" data-tags=\"{All} \"  ><p data-fake-id='#toggle-id-44' class='toggler   av-inherit-border-color'  itemprop=\"headline\"  role='tab' tabindex='0' aria-controls='toggle-id-44'><strong>Legislaci\u00f3 associativa (v\u00eddeo en castell\u00e0)<\/strong><img src=\"https:\/\/www.fcapa-valencia.org\/wp-content\/uploads\/2023\/05\/loguito2.png\"  \/> <span class=\"toggle_icon\"><span class=\"vert_icon\"><\/span><span class=\"hor_icon\"><\/span><\/span><\/p><div id='toggle-id-44' class='toggle_wrap'  ><div class='toggle_content invers-color av-inherit-border-color'  itemprop=\"text\" ><p><em>Contingut<\/em><\/p>\n<ol>\n<li>\u00c0mbit estatal<\/li>\n<li>\u00c0mbit auton\u00f2mic<\/li>\n<li>Reglament intern<\/li>\n<li>Estatuts associatius<\/li>\n<\/ol>\n<div class='avia-iframe-wrap'><iframe loading=\"lazy\" title=\"Formaci\u00f3n de Consejeros y Juntas Directivas\" width=\"1500\" height=\"844\" src=\"https:\/\/www.youtube.com\/embed\/vPVmoCxitbQ?feature=oembed\" frameborder=\"0\" allow=\"accelerometer; autoplay; clipboard-write; encrypted-media; gyroscope; picture-in-picture; web-share\" referrerpolicy=\"strict-origin-when-cross-origin\" allowfullscreen><\/iframe><\/div>\n<\/div><\/div><\/div><\/section>\n<section class='av_toggle_section av-oo5vwn-6a8bcef62d129be21fbf9abefa4db610'  itemscope=\"itemscope\" itemtype=\"https:\/\/schema.org\/CreativeWork\" ><div role=\"tablist\" class=\"single_toggle\" data-tags=\"{All} \"  ><p data-fake-id='#toggle-id-45' class='toggler   av-inherit-border-color'  itemprop=\"headline\"  role='tab' tabindex='0' aria-controls='toggle-id-45'><strong>Legislaci\u00f3 en mat\u00e8ria de protecci\u00f3 de dades (v\u00eddeo en castell\u00e0)<\/strong><img src=\"https:\/\/www.fcapa-valencia.org\/wp-content\/uploads\/2023\/05\/loguito2.png\"  \/> <span class=\"toggle_icon\"><span class=\"vert_icon\"><\/span><span class=\"hor_icon\"><\/span><\/span><\/p><div id='toggle-id-45' class='toggle_wrap'  ><div class='toggle_content invers-color av-inherit-border-color'  itemprop=\"text\" ><p><em>Contingut<\/em><\/p>\n<ol>\n<li>Marc legal.<\/li>\n<li>Peculiaritats de les associacions.<\/li>\n<li>Drets i deures.<\/li>\n<li>Protocol de seguretat<\/li>\n<\/ol>\n<div class='avia-iframe-wrap'><iframe loading=\"lazy\" title=\"Formaci\u00f3n de Consejeros y Juntas Directivas\" width=\"1500\" height=\"844\" src=\"https:\/\/www.youtube.com\/embed\/vPVmoCxitbQ?feature=oembed\" frameborder=\"0\" allow=\"accelerometer; autoplay; clipboard-write; encrypted-media; gyroscope; picture-in-picture; web-share\" referrerpolicy=\"strict-origin-when-cross-origin\" allowfullscreen><\/iframe><\/div>\n<\/div><\/div><\/div><\/section>\n<section class='av_toggle_section av-266pyv-841a5d0eecdf8251fbdbbf88eb74bb84'  itemscope=\"itemscope\" itemtype=\"https:\/\/schema.org\/CreativeWork\" ><div role=\"tablist\" class=\"single_toggle\" data-tags=\"{All} \"  ><p data-fake-id='#toggle-id-46' class='toggler   av-inherit-border-color'  itemprop=\"headline\"  role='tab' tabindex='0' aria-controls='toggle-id-46'><strong>Obligacions comptables i tributives (v\u00eddeo en castell\u00e0)<\/strong><img src=\"https:\/\/www.fcapa-valencia.org\/wp-content\/uploads\/2023\/05\/loguito2.png\"  \/> <span class=\"toggle_icon\"><span class=\"vert_icon\"><\/span><span class=\"hor_icon\"><\/span><\/span><\/p><div id='toggle-id-46' class='toggle_wrap'  ><div class='toggle_content invers-color av-inherit-border-color'  itemprop=\"text\" ><p><em>Contingut<\/em><\/p>\n<ol>\n<li>Normativa comptable associativa.<\/li>\n<li>Comptes anuals.<\/li>\n<li>Normativa tribut\u00e0ria associativa.<\/li>\n<li>Subjecci\u00f3 i exempci\u00f3.<\/li>\n<li>Declaraci\u00f3 informativa<\/li>\n<\/ol>\n<div class='avia-iframe-wrap'><iframe loading=\"lazy\" title=\"Formaci\u00f3n de Consejeros y Juntas Directivas\" width=\"1500\" height=\"844\" src=\"https:\/\/www.youtube.com\/embed\/vPVmoCxitbQ?feature=oembed\" frameborder=\"0\" allow=\"accelerometer; autoplay; clipboard-write; encrypted-media; gyroscope; picture-in-picture; web-share\" referrerpolicy=\"strict-origin-when-cross-origin\" allowfullscreen><\/iframe><\/div>\n<\/div><\/div><\/div><\/section>\n<section class='av_toggle_section av-kerrlz-4fd71ea828c71c35cbbbafd2ae479c8a'  itemscope=\"itemscope\" itemtype=\"https:\/\/schema.org\/CreativeWork\" ><div role=\"tablist\" class=\"single_toggle\" data-tags=\"{All} \"  ><p data-fake-id='#toggle-id-47' class='toggler   av-inherit-border-color'  itemprop=\"headline\"  role='tab' tabindex='0' aria-controls='toggle-id-47'><strong>Obligacions documentals i funcionament intern (v\u00eddeo en castell\u00e0)<\/strong><img src=\"https:\/\/www.fcapa-valencia.org\/wp-content\/uploads\/2023\/05\/loguito2.png\"  \/> <span class=\"toggle_icon\"><span class=\"vert_icon\"><\/span><span class=\"hor_icon\"><\/span><\/span><\/p><div id='toggle-id-47' class='toggle_wrap'  ><div class='toggle_content invers-color av-inherit-border-color'  itemprop=\"text\" ><p><em>Contingut<\/em><\/p>\n<ol>\n<li>Llibres de gesti\u00f3 obligat\u00f2ria<\/li>\n<li>Responsabilitat civil<\/li>\n<li>Gesti\u00f3 i cust\u00f2dia<\/li>\n<li>Conseq\u00fc\u00e8ncies i efectes<\/li>\n<li>Models i formularis associatius<\/li>\n<\/ol>\n<div class='avia-iframe-wrap'><iframe loading=\"lazy\" title=\"Formaci\u00f3n de Consejeros y Juntas Directivas\" width=\"1500\" height=\"844\" src=\"https:\/\/www.youtube.com\/embed\/vPVmoCxitbQ?feature=oembed\" frameborder=\"0\" allow=\"accelerometer; autoplay; clipboard-write; encrypted-media; gyroscope; picture-in-picture; web-share\" referrerpolicy=\"strict-origin-when-cross-origin\" allowfullscreen><\/iframe><\/div>\n<\/div><\/div><\/div><\/section>\n<section class='av_toggle_section av-ifejbr-6f8047823d754156743c888453ae5653'  itemscope=\"itemscope\" itemtype=\"https:\/\/schema.org\/CreativeWork\" ><div role=\"tablist\" class=\"single_toggle\" data-tags=\"{All} \"  ><p data-fake-id='#toggle-id-48' class='toggler   av-inherit-border-color'  itemprop=\"headline\"  role='tab' tabindex='0' aria-controls='toggle-id-48'><strong>Participaci\u00f3 en els \u00f2rgans col\u00b7legiats del centre (v\u00eddeo en castell\u00e0)<\/strong><img src=\"https:\/\/www.fcapa-valencia.org\/wp-content\/uploads\/2023\/05\/loguito2.png\"  \/> <span class=\"toggle_icon\"><span class=\"vert_icon\"><\/span><span class=\"hor_icon\"><\/span><\/span><\/p><div id='toggle-id-48' class='toggle_wrap'  ><div class='toggle_content invers-color av-inherit-border-color'  itemprop=\"text\" ><p><em>Contingut<\/em><\/p>\n<ol>\n<li>\u00c0mbit d'aplicaci\u00f3<\/li>\n<li>Drets i deures dels associats<\/li>\n<li>Disposicions legals<\/li>\n<li>Participaci\u00f3 en el centre educatiu<\/li>\n<\/ol>\n<div class='avia-iframe-wrap'><iframe loading=\"lazy\" title=\"Formaci\u00f3n de Consejeros y Juntas Directivas\" width=\"1500\" height=\"844\" src=\"https:\/\/www.youtube.com\/embed\/vPVmoCxitbQ?feature=oembed\" frameborder=\"0\" allow=\"accelerometer; autoplay; clipboard-write; encrypted-media; gyroscope; picture-in-picture; web-share\" referrerpolicy=\"strict-origin-when-cross-origin\" allowfullscreen><\/iframe><\/div>\n<\/div><\/div><\/div><\/section>\n<section class='av_toggle_section av-h1kc9z-92ddc85d3c69fd294085d9f7a3a23e4c'  itemscope=\"itemscope\" itemtype=\"https:\/\/schema.org\/CreativeWork\" ><div role=\"tablist\" class=\"single_toggle\" data-tags=\"{All} \"  ><p data-fake-id='#toggle-id-49' class='toggler   av-inherit-border-color'  itemprop=\"headline\"  role='tab' tabindex='0' aria-controls='toggle-id-49'><strong>R\u00e8gim jur\u00eddic (v\u00eddeo en castell\u00e0)<\/strong><img src=\"https:\/\/www.fcapa-valencia.org\/wp-content\/uploads\/2023\/05\/loguito2.png\"  \/> <span class=\"toggle_icon\"><span class=\"vert_icon\"><\/span><span class=\"hor_icon\"><\/span><\/span><\/p><div id='toggle-id-49' class='toggle_wrap'  ><div class='toggle_content invers-color av-inherit-border-color'  itemprop=\"text\" ><p><em>Contingut<\/em><\/p>\n<ol>\n<li>Llibertat d'associaci\u00f3 i capacitat<\/li>\n<li>Constituci\u00f3 de l'Associaci\u00f3<\/li>\n<li>\u00d2rgans rectors i responsabilitat<\/li>\n<li>Assemblea General<\/li>\n<li>\u00d2rgan de representaci\u00f3<\/li>\n<li>Contingut estatutari<\/li>\n<li>R\u00e8gim disciplinari<\/li>\n<\/ol>\n<div class='avia-iframe-wrap'><iframe loading=\"lazy\" title=\"Formaci\u00f3n de Consejeros y Juntas Directivas\" width=\"1500\" height=\"844\" src=\"https:\/\/www.youtube.com\/embed\/vPVmoCxitbQ?feature=oembed\" frameborder=\"0\" allow=\"accelerometer; autoplay; clipboard-write; encrypted-media; gyroscope; picture-in-picture; web-share\" referrerpolicy=\"strict-origin-when-cross-origin\" allowfullscreen><\/iframe><\/div>\n<\/div><\/div><\/div><\/section>\n<\/div><\/p><\/div><div  class='flex_column av-giropj-8f97ad0268c2735fc936e1dd0eebf4b8 av_one_fourth  avia-builder-el-37  el_after_av_one_half  avia-builder-el-last  flex_column_div  column-top-margin'     ><\/div>\n\n<\/div><\/div><\/main><!-- close content main element --><\/div><\/div><div id='contacto'  class='avia-section av-edbu1z-e6f0aadbdc6ed9f4694d65adb54c88c4 main_color avia-section-default avia-no-border-styling  avia-builder-el-38  el_after_av_section  el_before_av_one_fourth  avia-bg-style-scroll container_wrap fullsize'  ><div class='container av-section-cont-open' ><div class='template-page content  av-content-full alpha units'><div class='post-entry post-entry-type-page post-entry-3639'><div class='entry-content-wrapper clearfix'>\n\n<style type=\"text\/css\" data-created_by=\"avia_inline_auto\" id=\"style-css-av-c04pdz-589bb86a9891f120e95112a29c89cfbb\">\n#top .av-special-heading.av-c04pdz-589bb86a9891f120e95112a29c89cfbb{\npadding-bottom:10px;\n}\nbody .av-special-heading.av-c04pdz-589bb86a9891f120e95112a29c89cfbb .av-special-heading-tag .heading-char{\nfont-size:25px;\n}\n.av-special-heading.av-c04pdz-589bb86a9891f120e95112a29c89cfbb .av-subheading{\nfont-size:15px;\n}\n<\/style>\n<div  class='av-special-heading av-c04pdz-589bb86a9891f120e95112a29c89cfbb av-special-heading-h2 blockquote modern-quote modern-centered  avia-builder-el-39  el_before_av_hr  avia-builder-el-first'><h2 class='av-special-heading-tag'  itemprop=\"headline\"  >Contacte<\/h2><div class=\"special-heading-border\"><div class=\"special-heading-inner-border\"><\/div><\/div><\/div>\n\n<style type=\"text\/css\" data-created_by=\"avia_inline_auto\" id=\"style-css-av-a7cqrr-8e090dc4e508f8d5dbc5d60c661668d2\">\n#top .hr.av-a7cqrr-8e090dc4e508f8d5dbc5d60c661668d2{\nmargin-top:30px;\nmargin-bottom:30px;\n}\n.hr.av-a7cqrr-8e090dc4e508f8d5dbc5d60c661668d2 .hr-inner{\nwidth:50px;\nborder-color:#719430;\n}\n<\/style>\n<div  class='hr av-a7cqrr-8e090dc4e508f8d5dbc5d60c661668d2 hr-custom  avia-builder-el-40  el_after_av_heading  el_before_av_one_half  hr-center hr-icon-no'><span class='hr-inner inner-border-av-border-fat'><span class=\"hr-inner-style\"><\/span><\/span><\/div>\n<div  class='flex_column av-8yr5uf-340e3738243769acf47c77a5581a3f95 av_one_half  avia-builder-el-41  el_after_av_hr  el_before_av_one_half  first flex_column_div'     ><section  class='av_textblock_section av-7quvev-f4f30a52aeccc69a5f143625b981d0ca'   itemscope=\"itemscope\" itemtype=\"https:\/\/schema.org\/CreativeWork\" ><div class='avia_textblock'  itemprop=\"text\" ><p style=\"text-align: right;\">Podeu contactar amb nosaltres:<br \/>\n<a href=\"mailto:fcapa@fcapa-valencia.org\">fcapa@fcapa-valencia.org<\/a><br \/>\n<a href=\"tel:+34961057089\">96.105.70.89<\/a>.<\/p>\n<p style=\"text-align: right;\">C\/ Caballeros 29 &#8211; 2<\/p>\n<p style=\"text-align: right;\">46001 VALENCIA<\/p>\n<\/div><\/section><\/div><div  class='flex_column av-5rf2jb-78e9e984bae5a86b94453d8725a54cac av_one_half  avia-builder-el-43  el_after_av_one_half  avia-builder-el-last  flex_column_div'     ><section  class='av_textblock_section av-3n1l1z-f6fe05493b50059a2547e1cfcc2dc128'   itemscope=\"itemscope\" itemtype=\"https:\/\/schema.org\/CreativeWork\" ><div class='avia_textblock'  itemprop=\"text\" >\n<div class=\"wpcf7 no-js\" id=\"wpcf7-f1515-o1\" lang=\"es-ES\" dir=\"ltr\" data-wpcf7-id=\"1515\">\n<div class=\"screen-reader-response\"><p role=\"status\" aria-live=\"polite\" aria-atomic=\"true\"><\/p> <ul><\/ul><\/div>\n<form action=\"\/ca\/wp-json\/wp\/v2\/pages\/3639#wpcf7-f1515-o1\" method=\"post\" class=\"wpcf7-form init\" aria-label=\"Formulario de contacto\" novalidate=\"novalidate\" data-status=\"init\" data-trp-original-action=\"\/ca\/wp-json\/wp\/v2\/pages\/3639#wpcf7-f1515-o1\">\n<fieldset class=\"hidden-fields-container\"><input type=\"hidden\" name=\"_wpcf7\" value=\"1515\" \/><input type=\"hidden\" name=\"_wpcf7_version\" value=\"6.1.4\" \/><input type=\"hidden\" name=\"_wpcf7_locale\" value=\"es_ES\" \/><input type=\"hidden\" name=\"_wpcf7_unit_tag\" value=\"wpcf7-f1515-o1\" \/><input type=\"hidden\" name=\"_wpcf7_container_post\" value=\"0\" \/><input type=\"hidden\" name=\"_wpcf7_posted_data_hash\" value=\"\" \/><input type=\"hidden\" name=\"_wpcf7_recaptcha_response\" value=\"\" \/>\n<\/fieldset>\n<p><label> El teu nom (requerit)<br \/>\n<span class=\"wpcf7-form-control-wrap\" data-name=\"your-name\"><input size=\"40\" maxlength=\"400\" class=\"wpcf7-form-control wpcf7-text wpcf7-validates-as-required\" aria-required=\"true\" aria-invalid=\"false\" value=\"\" type=\"text\" name=\"your-name\" \/><\/span> <\/label>\n<\/p>\n<p><label> El teu correu electr\u00f2nic (requerit)<br \/>\n<span class=\"wpcf7-form-control-wrap\" data-name=\"your-email\"><input size=\"40\" maxlength=\"400\" class=\"wpcf7-form-control wpcf7-email wpcf7-validates-as-required wpcf7-text wpcf7-validates-as-email\" aria-required=\"true\" aria-invalid=\"false\" value=\"\" type=\"email\" name=\"your-email\" \/><\/span> <\/label>\n<\/p>\n<p><label> Assumpte<br \/>\n<span class=\"wpcf7-form-control-wrap\" data-name=\"your-subject\"><input size=\"40\" maxlength=\"400\" class=\"wpcf7-form-control wpcf7-text\" aria-invalid=\"false\" value=\"\" type=\"text\" name=\"your-subject\" \/><\/span> <\/label>\n<\/p>\n<p><label> El teu missatge<br \/>\n<span class=\"wpcf7-form-control-wrap\" data-name=\"your-message\"><textarea cols=\"40\" rows=\"10\" maxlength=\"2000\" class=\"wpcf7-form-control wpcf7-textarea\" aria-invalid=\"false\" name=\"your-message\"><\/textarea><\/span> <\/label>\n<\/p>\n<p><span class=\"wpcf7-form-control-wrap\" data-name=\"acceptance-559\"><span class=\"wpcf7-form-control wpcf7-acceptance\"><span class=\"wpcf7-list-item\"><label><input type=\"checkbox\" name=\"acceptance-559\" value=\"1\" aria-invalid=\"false\" \/><span class=\"wpcf7-list-item-label\">He llegit i ACCEPTE la Pol\u00edtica de Privacitat<\/span><\/label><\/span><\/span><\/span>\n<\/p>\n<p><input class=\"wpcf7-form-control wpcf7-submit has-spinner\" type=\"submit\" value=\"Enviar\" \/>\n<\/p><div class=\"wpcf7-response-output\" aria-hidden=\"true\"><\/div>\n<input type=\"hidden\" name=\"trp-form-language\" value=\"ca\"\/><\/form>\n<\/div>\n\n<\/div><\/section><\/div>\n<\/div><\/div><\/div><!-- close content main div --><\/div><\/div><div id='after_section_2'  class='main_color av_default_container_wrap container_wrap fullsize'  ><div class='container av-section-cont-open' ><div class='template-page content  av-content-full alpha units'><div class='post-entry post-entry-type-page post-entry-3639'><div class='entry-content-wrapper clearfix'>\n<div  class='flex_column av-2s99d3-9795544c0b669689e16775029f452752 av_one_fourth  avia-builder-el-45  el_after_av_section  avia-builder-el-no-sibling  first flex_column_div'     ><\/div>","protected":false},"excerpt":{"rendered":"","protected":false},"author":5,"featured_media":0,"parent":0,"menu_order":0,"comment_status":"closed","ping_status":"closed","template":"","meta":{"footnotes":""},"class_list":["post-3639","page","type-page","status-publish","hentry"],"_links":{"self":[{"href":"https:\/\/www.fcapa-valencia.org\/ca\/wp-json\/wp\/v2\/pages\/3639","targetHints":{"allow":["GET"]}}],"collection":[{"href":"https:\/\/www.fcapa-valencia.org\/ca\/wp-json\/wp\/v2\/pages"}],"about":[{"href":"https:\/\/www.fcapa-valencia.org\/ca\/wp-json\/wp\/v2\/types\/page"}],"author":[{"embeddable":true,"href":"https:\/\/www.fcapa-valencia.org\/ca\/wp-json\/wp\/v2\/users\/5"}],"replies":[{"embeddable":true,"href":"https:\/\/www.fcapa-valencia.org\/ca\/wp-json\/wp\/v2\/comments?post=3639"}],"version-history":[{"count":4,"href":"https:\/\/www.fcapa-valencia.org\/ca\/wp-json\/wp\/v2\/pages\/3639\/revisions"}],"predecessor-version":[{"id":19823,"href":"https:\/\/www.fcapa-valencia.org\/ca\/wp-json\/wp\/v2\/pages\/3639\/revisions\/19823"}],"wp:attachment":[{"href":"https:\/\/www.fcapa-valencia.org\/ca\/wp-json\/wp\/v2\/media?parent=3639"}],"curies":[{"name":"wp","href":"https:\/\/api.w.org\/{rel}","templated":true}]}}